{"id":1155,"date":"2018-08-30T17:46:19","date_gmt":"2018-08-30T20:46:19","guid":{"rendered":"https:\/\/isfd808-chu.infd.edu.ar\/sitio\/biblioteca-virtual-del-isfd-808\/"},"modified":"2024-11-14T17:59:30","modified_gmt":"2024-11-14T20:59:30","slug":"biblioteca-virtual-del-isfd-808","status":"publish","type":"page","link":"https:\/\/isfd808-chu.infd.edu.ar\/sitio\/biblioteca-virtual-del-isfd-808\/","title":{"rendered":"BIBLIOTECA VIRTUAL del ISFD 808"},"content":{"rendered":"<p><span style=\"font-size: 14pt; color: #008000;\">La Biblioteca Virtual del ISFD N\u00b0 808 se puede consultar libremente sin ser usuario de esta plataforma.<br \/>\nContamos con muchos recursos para la actividad docente.<\/span><\/p>\n<p style=\"font-size: 18pt; text-align: center;\"><strong>Horario: lunes a viernes de 15,00 a 21,00 hs.<\/strong><\/p>\n<div style=\"height: 100%; padding: 20px; background-image: url('https:\/\/www.wallpapertip.com\/wmimgs\/7-75126_fundo-poligonal-em-tons-de-amarelo-e-laranja.jpg'); background-size: cover; background-repeat: no-repeat; background-position: center center; border-radius: 5px; font-family: Arial, Verdana, sans-serif; color: #000000; font-size: 1.1em; margin-left: 25px; margin-right: 25px; text-align: center; border: 1px solid #000;\"><span style=\"font-size: 18pt;\"><strong><a href=\"https:\/\/isfd808-chu.infd.edu.ar\/aula\/alogin.cgi?ID=25\">Acceso a la Biblioteca Virtual<\/a><\/strong><\/span><\/div>\n<div><\/div>\n<div>&nbsp;<\/div>\n<p>Todas las novedades en <b>Instagram<\/b> <a href=\"https:\/\/www.instagram.com\/bibliotecachechacomes\/?hl=es-la\"><strong>bibliotecachechacomes<\/strong><\/a> y en <b>facebook<\/b> <a href=\"https:\/\/www.facebook.com\/bibliotecaisfd808\/\"><strong>Biblioteca808 Checha Comes<\/strong><\/a><\/p>\n<div><\/div>\n<div style=\"width: 90%; padding: 20px; background-image: url('https:\/\/cdn.pixabay.com\/photo\/2014\/10\/04\/17\/55\/background-473805_1280.jpg'); background-size: cover; background-repeat: no-repeat; background-position: center center; border-radius: 5px; font-family: Arial, Verdana, sans-serif; color: #000000; font-size: 1.1em; margin-left: 25px; margin-right: 25px; text-align: left; border: 1px solid #000;\">\n<div style=\"width: 90%; padding: 20px; background-image: url('https:\/\/cdn.pixabay.com\/photo\/2016\/04\/27\/13\/31\/background-1356642_1280.png'); background-size: cover; background-repeat: no-repeat; background-position: center center;  border-radius: 5px; font-family: Arial, Verdana, sans-serif; color: #000000; font-size: 1em; margin-left: 25px; margin-right: 25px; text-align: left; border: 1px solid #993300;\"><center><img decoding=\"async\" class=\"alignnone wp-image-5139 size-full\" src=\"https:\/\/isfd808-chu.infd.edu.ar\/sitio\/wp-content\/uploads\/2024\/10\/20241028_195709.jpg\" alt=\"\" width=\"777\"><\/center><\/p>\n<p style=\"font-size: 1.3em; text-align: center; text-shadow: 2px 0 #fff, -2px 0 #fff, 0 2px #fff, 0 -2px #fff, 1px 1px #fff, -1px -1px #fff, 1px -1px #fff, -1px 1px #fff;\"><a href=\"https:\/\/photos.app.goo.gl\/q61GwnJCoSoDz3iU7\" target=\"_blank\" rel=\"noopener\"><b>Nuevo espacio \u201cPoes\u00eda Azulejeada\u201d, en el marco de los 65 a\u00f1os del ISFD N\u00b0 808<\/b><\/a><\/p>\n<p>En el marco de los 65 a\u00f1os del ISFD N\u00b0 808, la <b><i>Biblioteca Checha Comes<\/i><\/b> inaugur\u00f3 el espacio <b>\u201cPoes\u00eda Azulejeada\u201d<\/b>, proyecto innovador que combina la belleza de la poes\u00eda con el arte cer\u00e1mico, que llevan adelante <b>Sergio Pravaz<\/b> y <b>Ariel Testino<\/b>, combinando as\u00ed la escritura po\u00e9tica con la creaci\u00f3n visual, utilizando azulejos como soporte.<br \/>\nAcompa\u00f1aron este momento con su m\u00fasica, los <b><i>docentes<\/i> Juan Barrena y Luciano Palacios<\/b>, del eIenco de guitarras del <b><i>Instituto Superior de Formaci\u00f3n Docente Art\u00edstica N\u00b0805<\/i><\/b>.<\/p>\n<p style=\"font-size: 0.9em; text-align: right; font-weight: bold; font-style: oblique;\">28 de octubre 2024<\/p>\n<\/div>\n<p><b><b>&nbsp;<\/b><\/b><\/p>\n<div style=\"width: 90%; padding: 20px; background-image: url('https:\/\/i.pinimg.com\/564x\/99\/7f\/99\/997f996dada153f8cc8e4ea460156566.jpg'); background-size: cover; background-repeat: no-repeat; background-position: center center;  border-radius: 5px; font-family: Arial, Verdana, sans-serif; color: #000000; font-size: 1em; margin-left: 25px; margin-right: 25px; text-align: left; border: 1px solid #993300;\"><center><img decoding=\"async\" class=\"alignnone wp-image-5139 size-full\" src=\"https:\/\/isfd808-chu.infd.edu.ar\/sitio\/wp-content\/uploads\/2024\/10\/Feria-AMBIENTAL-1.jpg\" alt=\"\" width=\"777\"><\/center><\/p>\n<p style=\"font-size: 1.3em; text-align: center; text-shadow: 2px 0 #fff, -2px 0 #fff, 0 2px #fff, 0 -2px #fff, 1px 1px #fff, -1px -1px #fff, 1px -1px #fff, -1px 1px #fff;\"><a href=\"https:\/\/photos.app.goo.gl\/8ZogWqNZJ3jQPFDs8\" target=\"_blank\" rel=\"noopener\"><b>Primera Jornada de \u201cTERTULIAS AMBIENTALES\u201d<\/b><\/a><\/p>\n<p>En el marco de la educaci\u00f3n ambiental integral, queremos compartirles que estuvimos la <b><i>Primera Jornada de<\/i> \u201cTERTULIAS AMBIENTALES\u201d<\/b> en donde tambi\u00e9n se llev\u00f3 a cabo la <b>\u201cFeria Ambiental y cultural\u201d<\/b> en <b><i>EPJA N\u00b0763<\/i><\/b>. En la cual disfrutamos de m\u00fasica en vivo, present\u00e1ndose \u201cLos tres Chiflados (759)\u201d y donde nuestra <b><i>Biblioteca<\/i> \u201cChecha Comes\u201d<\/b> realiz\u00f3 muestras de materiales y juegos varios.<\/p>\n<p style=\"font-size: 0.9em; text-align: right; font-weight: bold; font-style: oblique;\">25 de octubre 2024<\/p>\n<\/div>\n<p><b><b>&nbsp;<\/b><\/b><\/p>\n<div style=\"width: 90%; padding: 20px; background-image: url('https:\/\/i.pinimg.com\/564x\/71\/f4\/d0\/71f4d0be12623fcad75409609bc9d246.jpg'); background-size: cover; background-repeat: no-repeat; background-position: center center; border-radius: 5px; font-family: Arial, Verdana, sans-serif; color: #000000; font-size: 1em; margin-left: 25px; margin-right: 25px; text-align: left; border: 1px solid #993300;\"><center><img decoding=\"async\" class=\"alignnone wp-image-5139 size-full\" src=\"https:\/\/isfd808-chu.infd.edu.ar\/sitio\/wp-content\/uploads\/2024\/10\/20240927_181219.jpg\" alt=\"\" width=\"777\"><\/center><\/p>\n<p style=\"font-size: 1.3em; text-align: center; text-shadow: 2px 0 #fff, -2px 0 #fff, 0 2px #fff, 0 -2px #fff, 1px 1px #fff, -1px -1px #fff, 1px -1px #fff, -1px 1px #fff;\"><a href=\"https:\/\/photos.app.goo.gl\/oFL4vJ1ZWuagAmxF7\" target=\"_blank\" rel=\"noopener\"><b>Presentaci\u00f3n del libro \u00abJuguemos en el Bosque\u201d<\/b><\/a><\/p>\n<p>En las instalaciones del Complejo Educativo 747 se llev\u00f3 a cabo la presentaci\u00f3n del <b>libro \u00abJuguemos en el Bosque\u00bb<\/b>, una obra que invita a explorar el mundo de la imaginaci\u00f3n, los cuentos infantiles y el contacto con la naturaleza.<\/p>\n<p>El evento reuni\u00f3 a docentes, estudiantes, y entusiastas de la literatura infantil que disfrutaron de una c\u00e1lida jornada literaria; en las que las <i><b>autoras<\/b><\/i> presentes <b>Margarita Borsella, Stella Maris Dodd, Cecilia Glanzmann y Graciela Fern\u00e1ndez Coronel<\/b>, compartieron el proceso creativo detr\u00e1s de su obra, destacando la importancia de fomentar la lectura desde una edad temprana.<br \/>\nGracias a la moderada del evento <b><i>Locutora Nacional<\/i> Elena Gonz\u00e1lez<\/b>. Esta presentaci\u00f3n fue todo un \u00e9xito, brindando a todos los asistentes una oportunidad \u00fanica de acercarse a la magia de los cuentos infantiles y animarse a escribir.<\/p>\n<p><b><i>Bibliotecarias<\/i> Lorena \u00c1lvarez y Liliana Mu\u00f1oz<\/b><\/p>\n<p style=\"font-size: 0.9em; text-align: right; font-weight: bold; font-style: oblique;\">27 de septiembre 2024<\/p>\n<\/div>\n<p><b><b>&nbsp;<\/b><\/b><\/p>\n<div style=\"width: 90%; padding: 20px; background: linear-gradient(to bottom, #B40404 10%,#8A0829 30%,#F5D75D 70%);  border-radius: 5px; font-family: Arial, Verdana, sans-serif; color: #000000; font-size: 1em; margin-left: 25px; margin-right: 25px; text-align: left; border: 1px solid #993300;\"><center><img decoding=\"async\" class=\"alignnone wp-image-5139 size-full\" src=\"https:\/\/isfd808-chu.infd.edu.ar\/sitio\/wp-content\/uploads\/2024\/09\/Voz-RECORTADA.jpg\" alt=\"\" width=\"777\"><\/center><\/p>\n<p style=\"font-size: 1.3em; text-align: center; text-shadow: 2px 0 #fff, -2px 0 #fff, 0 2px #fff, 0 -2px #fff, 1px 1px #fff, -1px -1px #fff, 1px -1px #fff, -1px 1px #fff;\"><a href=\"https:\/\/photos.app.goo.gl\/CEL2c4qXZ9XotbPu5\" target=\"_blank\" rel=\"noopener\"><b>Taller \u201cUso de la voz en el aula y del micr\u00f3fono en actos escolares\u201d<\/b><\/a><\/p>\n<p>Comenz\u00f3 el <b><i>primer encuentro del Taller<\/i> \u201cUso de la voz en el aula y del micr\u00f3fono en actos escolares\u201d<\/b> dictado por la <b><i>Profesora y Locutora Nacional<\/i> Elena del Valle Gonz\u00e1lez<\/b> organizado por la <b><i>Bibliotecaria<\/i> Liliana Mu\u00f1oz<\/b> a cargo de la <b>Biblioteca Checha Comes<\/b> del Instituto.<\/p>\n<p><i>El taller tiene el prop\u00f3sito de brindar las herramientas necesarias para un uso adecuado de la voz en la pr\u00e1ctica docente y sensibilizar sobre la importancia de la adquisici\u00f3n de h\u00e1bitos y conductas tendientes a mejorar la salud y calidad de la voz.<\/i><\/p>\n<p style=\"font-size: 0.9em; text-align: right; font-weight: bold; font-style: oblique;\">14 de septiembre 2024<\/p>\n<\/div>\n<p><b><b>&nbsp;<\/b><\/b><\/p>\n<div style=\"width: 90%; padding: 20px; background: linear-gradient(to bottom, #B40404 10%,#8A0829 30%,#F6CEF5 70%);   border-radius: 5px; font-family: Arial, Verdana, sans-serif; color: #000000; font-size: 1em; margin-left: 25px; margin-right: 25px; text-align: left; border: 1px solid #993300;\"><center><a href=\"https:\/\/photos.app.goo.gl\/LPsYYeQvqXwMf33k6\" target=\"_blank\" rel=\"noopener\"><img decoding=\"async\" class=\"alignnone wp-image-5139 size-full\" src=\"https:\/\/isfd808-chu.infd.edu.ar\/sitio\/wp-content\/uploads\/2024\/05\/Soave-RECORTADA.jpg\" alt=\"\" width=\"777\"><\/a><\/center><\/p>\n<p style=\"font-size: 1.3em; text-align: center; text-shadow: 2px 0 #fff, -2px 0 #fff, 0 2px #fff, 0 -2px #fff, 1px 1px #fff, -1px -1px #fff, 1px -1px #fff, -1px 1px #fff;\"><a href=\"https:\/\/photos.app.goo.gl\/LPsYYeQvqXwMf33k6\" target=\"_blank\" rel=\"noopener\"><b>Presentaci\u00f3n del libro de la escritora M\u00f3nica Soave<\/b><\/a><\/p>\n<p>La <b><i>escritora y novelista<\/i> M\u00f3nica Soave<\/b>, de la ciudad de Buenos Aires present\u00f3 su obra \u201c<b>No hablo con ella<\/b>\u201d; y cont\u00f3 con la moderaci\u00f3n de <b>Margarita Borsella<\/b>.<\/p>\n<p>Ha sido un verdadero placer compartir esta experiencia tan enriquecedora junto a los <b><i>estudiantes del Profesorado de Matem\u00e1tica<\/i><\/b> acompa\u00f1ados por la <b><i>profesora<\/i> Cecilia Zarraga<\/b> y <b><i>alumnos del Profesorado de Educaci\u00f3n Primaria del ISFD 808<\/i><\/b>.<\/p>\n<p style=\"font-size: 0.9em; text-align: right; font-weight: bold; font-style: oblique;\">14 mayo 2024<\/p>\n<\/div>\n<p><b><b>&nbsp;<\/b><\/b><\/p>\n<div style=\"width: 90%; padding: 20px; background-image: url('https:\/\/cdn.pixabay.com\/photo\/2016\/04\/27\/13\/31\/background-1356642_1280.png'); background-size: cover; background-repeat: no-repeat; background-position: center center; border-radius: 5px; font-family: Arial, Verdana, sans-serif; color: #000000; font-size: 1em; margin-left: 25px; margin-right: 25px; text-align: left; border: 1px solid #993300;\"><center><a href=\"https:\/\/photos.app.goo.gl\/fBMcxZU9GDuTpkDC6\" target=\"_blank\" rel=\"noopener\"><img decoding=\"async\" class=\"alignnone wp-image-5139 size-full\" src=\"https:\/\/isfd808-chu.infd.edu.ar\/sitio\/wp-content\/uploads\/2024\/04\/Biblio-INGRESANTES.jpg\" alt=\"\" width=\"777\"><\/a><\/center><\/p>\n<p style=\"font-size: 1.3em; text-align: center; text-shadow: 2px 0 #fff, -2px 0 #fff, 0 2px #fff, 0 -2px #fff, 1px 1px #fff, -1px -1px #fff, 1px -1px #fff, -1px 1px #fff;\"><a href=\"https:\/\/photos.app.goo.gl\/TrhnyUA7U73UvVSU8\" target=\"_blank\" rel=\"noopener\"><b>Talleres de Ingresantes &#8211; Biblioteca Checha Comes<\/b><\/a><\/p>\n<p>Los encuentros se llevaron a cabo en <b>EA Gaiman, Anexo 730 y sede Centro<\/b>.<br \/>\n<b><i>Tuvieron como eje principal visibilizar y recomendar los servicios que brinda la  biblioteca.<\/i><\/b><br \/>\nSe abordaron estrategias para orientar al lector individual y colectivo, haciendo hincapi\u00e9 en que la formaci\u00f3n de usuarios es un proceso constante para facilitar la tarea de b\u00fasqueda de la informaci\u00f3n.<br \/>\nSe  invit\u00f3 a los alumnos\/ingresantes a hacer uso de la biblioteca y sus recursos.<\/p>\n<p style=\"color: #2e2efe;\"><i>#Gaiman #Trelew #Chubut #marzo2024 <b><a href=\"https:\/\/www.facebook.com\/bibliotecaisfd808\" target=\"_blank\" rel=\"noopener\">#BibliotecaChechaComes<\/a><\/b><\/i><\/p>\n<p style=\"font-size: 0.9em; text-align: right; font-weight: bold; font-style: oblique;\">15 marzo 2024<\/p>\n<\/div>\n<p><b><b>&nbsp;<\/b><\/b><\/p>\n<div style=\"width: 90%; padding: 20px; background: linear-gradient(to bottom, #088A08 10%,#01DF01 55%,#F3F781 65%);  border-radius: 5px; font-family: Arial, Verdana, sans-serif; color: #000000; font-size: 1em; margin-left: 25px; margin-right: 25px; text-align: left; border: 1px solid #993300;\"><img decoding=\"async\" class=\"alignnone wp-image-5139 size-full\" src=\"https:\/\/isfd808-chu.infd.edu.ar\/sitio\/wp-content\/uploads\/2023\/11\/Perez.jpg\" alt=\"\" width=\"777\"><\/p>\n<p style=\"font-size: 1.3em; text-align: center; text-shadow: 2px 0 #fff, -2px 0 #fff, 0 2px #fff, 0 -2px #fff, 1px 1px #fff, -1px -1px #fff, 1px -1px #fff, -1px 1px #fff;\"><a href=\"https:\/\/www.facebook.com\/photo?fbid=813359530589991&amp;set=pcb.813359680589976\" target=\"_blank\" rel=\"noopener\"><b>Visita del Dr. GONZALO P\u00c9REZ \u00c1LVAREZ<\/b><\/a><\/p>\n<p>En el marco del <i><b>aniversario de Trelew<\/b><\/i> y de los <i><b>40 a\u00f1os de democracia<\/b><\/i>, se present\u00f3 en la <i><b>Biblioteca \u00abChecha Comes\u00bb<\/b><\/i> el <i><b>Dr.<\/b><\/i><b> Gonzalo P\u00e9rez \u00c1lvarez<\/b>.<br \/>\nGonzalo es investigador del CONICET y docente universitario. En su   exposici\u00f3n, relat\u00f3 su experiencia en relaci\u00f3n  a sus trabajos de escritura e  investigaci\u00f3n acad\u00e9mica.<\/p>\n<p style=\"font-size: 0.9em; text-align: right; font-weight: bold; font-style: oblique;\">30 octubre 2023<\/p>\n<\/div>\n<p><b><b>&nbsp;<\/b><\/b><\/p>\n<div style=\"width: 90%; padding: 20px; background-image: url('https:\/\/img.freepik.com\/vector-gratis\/diseno-naranja-amarillo-fondo-acuarela_1035-8370.jpg?w=740&amp;t=st=1693444195~exp=1693444795~hmac=e818e50ccb5c80ed9ef1c0f5e5fd13c0cfd25c9b76cf6705f24b54b6bab78103'); background-size: cover; background-repeat: no-repeat; background-position: center center; border-radius: 5px; font-family: Arial, Verdana, sans-serif; color: #000000; font-size: 1em; margin-left: 25px; margin-right: 25px; text-align: left; border: 1px solid #993300;\"><img decoding=\"async\" class=\"alignnone wp-image-5139 size-full\" src=\"https:\/\/isfd808-chu.infd.edu.ar\/sitio\/wp-content\/uploads\/2023\/10\/libro.jpg\" alt=\"\" width=\"777\"><\/p>\n<p style=\"font-size: 1.3em; text-align: center; text-shadow: 2px 0 #fff, -2px 0 #fff, 0 2px #fff, 0 -2px #fff, 1px 1px #fff, -1px -1px #fff, 1px -1px #fff, -1px 1px #fff;\"><a href=\"https:\/\/www.facebook.com\/photo?fbid=829016555893271&amp;set=pcb.829016705893256\" target=\"_blank\" rel=\"noopener\"><b>Presentaci\u00f3n del libro \u201cCuando las primaveras comenzaron a tener flores\u201d<\/b><\/a><\/p>\n<p>En la <b><i>Biblioteca Checha Comes del ISFD N\u00ba 808<\/i><\/b> se realiz\u00f3 la presentaci\u00f3n del libro <b>Cuando las primaveras comenzaron a tener flores<\/b> a cargo de su autora <b><i>Dra.<\/i> Magdalena Llorens<\/b>.<br \/>\nEstudiantes de las unidades curriculares <i>Lectura y escritura acad\u00e9mica y Pr\u00e1ctica Profesional Docente IV de sede Trelew y EA Gaiman<\/i> elaboraron preguntas para realizar durante la charla referentes a la tarea de escritura e investigaci\u00f3n.<br \/>\n<b><i>Prof<\/i>.: Liliana Mu\u00f1oz, Cecilia Z\u00e1rraga y Anabel Calder\u00f3n.<\/b><\/p>\n<p style=\"font-size: 0.9em; text-align: right; font-weight: bold; font-style: oblique;\">10 octubre 2023<\/p>\n<\/div>\n<p><b><b>&nbsp;<\/b><\/b><\/p>\n<div style=\"height: 100%; padding: 20px; background-image: url('https:\/\/img.freepik.com\/vector-gratis\/fondo-textura-acuarela-amarillo-suave_1055-10236.jpg'); background-size: cover; background-repeat: no-repeat; background-position: center center; border-radius: 5px; font-family: Arial, Verdana, sans-serif; color: #000000; font-size: 1.1em; margin-left: 25px; margin-right: 25px; text-align: left; border: 1px solid #000;\">\n<img decoding=\"async\" loading=\"lazy\" class=\"size-full wp-image-4384 aligncenter\" src=\"https:\/\/isfd808-chu.infd.edu.ar\/sitio\/wp-content\/uploads\/2023\/09\/Libro1.png\" alt=\"\" width=\"600\" height=\"300\"><\/p>\n<p>Se present\u00f3 en la <i><b>Biblioteca<\/b><\/i><b> Checha Comes<\/b> de  nuestro instituto el libro <b><a href=\"https:\/\/www.facebook.com\/photo\/?fbid=798936018901325&amp;set=pcb.798936048901322\">Fronteras. Necropol\u00edtica y migraciones en el mediterr\u00e1neo central<\/a><\/b>, del historiador <b>Pablo Blanco<\/b>.<br \/>\nSe trata de una contribuci\u00f3n a la comprensi\u00f3n de la diversidad, riqueza y heterogeneidad de los procesos contempor\u00e1neos de movilidad humana. En el texto se presentan conceptos en relaci\u00f3n con la idea de \u201crefugiado\u201d, \u201ccrisis migratoria\u201d y sus significaciones en el mundo actual.<\/p>\n<p><i>El autor: <b>Pablo Blanco<\/b> naci\u00f3 en la ciudad de Trelew, es integrante del <b>Grupo de Estudios sobre Movilidades, Inmovilidades y Territorios (GEMIT)<\/b> y del <b>Instituto de Investigaciones Hist\u00f3ricas y Sociales (INSHIS)<\/b> de la Universidad Nacional de la Patagonia.<br \/>\nEs Doctor en Antropolog\u00eda por la UBA.<\/i><\/p>\n<p>Agrademos especialmente la presencia de Pablo y esperamos recibir  nuevamente su visita.<\/p>\n<p style=\"font-size: 0.9em; text-align: right; font-weight: bold; font-style: oblique;\">6 set 2023<\/p>\n<\/div>\n<p><b><b>&nbsp;<\/b><\/b><\/p>\n<div style=\"height: 100%; padding: 20px; background-image: url('https:\/\/img.freepik.com\/vector-gratis\/fondo-textura-acuarela-amarillo-suave_1055-10236.jpg'); background-size: cover; background-repeat: no-repeat; background-position: center center; border-radius: 5px; font-family: Arial, Verdana, sans-serif; color: #000000; font-size: 1.1em; margin-left: 25px; margin-right: 25px; text-align: left; border: 1px solid #000;\"><img decoding=\"async\" loading=\"lazy\" class=\"size-full wp-image-4384 aligncenter\" src=\"https:\/\/isfd808-chu.infd.edu.ar\/sitio\/wp-content\/uploads\/2023\/07\/07-07-Luis-FABRE.jpg\" alt=\"\" width=\"600\" height=\"300\"><br \/>\nJULIO FABRE en <a href=\"https:\/\/www.facebook.com\/photo\/?fbid=750299410229337&amp;set=pcb.750299813562630\"><b>#ISFD808<\/b><\/a><br \/>\nAgradecemos a la <b><i>Fundaci\u00f3n Patagonia Tercer Milenio<\/i>, Martina Mezzetti y Gast\u00f3n Siriczman<\/b> por invitar al <i><b>artista<\/b><\/i><b> Julio Fabre<\/b> qui\u00e9n cont\u00f3 como lleva a cabo sus obras. Disfrutamos una tarde diferente, vivenciamos como plasma sus obras.<br \/>\nAgradecemos a Julio Fabre por el   libro que nos regalo, como as\u00ed tambi\u00e9n en breve estaremos difundiendo la obra que quedar\u00e1 por siempre en la Biblioteca808 Checha Comes .<br \/>\nRescatamos una  frase que dijo Julio: <b>Todo acto de vida es arte<\/b>.<\/p>\n<p style=\"font-size: 0.9em; text-align: right; font-weight: bold; font-style: oblique;\">7 jul 2023<\/p>\n<\/div>\n<p>&nbsp;<\/p>\n<div style=\"width: 90%; padding: 20px; background-image: url('https:\/\/st2.depositphotos.com\/1010629\/5672\/i\/450\/depositphotos_56724191-stock-photo-yellow-blur-with-stars-background.jpg'); background-size: cover; background-repeat: no-repeat; background-position: center center; border-radius: 5px; font-family: Arial, Verdana, sans-serif; color: #000000; font-size: 1em; margin-left: 25px; margin-right: 25px; text-align: left; border: 1px solid #C77600;\"><img decoding=\"async\" loading=\"lazy\" class=\"alignnone wp-image-5139 size-full\" src=\"https:\/\/isfd808-chu.infd.edu.ar\/sitio\/wp-content\/uploads\/2023\/06\/2023-06-21-2.jpg\" alt=\"\" width=\"777\" height=\"521\"><\/p>\n<p style=\"font-size: 1.1em; text-align: center;\"><a href=\"https:\/\/www.facebook.com\/photo?fbid=741819584410653&amp;set=pcb.741819767743968\" target=\"_blank\" rel=\"noopener\"><b> La biblioteca y sus actividades <\/b><\/a><\/p>\n<p>Seguimos celebrando el d\u00eda del libro en la <b>Biblioteca CHECHA COMES<\/b>. Comenz\u00f3 la b\u00fasqueda del tesoro y vamos a extender la actividad hasta terminar con los premios sorpresas.<\/p>\n<p style=\"font-size: 0.9em; text-align: right; font-weight: bold; font-style: oblique;\">21 jun 2023<\/p>\n<\/div>\n<p>&nbsp;<\/p>\n<div style=\"height: 100%; padding: 20px; background-image: url('https:\/\/static.vecteezy.com\/system\/resources\/previews\/000\/518\/582\/non_2x\/vector-yellow-and-orange-studio-background.jpg'); background-size: cover; background-repeat: no-repeat; background-position: center center; border-radius: 5px; font-family: Arial, Verdana, sans-serif; color: #000000; font-size: 1.1em; margin-left: 25px; margin-right: 25px; text-align: left; border: 1px solid #000;\"><img decoding=\"async\" loading=\"lazy\" class=\"size-full wp-image-4384 aligncenter\" src=\"https:\/\/isfd808-chu.infd.edu.ar\/sitio\/wp-content\/uploads\/2022\/10\/2022-09-30-Presentacio\u0301n-A-M-TRONCOSO-2x1-600.jpg\" alt=\"\" width=\"600\" height=\"300\"><br \/>\nEl viernes 30 se present\u00f3 en nuestra biblioteca el libro <b><i>\u201cTodav\u00eda No. El proyecto civilizador entre las pr\u00e1cticas sociales y las estrategias de resistencia, de negociaci\u00f3n y de apropiaci\u00f3n en la meseta norte chubutense (1900-1970)\u201d<\/i><\/b>, de la Dra. <b>Ana Mar\u00eda Troncoso<\/b>.<br \/>\nFue un charla interesante para los y las estudiantes que asistieron, del <b>ISFD N\u00b0808 <i>(PPD III)<\/i><\/b> y del <b>ISFDyA N\u00b0805 <i>(de la carrera de Locuci\u00f3n)<\/i><\/b>.<br \/>\nDesde el espacio de Biblioteca, junto a la <i>Lic <b>Liliana Mu\u00f1oz<\/b><\/i> y la <i>Prof. <b>Lorena Antilef<\/b><\/i>, se proyectan m\u00e1s charlas en relaci\u00f3n a la historia regional junto a autores locales.<br \/>\nAgradecemos a la Dra. Ana Mar\u00eda Troncoso por su predisposici\u00f3n y participaci\u00f3n en esta propuesta.<\/p>\n<p style=\"font-family: Roboto; color: black; font-size: 0.9em; font-style: italic;\">septiembre 2022<\/p>\n<\/div>\n<div>&nbsp;<\/div>\n<div style=\"height: 100%; padding: 20px; background-image: url('https:\/\/www.wallpapertip.com\/wmimgs\/7-75126_fundo-poligonal-em-tons-de-amarelo-e-laranja.jpg'); background-size: cover; background-repeat: no-repeat; background-position: center center; border-radius: 5px; font-family: Arial, Verdana, sans-serif; color: #000000; font-size: 1.1em; margin-left: 25px; margin-right: 25px; text-align: left; border: 1px solid #000;\"><img decoding=\"async\" loading=\"lazy\" class=\"alignnone size-full wp-image-4525\" src=\"https:\/\/isfd808-chu.infd.edu.ar\/sitio\/wp-content\/uploads\/2022\/10\/20221012_181841-1000.jpg\" alt=\"\" width=\"1000\" height=\"782\" srcset=\"https:\/\/isfd808-chu.infd.edu.ar\/sitio\/wp-content\/uploads\/2022\/10\/20221012_181841-1000.jpg 1000w, https:\/\/isfd808-chu.infd.edu.ar\/sitio\/wp-content\/uploads\/2022\/10\/20221012_181841-1000-768x601.jpg 768w\" sizes=\"(max-width: 1000px) 100vw, 1000px\" \/><\/p>\n<p>El ISFD 808 y la biblioteca Checha Comes agradecen la donaci\u00f3n de <b><i>material bibliogr\u00e1fico<\/i><\/b> al <b>Centro de Estudios Hist\u00f3ricos y Sociales de Puerto Madryn<\/b>.<br \/>\nCompletando as\u00ed la colecci\u00f3n de <b><i>Cuadernos de Historia Patag\u00f3nica<\/i><\/b>, y los ejemplares de <b><i>Puerto Madryn semblanza del conflicto en las Islas Malvinas<\/i><\/b> y el libro de Sanabra Pancho titulado <b><i>Luiyin el personaje<\/i><\/b>.<\/p>\n<p style=\"font-family: Roboto; color: black; font-size: 0.9em; font-style: italic;\">septiembre 2022<\/p>\n<\/div>\n<p><b><b><\/b><\/b><b><b><\/b><\/b><\/p>\n<\/div>\n","protected":false},"excerpt":{"rendered":"<p>La Biblioteca Virtual del ISFD N\u00b0 808 se puede consultar libremente sin ser usuario de esta plataforma. Contamos con muchos recursos para la actividad docente. Horario: lunes a viernes de 15,00 a 21,00 hs. Acceso a la Biblioteca Virtual &nbsp; Todas las novedades en Instagram bibliotecachechacomes y en facebook Biblioteca808 Checha Comes Nuevo espacio \u201cPoes\u00eda &#8230; <a title=\"BIBLIOTECA VIRTUAL del ISFD 808\" class=\"read-more\" href=\"https:\/\/isfd808-chu.infd.edu.ar\/sitio\/biblioteca-virtual-del-isfd-808\/\" aria-label=\"More on BIBLIOTECA VIRTUAL del ISFD 808\">[+]<\/a><\/p>\n","protected":false},"author":352,"featured_media":0,"parent":0,"menu_order":0,"comment_status":"closed","ping_status":"closed","template":"","meta":[],"acf":[],"_links":{"self":[{"href":"https:\/\/isfd808-chu.infd.edu.ar\/sitio\/wp-json\/wp\/v2\/pages\/1155"}],"collection":[{"href":"https:\/\/isfd808-chu.infd.edu.ar\/sitio\/wp-json\/wp\/v2\/pages"}],"about":[{"href":"https:\/\/isfd808-chu.infd.edu.ar\/sitio\/wp-json\/wp\/v2\/types\/page"}],"author":[{"embeddable":true,"href":"https:\/\/isfd808-chu.infd.edu.ar\/sitio\/wp-json\/wp\/v2\/users\/352"}],"replies":[{"embeddable":true,"href":"https:\/\/isfd808-chu.infd.edu.ar\/sitio\/wp-json\/wp\/v2\/comments?post=1155"}],"version-history":[{"count":29,"href":"https:\/\/isfd808-chu.infd.edu.ar\/sitio\/wp-json\/wp\/v2\/pages\/1155\/revisions"}],"predecessor-version":[{"id":7189,"href":"https:\/\/isfd808-chu.infd.edu.ar\/sitio\/wp-json\/wp\/v2\/pages\/1155\/revisions\/7189"}],"wp:attachment":[{"href":"https:\/\/isfd808-chu.infd.edu.ar\/sitio\/wp-json\/wp\/v2\/media?parent=1155"}],"curies":[{"name":"wp","href":"https:\/\/api.w.org\/{rel}","templated":true}]}}