{"id":4923,"date":"2023-02-27T20:09:03","date_gmt":"2023-02-27T23:09:03","guid":{"rendered":"https:\/\/isfd808-chu.infd.edu.ar\/sitio\/?page_id=4923"},"modified":"2026-04-24T21:26:11","modified_gmt":"2026-04-25T00:26:11","slug":"llamado-docente-para-espacio-curricular","status":"publish","type":"page","link":"https:\/\/isfd808-chu.infd.edu.ar\/sitio\/llamado-docente-para-espacio-curricular\/","title":{"rendered":"LLAMADOS DOCENTES 2026"},"content":{"rendered":"\n<div class=\"wp-block-columns is-layout-flex wp-container-3\">\n<div class=\"wp-block-column is-layout-flow\" style=\"flex-basis:100%\">\n<div class=\"wp-block-group has-background is-layout-constrained\" style=\"background-color:#e9f814\"><div class=\"wp-block-group__inner-container\">\n<ul>\n<li>Plantilla para&nbsp;<strong><u><a href=\"https:\/\/docs.google.com\/document\/d\/1GgS6hRZAZNXqlRUg_Bk1pEoW0MXf3TXXMsNIXK6Zzdk\/edit?usp=sharing\">CURRICULUM VITAE<\/a><\/u><\/strong><\/li>\n\n\n\n<li>Plantilla para&nbsp;<strong><u><a href=\"https:\/\/docs.google.com\/document\/d\/1xr54S1_bpVqi6dmLh5VhykIN-lxBHBZStB5DRLktslo\/edit?usp=drive_link\">PROGRAMA PARA ESPACIO CURRICULAR<\/a><\/u><\/strong><\/li>\n\n\n\n<li>Plantilla para&nbsp;<a href=\"https:\/\/docs.google.com\/document\/d\/1FiW3TH3tNTfhs0hwn3i6jeyQxR1FKRzu\/edit?usp=sharing&amp;ouid=109800395473242682282&amp;rtpof=true&amp;sd=true\" target=\"_blank\" rel=\"noreferrer noopener\"><strong>PROYECTO PARA ESPACIO CURRICULAR<\/strong><\/a><\/li>\n\n\n\n<li>Plantilla para&nbsp;<strong><u><a href=\"https:\/\/docs.google.com\/document\/d\/1cA9RgKkp5LdnwOXlLCe23TKAkTLdT4GbOKrrwjE0cRo\/edit?usp=sharing\">PROYECTO DE GESTI\u00d3N<\/a><\/u><\/strong><\/li>\n\n\n\n<li><strong>ROM<\/strong>&nbsp;<a href=\"https:\/\/drive.google.com\/file\/d\/1TSy6P3TaRbFnljzaReK0oS7B3a6kLaSG\/view?usp=sharing\">Reglamento Org\u00e1nico Marco para la Educaci\u00f3n Superior<\/a><\/li>\n<\/ul>\n\n\n\n<p class=\"has-small-font-size\">No hace falta compartir los archivos. <strong>Descargar las Plantillas<\/strong>, lo puede realizar desde&nbsp;<strong>Archivo \/ Descargar \/ Microsoft Word (.docx)<\/strong>&nbsp;o el Procesador de Texto que deseen.<\/p>\n\n\n\n<p><em>Consultas:<\/em>&nbsp;<strong><u><a href=\"mailto:proyectosisfd808@gmail.com\">proyectosisfd808@gmail.com<\/a><\/u><\/strong><\/p>\n<\/div><\/div>\n<\/div>\n<\/div>\n\n\n\n<div class=\"wp-block-columns is-layout-flex wp-container-5\">\n<div class=\"wp-block-column is-layout-flow\" style=\"flex-basis:100%\">\n<p class=\"has-text-align-center\"><strong>LLAMADOS 2026<\/strong><\/p>\n\n\n\n<p><strong>Cobertura: Coordinaci\u00f3n de CARRERA- PROFESORADO PARA LA EDUCACI\u00d3N SECUNDARIA EN F\u00cdSICA Y QU\u00cdMICA<\/strong><\/p>\n\n\n\n<p><strong>ANEXO 730<\/strong><\/p>\n\n\n\n<p>El Equipo Directivo del ISFD N\u00b0 808 realiza el Primer (1) Llamado docente para el cargo de <strong>Coordinador de Carrera (Prof. F\u00edsica y Qu\u00edmica)<\/strong>, en situaci\u00f3n de revista <strong>Interin<\/strong><strong>a.<\/strong><\/p>\n\n\n\n<p><strong>Carga horaria: <\/strong>8 horas reloj semanales (cumplimiento efectivo en Sede Anexo 730).<\/p>\n\n\n\n<p>Funciones detalladas en el ROM, seg\u00fan art\u00edculos 53, 54, 55, 56 y 57 del ROM.<\/p>\n\n\n\n<p>Requisitos (excluyentes):<\/p>\n\n\n\n<ul>\n<li>Ser docente del IES en la carrera para la que se presenta.<\/li>\n\n\n\n<li>&nbsp;Registrar antig\u00fcedad en la docencia de nivel superior, no menor a 5 (cinco) a\u00f1os.<\/li>\n\n\n\n<li>Estar habilitado\/a para desempe\u00f1ar cargos p\u00fablicos.<\/li>\n<\/ul>\n\n\n\n<p>Los postulantes deber\u00e1n presentarse en el ISFD N\u00b0 808, en Sede Centro (Pellegrini N\u00b0 390) con:<\/p>\n\n\n\n<ul>\n<li>Sobre 1: Proyecto de Gesti\u00f3n&nbsp; con seud\u00f3nimo, sin firma, seg\u00fan plantilla que se encuentra disponible en: <a href=\"https:\/\/docs.google.com\/document\/d\/1cA9RgKkp5LdnwOXlLCe23TKAkTLdT4GbOKrrwjE0cRo\/edit?usp=sharing\">https:\/\/docs.google.com\/document\/d\/1cA9RgKkp5LdnwOXlLCe23TKAkTLdT4GbOKrrwjE0cRo\/edit?usp=sharing<\/a><\/li>\n\n\n\n<li>Sobre 2: Seud\u00f3nimo en el exterior; en el interior debe colocar la siguiente documentaci\u00f3n: Curriculum Vitae Actualizado de acuerdo con las plantillas que se encuentran en <a href=\"https:\/\/isfd808-chu.infd.edu.ar\/sitio\/llamado-docente-para-espacio-curricular\/\"><strong>https:\/\/isfd808-chu.infd.edu.ar\/sitio\/llamado-docente-para-espacio-curricular\/<\/strong><\/a> (EXCLUYENTE). Los docentes que no cuenten con documentaci\u00f3n respaldatoria en el legajo, deber\u00e1n actualizar el mismo, presentando documentaci\u00f3n respaldatoria (de lo contrario ser\u00e1 desestimado). En el Sobre 2 tambi\u00e9n debe constar Certificado de habilitaci\u00f3n para desempe\u00f1ar cargos p\u00fablicos (excluyente) tramitado en <a href=\"https:\/\/www.argentina.gob.ar\/justicia\/reincidencia\/antecedentespenales\"><strong>https:\/\/www.argentina.gob.ar\/justicia\/reincidencia\/antecedentes penales<\/strong><\/a><\/li>\n<\/ul>\n\n\n\n<p>Una vez informados los resultados de orden de m\u00e9rito, seg\u00fan Art\u00edculo 14 del Anexo del ROM, se proceder\u00e1 a la defensa oral de los Planes de Trabajo (fecha a confirmar)<\/p>\n\n\n\n<p>Una vez que el Consejo Institucional se expida, al momento del alta, se deber\u00e1 entregar la siguiente documentaci\u00f3n:<\/p>\n\n\n\n<ul>\n<li>Declaraci\u00f3n Jurada de cargos y horas con disponibilidad horaria para el cumplimiento de la coordinaci\u00f3n, Anexo 730.<\/li>\n\n\n\n<li>Documentaci\u00f3n Personal y Familiar (DNI de cada integrante, certificados de nacimiento, acta de matrimonio, de concubinato, etc.).<\/li>\n<\/ul>\n\n\n\n<p>Vigencia del llamado: hasta el <strong>mi\u00e9rcoles 29 de abril de 2026, 20.00 h. <\/strong>Para consultas acercarse a Sede Centro (Pellegrini 390).<\/p>\n\n\n\n<p>Trelew (Ch), 24 de abril de 2026.<\/p>\n\n\n\n<p class=\"has-text-align-center\"><strong><mark>FINALIZADOS<\/mark><\/strong><\/p>\n\n\n\n<p><strong>Cobertura: Coordinaci\u00f3n de CARRERA- PROFESORADO PARA LA EDUCACI\u00d3N SECUNDARIA EN MATEM\u00c1TICA<\/strong><\/p>\n\n\n\n<p><strong>ANEXO 730<\/strong><\/p>\n\n\n\n<p>El Equipo Directivo del ISFD N\u00b0 808 realiza el Primer (1) Llamado docente para el cargo de <strong>Coordinador de Carrera (Prof. Matem\u00e1tica)<\/strong>, en situaci\u00f3n de revista Interina.<\/p>\n\n\n\n<p><strong>Carga horaria: <\/strong>8 horas reloj semanales (cumplimiento efectivo en Sede Anexo 730).<\/p>\n\n\n\n<p>Funciones detalladas en el ROM, seg\u00fan art\u00edculos 53, 54, 55, 56 y 57 del ROM.<\/p>\n\n\n\n<p>Requisitos (excluyentes):<\/p>\n\n\n\n<ul>\n<li>Ser docente del IES en la carrera para la que se presenta.<\/li>\n\n\n\n<li>&nbsp;Registrar antig\u00fcedad en la docencia de nivel superior, no menor a 5 (cinco) a\u00f1os.<\/li>\n\n\n\n<li>Estar habilitado\/a para desempe\u00f1ar cargos p\u00fablicos.<\/li>\n<\/ul>\n\n\n\n<p>Los postulantes deber\u00e1n presentarse en el ISFD N\u00b0 808, en Sede Centro (Pellegrini N\u00b0 390) con:<\/p>\n\n\n\n<ul>\n<li>Sobre 1: Proyecto de Gesti\u00f3n&nbsp; con seud\u00f3nimo, sin firma, seg\u00fan plantilla que se encuentra disponible en: <a href=\"https:\/\/docs.google.com\/document\/d\/1cA9RgKkp5LdnwOXlLCe23TKAkTLdT4GbOKrrwjE0cRo\/edit?usp=sharing\">https:\/\/docs.google.com\/document\/d\/1cA9RgKkp5LdnwOXlLCe23TKAkTLdT4GbOKrrwjE0cRo\/edit?usp=sharing<\/a><\/li>\n\n\n\n<li>Sobre 2: Seud\u00f3nimo en el exterior; en el interior debe colocar la siguiente documentaci\u00f3n: Curriculum Vitae Actualizado de acuerdo con las plantillas que se encuentran en <a href=\"https:\/\/isfd808-chu.infd.edu.ar\/sitio\/llamado-docente-para-espacio-curricular\/\"><strong>https:\/\/isfd808-chu.infd.edu.ar\/sitio\/llamado-docente-para-espacio-curricular\/<\/strong><\/a> (EXCLUYENTE). Los docentes que no cuenten con documentaci\u00f3n respaldatoria en el legajo, deber\u00e1n actualizar el mismo, presentando documentaci\u00f3n respaldatoria (de lo contrario ser\u00e1 desestimado). En el Sobre 2 tambi\u00e9n debe constar Certificado de habilitaci\u00f3n para desempe\u00f1ar cargos p\u00fablicos (excluyente) tramitado en <a href=\"https:\/\/www.argentina.gob.ar\/justicia\/reincidencia\/antecedentespenales\"><strong>https:\/\/www.argentina.gob.ar\/justicia\/reincidencia\/antecedentes penales<\/strong><\/a><\/li>\n<\/ul>\n\n\n\n<p>Una vez informados los resultados de orden de m\u00e9rito, seg\u00fan Art\u00edculo 14 del Anexo del ROM, se proceder\u00e1 a la defensa oral de los Planes de Trabajo (fecha a confirmar)<\/p>\n\n\n\n<p>Una vez que el Consejo Institucional se expida, al momento del alta, se deber\u00e1 entregar la siguiente documentaci\u00f3n:<\/p>\n\n\n\n<ul>\n<li>Declaraci\u00f3n Jurada de cargos y horas con disponibilidad horaria para el cumplimiento de la coordinaci\u00f3n, Anexo 730.<\/li>\n\n\n\n<li>Documentaci\u00f3n Personal y Familiar (DNI de cada integrante, certificados de nacimiento, acta de matrimonio, de concubinato, etc.).<\/li>\n<\/ul>\n\n\n\n<p>Vigencia del llamado: hasta el <strong>jueves 23 de abril de 2026, 20.00 h. <\/strong>Para consultas acercarse a Sede Centro (Pellegrini 390).<\/p>\n\n\n\n<p>Trelew (Ch), 16 de abril de 2026<a><\/a>.<\/p>\n\n\n\n<p><strong>TERCER LLAMADO CIPE<\/strong><\/p>\n\n\n\n<p>El Equipo Directivo del ISFD N\u00b0 808 realiza el Tercer (3) Llamado docente para el cargo de <strong>Coordinaci\u00f3n de Pol\u00edticas Estudiantiles (CIPE)<\/strong>, en situaci\u00f3n de revista Suplente.<\/p>\n\n\n\n<p><strong>Carga horaria: <\/strong>20 horas reloj semanales (cumplimiento efectivo en Sede Centro y Anexo 730).<\/p>\n\n\n\n<p>Funciones detalladas en el ROM, seg\u00fan art\u00edculos 39 y 40.<\/p>\n\n\n\n<p>Requisitos (excluyentes):<\/p>\n\n\n\n<ul>\n<li>Poseer t\u00edtulo de nivel superior.<\/li>\n\n\n\n<li>Ser docente del Instituto.<\/li>\n\n\n\n<li>Poseer antecedentes profesionales acordes al cargo que se concursa.<\/li>\n\n\n\n<li>Registrar antig\u00fcedad en la docencia de nivel superior, no menor a 5 (cinco) a\u00f1os.<\/li>\n<\/ul>\n\n\n\n<p>Los postulantes deber\u00e1n presentar, adjuntando al cuerpo del mensaje en el correo indicado, la siguiente documentaci\u00f3n (no se acepta el env\u00edo de enlaces):<\/p>\n\n\n\n<ul>\n<li>Curriculum Vitae Actualizado de acuerdo con las plantillas que se encuentran en <a href=\"https:\/\/isfd808-chu.infd.edu.ar\/sitio\/llamado-docente-para-espacio-curricular\/\"><strong>https:\/\/isfd808-chu.infd.edu.ar\/sitio\/llamado-docente-para-espacio-curricular\/<\/strong><\/a> (EXCLUYENTE). Los docentes que no cuenten con documentaci\u00f3n respaldatoria en el legajo, deber\u00e1n actualizar el mismo, previamente enviando con su postulaci\u00f3n documentaci\u00f3n respaldatoria (de lo contrario ser\u00e1 desestimado).<\/li>\n\n\n\n<li>Nota de Adhesi\u00f3n al Plan de Trabajo vigente, de acuerdo con las funciones que estipula el ROM.<\/li>\n\n\n\n<li>Certificado de habilitaci\u00f3n para desempe\u00f1ar cargos p\u00fablicos (excluyente) tramitado en <a href=\"https:\/\/www.argentina.gob.ar\/justicia\/reincidencia\/antecedentespenales\"><strong>https:\/\/www.argentina.gob.ar\/justicia\/reincidencia\/antecedentes penales<\/strong><\/a><\/li>\n\n\n\n<li><strong>Carpeta colgante, certificaciones impresas<\/strong><\/li>\n<\/ul>\n\n\n\n<p>Enviar toda la documentaci\u00f3n solicitada, por mail a <strong>proyectosisfd808@gmail.com<\/strong>. En el asunto del mail indicar cargo para el que se postula.<\/p>\n\n\n\n<p>Una vez informados los resultados de orden de m\u00e9rito, y al momento del alta, se deber\u00e1 entregar la siguiente documentaci\u00f3n:<\/p>\n\n\n\n<ul>\n<li>Declaraci\u00f3n Jurada de cargos y horas con disponibilidad horaria para el cumplimiento de la coordinaci\u00f3n, considerando una jornada de trabajo en cada una de las sedes: Sede Centro, Anexo 730.<\/li>\n\n\n\n<li>Documentaci\u00f3n Personal y Familiar (DNI de cada integrante, certificados de nacimiento, acta de matrimonio, de concubinato, etc.).<\/li>\n<\/ul>\n\n\n\n<p>Vigencia del llamado: hasta el <strong>martes 21 de abril de 2026, 20.00 h. <\/strong>Para consultas acercarse a Sede Centro (Pellegrini 390).<\/p>\n\n\n\n<p>Trelew (Ch), 16 de abril de 2026.<a><\/a><\/p>\n\n\n\n<p class=\"has-text-align-center\"><\/p>\n\n\n\n<p>El Equipo Directivo del ISFD N\u00b0 808 realiza el Segundo (2) Llamado docente para el cargo de <strong>Coordinaci\u00f3n de Pol\u00edticas Estudiantiles (CIPE)<\/strong>, en situaci\u00f3n de revista Suplente.<\/p>\n\n\n\n<p><strong>Carga horaria: <\/strong>20 horas reloj semanales (cumplimiento efectivo en Sede Centro y Anexo 730).<\/p>\n\n\n\n<p>Funciones detalladas en el ROM, seg\u00fan art\u00edculos 39 y 40.<\/p>\n\n\n\n<p>Requisitos (excluyentes):<\/p>\n\n\n\n<ul>\n<li>Poseer t\u00edtulo de nivel superior.<\/li>\n\n\n\n<li>Ser docente del Instituto.<\/li>\n\n\n\n<li>Poseer antecedentes profesionales acordes al cargo que se concursa.<\/li>\n\n\n\n<li>Registrar antig\u00fcedad en la docencia de nivel superior, no menor a 5 (cinco) a\u00f1os.<\/li>\n<\/ul>\n\n\n\n<p>Los postulantes deber\u00e1n presentar, adjuntando al cuerpo del mensaje en el correo indicado, la siguiente documentaci\u00f3n (no se acepta el env\u00edo de enlaces):<\/p>\n\n\n\n<ul>\n<li>Curriculum Vitae Actualizado de acuerdo con las plantillas que se encuentran en <a href=\"https:\/\/isfd808-chu.infd.edu.ar\/sitio\/llamado-docente-para-espacio-curricular\/\"><strong>https:\/\/isfd808-chu.infd.edu.ar\/sitio\/llamado-docente-para-espacio-curricular\/<\/strong><\/a> (EXCLUYENTE). Los docentes que no cuenten con documentaci\u00f3n respaldatoria en el legajo, deber\u00e1n actualizar el mismo, previamente enviando con su postulaci\u00f3n documentaci\u00f3n respaldatoria (de lo contrario ser\u00e1 desestimado).<\/li>\n\n\n\n<li>Nota de Adhesi\u00f3n al Plan de Trabajo vigente, de acuerdo con las funciones que estipula el ROM.<\/li>\n\n\n\n<li>Certificado de habilitaci\u00f3n para desempe\u00f1ar cargos p\u00fablicos (excluyente) tramitado en <a href=\"https:\/\/www.argentina.gob.ar\/justicia\/reincidencia\/antecedentespenales\"><strong>https:\/\/www.argentina.gob.ar\/justicia\/reincidencia\/antecedentes penales<\/strong><\/a><\/li>\n<\/ul>\n\n\n\n<p>Enviar toda la documentaci\u00f3n solicitada, por mail a <strong>proyectosisfd808@gmail.com<\/strong>. En el asunto del mail indicar cargo para el que se postula.<\/p>\n\n\n\n<p>Una vez informados los resultados de orden de m\u00e9rito, y al momento del alta, se deber\u00e1 entregar la siguiente documentaci\u00f3n:<\/p>\n\n\n\n<ul>\n<li>Declaraci\u00f3n Jurada de cargos y horas con disponibilidad horaria para el cumplimiento de la coordinaci\u00f3n, considerando una jornada de trabajo en cada una de las sedes: Sede Centro, Anexo 730.<\/li>\n\n\n\n<li>Documentaci\u00f3n Personal y Familiar (DNI de cada integrante, certificados de nacimiento, acta de matrimonio, de concubinato, etc.).<\/li>\n<\/ul>\n\n\n\n<p>Vigencia del llamado: hasta el <strong>lunes 13 de abril de 2026, 20.00 h. <\/strong>Para consultas acercarse a Sede Centro (Pellegrini 390).<\/p>\n\n\n\n<p>Trelew (Ch), 09 de marzo de 2026.<\/p>\n\n\n\n<p class=\"has-text-align-center\"><\/p>\n\n\n\n<p>El Equipo Directivo del ISFD N\u00b0 808 realiza el Primer (1) Llamado docente para las siguientes Unidades Curriculares, seg\u00fan el siguiente detalle:<\/p>\n\n\n\n<ul>\n<li><strong>Educaci\u00f3n y TIC<\/strong><\/li>\n<\/ul>\n\n\n\n<p>Asignatura Anual de Segundo A\u00f1o del Profesorado de Educaci\u00f3n Secundaria en Matem\u00e1tica<\/p>\n\n\n\n<p>Situaci\u00f3n de Revista: Interino<\/p>\n\n\n\n<p>Carga horaria: 3 hs + 1 h. de Proyecto de Gesti\u00f3n<\/p>\n\n\n\n<p>D\u00edas y horarios: Mi\u00e9rcoles de 18:30 hs a 20:30 hs<\/p>\n\n\n\n<p>Perfil Docente: Profesor\/a de la disciplina con Especializaci\u00f3n en Educaci\u00f3n y TIC. Se prioriza experiencia en el Nivel Secundario<\/p>\n\n\n\n<ul>\n<li><strong>Educaci\u00f3n Tecnol\u00f3gica<\/strong><\/li>\n<\/ul>\n\n\n\n<p>Asignatura Anual de Segundo A\u00f1o del Profesorado de Educaci\u00f3n Primaria<\/p>\n\n\n\n<p>Situaci\u00f3n de Revista: Interino<\/p>\n\n\n\n<p>Curso: 2do 1ra<\/p>\n\n\n\n<p>Carga horaria: 3 hs<\/p>\n\n\n\n<p>D\u00edas y horarios: Lunes de 20:00 hs a 22:00 hs<\/p>\n\n\n\n<p>Perfil Docente: Docente con formaci\u00f3n en Educaci\u00f3n Tecnol\u00f3gica o Tecnolog\u00eda con capacitaci\u00f3n y\/o experiencia en Educaci\u00f3n Primaria.<\/p>\n\n\n\n<ul>\n<li><strong>Educaci\u00f3n Tecnol\u00f3gica<\/strong><\/li>\n<\/ul>\n\n\n\n<p>Asignatura Anual de Segundo A\u00f1o del Profesorado de Educaci\u00f3n Primaria<\/p>\n\n\n\n<p>Situaci\u00f3n de Revista: Interino<\/p>\n\n\n\n<p>Curso: 2do 2da<\/p>\n\n\n\n<p>Carga horaria: 3 hs<\/p>\n\n\n\n<p>D\u00edas y horarios:Viernes de 17:30 a 19:30 hs<\/p>\n\n\n\n<p>Perfil Docente: Docente con formaci\u00f3n en Educaci\u00f3n Tecnol\u00f3gica o Tecnolog\u00eda con capacitaci\u00f3n y\/o experiencia en Educaci\u00f3n Primaria.<\/p>\n\n\n\n<ul>\n<li><strong>Literatura<\/strong><\/li>\n<\/ul>\n\n\n\n<p>Asignatura Cuatrimestral de Cuarto A\u00f1o del Profesorado de Educaci\u00f3n Primaria<\/p>\n\n\n\n<p>Situaci\u00f3n de Revista: Suplente<\/p>\n\n\n\n<p>1er Cuatrimestre<\/p>\n\n\n\n<p>Carga horaria: 5 hs<\/p>\n\n\n\n<p>D\u00edas y horarios: Martes de 19:40 a 21:40 hs y Jueves de 19:40 a 21:00 hs.<\/p>\n\n\n\n<p>Perfil Docente: Profesor\/a o Licenciado\/a en Lengua y Literatura; Letras; Castellano, o Literatura y Lat\u00edn con formaci\u00f3n y\/o experiencia en Educaci\u00f3n Primaria.<\/p>\n\n\n\n<ul>\n<li><strong>Investigaci\u00f3n en Educaci\u00f3n Matem\u00e1tica<\/strong><\/li>\n<\/ul>\n\n\n\n<p>Seminario Anual de Cuarto A\u00f1o del Profesorado de Educaci\u00f3n Secundaria en Matem\u00e1tica<\/p>\n\n\n\n<p>Situaci\u00f3n de Revista: Interino<\/p>\n\n\n\n<p>Carga horaria: 3 hs + 1h de Proyecto de Gesti\u00f3n<\/p>\n\n\n\n<p>D\u00edas y horarios: Martes de 19:50 a 22:00 hs.<\/p>\n\n\n\n<p>Perfil Docente: Profesor\/a de Matem\u00e1tica que acredite formaci\u00f3n y\/o experiencia en Investigaci\u00f3n en Ense\u00f1anza de la Matem\u00e1tica.<\/p>\n\n\n\n<ul>\n<li><strong>UDI I: Comunicaci\u00f3n Cient\u00edfica<\/strong><\/li>\n<\/ul>\n\n\n\n<p>Unidad Curricular Cuatrimestral de Cuarto A\u00f1o del Profesorado de Educaci\u00f3n Secundaria en F\u00edsica y del Profesorado de Educaci\u00f3n Secundaria en Qu\u00edmica (c\u00e1tedra unificada)<\/p>\n\n\n\n<p>Situaci\u00f3n de Revista: Interino<\/p>\n\n\n\n<p>1er Cuatrimestre<\/p>\n\n\n\n<p>Carga horaria: 3 hs + 1 h de Proyecto de Gesti\u00f3n.&nbsp;<\/p>\n\n\n\n<p>D\u00edas y horarios: Martes de 20:40 a 22:40 hs.<\/p>\n\n\n\n<p>Perfil Docente: Profesor\/a de Qu\u00edmica y\/o Profesor\/a de F\u00edsica, con orientaci\u00f3n o postitulaci\u00f3n en el campo de la Ense\u00f1anza de las Ciencias Naturales y\/o divulgaci\u00f3n cient\u00edfica con experiencia en la formaci\u00f3n docente de Nivel Superior y participaci\u00f3n en Feria de Ciencias o Expo Educativas.<\/p>\n\n\n\n<p>El Equipo Directivo del ISFD N\u00b0 808 realiza el Segundo (2) Llamado docente para la siguiente Unidad Curricular, seg\u00fan el siguiente detalle:<\/p>\n\n\n\n<ul>\n<li><strong>Contextos socio hist\u00f3ricos de la F\u00edsica y la Qu\u00edmica<\/strong><\/li>\n<\/ul>\n\n\n\n<p>Seminario Anual de Cuarto A\u00f1o del Profesorado de Educaci\u00f3n Secundaria en F\u00edsica y del Profesorado de Educaci\u00f3n Secundaria en Qu\u00edmica (c\u00e1tedra unificada)<\/p>\n\n\n\n<p>Situaci\u00f3n de Revista: Suplente<\/p>\n\n\n\n<p>Carga horaria: 3 hs + 1 h de Proyecto de Gesti\u00f3n.&nbsp;<\/p>\n\n\n\n<p>D\u00edas y horarios: Mi\u00e9rcoles de 18:30 a 20:30 hs.<\/p>\n\n\n\n<p>Perfil Docente: Profesor\/a de Qu\u00edmica y\/o Profesor\/a de F\u00edsica, con orientaci\u00f3n o postitulaci\u00f3n en el campo de la Ense\u00f1anza de las Ciencias Naturales y\/o en el campo de la Did\u00e1ctica de la F\u00edsica o Epistemolog\u00eda, con experiencia en la formaci\u00f3n docente de Nivel Superior.<\/p>\n\n\n\n<p><strong>Requisitos (excluyentes) para <u>todos<\/u> los llamados publicados, es necesario presentar<\/strong>:<\/p>\n\n\n\n<ul>\n<li>Curriculum Vitae actualizado, indicando claramente la Unidad Curricular a la cual se postula, de acuerdo con la plantilla que se encuentra en: <a href=\"https:\/\/isfd808-chu.infd.edu.ar\/sitio\/llamado-docente-para-espacio-curricular\/\"><strong>https:\/\/isfd808-chu.infd.edu.ar\/sitio\/llamado-docente-para-espacio-curricular\/<\/strong><\/a>.<\/li>\n<\/ul>\n\n\n\n<p>Adem\u00e1s, para aquellas UC que figura con situaciones de revista <strong><u>interino<\/u>, adem\u00e1s se debe entregar Proyecto y Programa de Unidad Curricular <\/strong>acorde a los formatos institucionales y el Dise\u00f1o Curricular vigente, disponibles en: <a href=\"https:\/\/isfd808-chu.infd.edu.ar\/sitio\/llamado-docente-para-espacio-curricular\/\"><strong>https:\/\/isfd808-chu.infd.edu.ar\/sitio\/llamado-docente-para-espacio-curricular\/<\/strong><\/a><strong>.<\/strong><\/p>\n\n\n\n<p><strong>Toda la documentaci\u00f3n se debe enviar al siguiente correo: proyectosisfd808@gmail.com<\/strong><\/p>\n\n\n\n<p>Las y los docentes que no cuenten con documentaci\u00f3n respaldatoria en el legajo, deber\u00e1n adjuntarla en el correo.<\/p>\n\n\n\n<p><strong>Una vez informados los resultados de orden de m\u00e9rito, y al momento del alta, se deber\u00e1 entregar la siguiente documentaci\u00f3n:<\/strong><\/p>\n\n\n\n<ul>\n<li>Declaraci\u00f3n Jurada de cargos y horas c\u00e1tedras en formato digital. Presentar impresas del sistema. Tramitado en:<br><a href=\"https:\/\/soft.chubut.edu.ar\/soft\/ddjj\/admin\/login\"><strong>https:\/\/soft.chubut.edu.ar\/soft\/ddjj\/admin\/login<\/strong><\/a><\/li>\n\n\n\n<li>Documentaci\u00f3n Personal y Familiar (DNI de cada integrante, certificados de nacimiento, acta de matrimonio, de concubinato, etc.) si es que correspondiera.<\/li>\n<\/ul>\n\n\n\n<p><strong>Vigencia del llamado: hasta el lunes 30\/03 a las 20.00 hs. <\/strong>Por consultas acercarse a Sede Centro (Pellegrini 390).<\/p>\n\n\n\n<p>Trelew, 25 de marzo de 2026<\/p>\n\n\n\n<p><strong>Cobertura: Secretar\u00eda Administrativa<\/strong><\/p>\n\n\n\n<p>El Equipo Directivo del ISFD N\u00b0 808 realiza el Primer (1) Llamado docente para el cargo de <strong>Secretar\u00eda Administrativa<\/strong>, en situaci\u00f3n de revista <strong>Suplente<\/strong>.<\/p>\n\n\n\n<p><strong>Carga horaria: <\/strong>25 horas reloj semanales (cumplimiento efectivo en Sede Centro).<\/p>\n\n\n\n<p>Funciones detalladas en el ROM, seg\u00fan art\u00edculos 35, 36 y 38.<\/p>\n\n\n\n<p>Requisitos (excluyentes):<\/p>\n\n\n\n<ul>\n<li>Poseer t\u00edtulo de Nivel Superior.<\/li>\n\n\n\n<li>Registrar antig\u00fcedad en el nivel superior, no menor a 5 (cinco) a\u00f1os.<\/li>\n\n\n\n<li>Estar habilitado\/a para desempe\u00f1ar cargos p\u00fablicos.<\/li>\n<\/ul>\n\n\n\n<p>Los postulantes deber\u00e1n presentar, adjuntando al cuerpo del mensaje en el correo indicado, la siguiente documentaci\u00f3n (no se acepta el env\u00edo de enlaces):<\/p>\n\n\n\n<ul>\n<li>Curriculum Vitae Actualizado de acuerdo con las plantillas que se encuentran en <a href=\"https:\/\/isfd808-chu.infd.edu.ar\/sitio\/llamado-docente-para-espacio-curricular\/\"><strong>https:\/\/isfd808-chu.infd.edu.ar\/sitio\/llamado-docente-para-espacio-curricular\/<\/strong><\/a> (EXCLUYENTE). Los docentes que no cuenten con documentaci\u00f3n respaldatoria en el legajo, deber\u00e1n actualizar el mismo, previamente enviando con su postulaci\u00f3n documentaci\u00f3n respaldatoria (de lo contrario ser\u00e1 desestimado).<\/li>\n\n\n\n<li>Nota de Adhesi\u00f3n al Plan de Trabajo vigente, de acuerdo con las funciones que estipula el ROM.<\/li>\n\n\n\n<li>Certificado de habilitaci\u00f3n para desempe\u00f1ar cargos p\u00fablicos (excluyente) tramitado en <a href=\"https:\/\/www.argentina.gob.ar\/justicia\/reincidencia\/antecedentespenales\"><strong>https:\/\/www.argentina.gob.ar\/justicia\/reincidencia\/antecedentes penales<\/strong><\/a><\/li>\n<\/ul>\n\n\n\n<p>Enviar toda la documentaci\u00f3n solicitada, por mail a <strong>proyectosisfd808@gmail.com<\/strong>. En el asunto del mail indicar cargo para el que se postula.<\/p>\n\n\n\n<p>Una vez informados los resultados de orden de m\u00e9rito, y al momento del alta, se deber\u00e1 entregar la siguiente documentaci\u00f3n:<\/p>\n\n\n\n<ul>\n<li>Declaraci\u00f3n Jurada de cargos y horas con disponibilidad horaria para el cumplimiento de la secretar\u00eda.<\/li>\n\n\n\n<li>Documentaci\u00f3n Personal y Familiar (DNI de cada integrante, certificados de nacimiento, acta de matrimonio, de concubinato, etc.).<\/li>\n<\/ul>\n\n\n\n<p>Vigencia del llamado: hasta el <strong>mi\u00e9rcoles 25 de marzo de 2026, 20.00 h. <\/strong>Por consultas acercarse a Sede Centro (Pellegrini 390).<\/p>\n\n\n\n<p>Trelew (Ch), 17 de marzo de 2026.<\/p>\n\n\n\n<hr class=\"wp-block-separator has-alpha-channel-opacity\"\/>\n\n\n\n<p><strong>Cobertura: CIPE<\/strong><\/p>\n\n\n\n<p>El Equipo Directivo del ISFD N\u00b0 808 realiza el Primer (1) Llamado docente para el cargo de <strong>Coordinaci\u00f3n de Pol\u00edticas Estudiantiles (CIPE)<\/strong>, en situaci\u00f3n de revista Suplente.<\/p>\n\n\n\n<p><strong>Carga horaria: <\/strong>20 horas reloj semanales (cumplimiento efectivo en Sede Centro y Anexo 730).<\/p>\n\n\n\n<p>Funciones detalladas en el ROM, seg\u00fan art\u00edculos 39 y 40.<\/p>\n\n\n\n<p>Requisitos (excluyentes):<\/p>\n\n\n\n<ul>\n<li>Poseer t\u00edtulo de nivel superior.<\/li>\n\n\n\n<li>Ser docente del Instituto.<\/li>\n\n\n\n<li>Poseer antecedentes profesionales acordes al cargo que se concursa.<\/li>\n\n\n\n<li>Registrar antig\u00fcedad en la docencia de nivel superior, no menor a 5 (cinco) a\u00f1os.<\/li>\n<\/ul>\n\n\n\n<p>Los postulantes deber\u00e1n presentar, adjuntando al cuerpo del mensaje en el correo indicado, la siguiente documentaci\u00f3n (no se acepta el env\u00edo de enlaces):<\/p>\n\n\n\n<ul>\n<li>Curriculum Vitae Actualizado de acuerdo con las plantillas que se encuentran en <a href=\"https:\/\/isfd808-chu.infd.edu.ar\/sitio\/llamado-docente-para-espacio-curricular\/\"><strong>https:\/\/isfd808-chu.infd.edu.ar\/sitio\/llamado-docente-para-espacio-curricular\/<\/strong><\/a> (EXCLUYENTE). Los docentes que no cuenten con documentaci\u00f3n respaldatoria en el legajo, deber\u00e1n actualizar el mismo, previamente enviando con su postulaci\u00f3n documentaci\u00f3n respaldatoria (de lo contrario ser\u00e1 desestimado).<\/li>\n\n\n\n<li>Nota de Adhesi\u00f3n al Plan de Trabajo vigente, de acuerdo con las funciones que estipula el ROM.<\/li>\n\n\n\n<li>Certificado de habilitaci\u00f3n para desempe\u00f1ar cargos p\u00fablicos (excluyente) tramitado en <a href=\"https:\/\/www.argentina.gob.ar\/justicia\/reincidencia\/antecedentespenales\"><strong>https:\/\/www.argentina.gob.ar\/justicia\/reincidencia\/antecedentes penales<\/strong><\/a><\/li>\n<\/ul>\n\n\n\n<p>Enviar toda la documentaci\u00f3n solicitada, por mail a <strong>proyectosisfd808@gmail.com<\/strong>. En el asunto del mail indicar cargo para el que se postula.<\/p>\n\n\n\n<p>Una vez informados los resultados de orden de m\u00e9rito, y al momento del alta, se deber\u00e1 entregar la siguiente documentaci\u00f3n:<\/p>\n\n\n\n<ul>\n<li>Declaraci\u00f3n Jurada de cargos y horas con disponibilidad horaria para el cumplimiento de la coordinaci\u00f3n, considerando una jornada de trabajo en cada una de las sedes: Sede Centro, Anexo 730.<\/li>\n\n\n\n<li>Documentaci\u00f3n Personal y Familiar (DNI de cada integrante, certificados de nacimiento, acta de matrimonio, de concubinato, etc.).<\/li>\n<\/ul>\n\n\n\n<p>Vigencia del llamado: hasta el <strong>mi\u00e9rcoles 25 de marzo de 2026, 20.00 h. <\/strong>Para consultas acercarse a Sede Centro (Pellegrini 390).<\/p>\n\n\n\n<p>Trelew (Ch), 17 de marzo de 2026.<\/p>\n\n\n\n<hr class=\"wp-block-separator has-alpha-channel-opacity\"\/>\n\n\n\n<p><strong>Cobertura: Coordinaci\u00f3n de Anexo<\/strong><\/p>\n\n\n\n<p>El Equipo Directivo del ISFD N\u00b0 808 realiza el Primer (1) Llamado docente para el cargo de <strong>Coordinador de Anexo<\/strong>, en situaci\u00f3n de revista Interina.<\/p>\n\n\n\n<p><strong>Carga horaria: <\/strong>20 horas reloj semanales (cumplimiento efectivo en Sede Anexo 730).<\/p>\n\n\n\n<p>Funciones detalladas en el ROM, seg\u00fan art\u00edculos 58 y 62 del ROM.<\/p>\n\n\n\n<p>Requisitos (excluyentes):<\/p>\n\n\n\n<ul>\n<li>Poseer t\u00edtulo de Nivel Superior.<\/li>\n\n\n\n<li>Poseer antecedentes profesionales acordes al cargo que se concursa.<\/li>\n\n\n\n<li>Registrar antig\u00fcedad en la docencia y\/o en el nivel superior, no menor a 5 (cinco) a\u00f1os.<\/li>\n\n\n\n<li>Estar habilitado\/a para desempe\u00f1ar cargos p\u00fablicos.<\/li>\n<\/ul>\n\n\n\n<p>Los postulantes deber\u00e1n presentarse en el ISFD N\u00b0 808, en Sede Centro (Pellegrini N\u00b0 390) con:<\/p>\n\n\n\n<ul>\n<li>Sobre 1: Proyecto de Gesti\u00f3n&nbsp; con seud\u00f3nimo, sin firma, seg\u00fan plantilla que se encuentra disponible en: <a href=\"https:\/\/docs.google.com\/document\/d\/1cA9RgKkp5LdnwOXlLCe23TKAkTLdT4GbOKrrwjE0cRo\/edit?usp=sharing\">https:\/\/docs.google.com\/document\/d\/1cA9RgKkp5LdnwOXlLCe23TKAkTLdT4GbOKrrwjE0cRo\/edit?usp=sharing<\/a><\/li>\n\n\n\n<li>Sobre 2: Seud\u00f3nimo en el exterior; en el interior debe colocar la siguiente documentaci\u00f3n: Curriculum Vitae Actualizado de acuerdo con las plantillas que se encuentran en <a href=\"https:\/\/isfd808-chu.infd.edu.ar\/sitio\/llamado-docente-para-espacio-curricular\/\"><strong>https:\/\/isfd808-chu.infd.edu.ar\/sitio\/llamado-docente-para-espacio-curricular\/<\/strong><\/a> (EXCLUYENTE). Los docentes que no cuenten con documentaci\u00f3n respaldatoria en el legajo, deber\u00e1n actualizar el mismo, presentando documentaci\u00f3n respaldatoria (de lo contrario ser\u00e1 desestimado). En el Sobre 2 tambi\u00e9n debe constar Certificado de habilitaci\u00f3n para desempe\u00f1ar cargos p\u00fablicos (excluyente) tramitado en <a href=\"https:\/\/www.argentina.gob.ar\/justicia\/reincidencia\/antecedentespenales\"><strong>https:\/\/www.argentina.gob.ar\/justicia\/reincidencia\/antecedentes penales<\/strong><\/a><\/li>\n<\/ul>\n\n\n\n<p>Una vez informados los resultados de orden de m\u00e9rito, seg\u00fan Art\u00edculo 14 del Anexo del ROM, se proceder\u00e1 a la defensa oral de los Planes de Trabajo (fecha a confirmar)<\/p>\n\n\n\n<p>Una vez que el Consejo Institucional se expida, al momento del alta, se deber\u00e1 entregar la siguiente documentaci\u00f3n:<\/p>\n\n\n\n<ul>\n<li>Declaraci\u00f3n Jurada de cargos y horas con disponibilidad horaria para el cumplimiento de la coordinaci\u00f3n, considerando una jornada de trabajo en cada una de las sedes: Sede Centro y Anexo 730.<\/li>\n\n\n\n<li>Documentaci\u00f3n Personal y Familiar (DNI de cada integrante, certificados de nacimiento, acta de matrimonio, de concubinato, etc.).<\/li>\n<\/ul>\n\n\n\n<p>Vigencia del llamado: hasta el <strong>mi\u00e9rcoles 25 de marzo de 2026, 20.00 h. <\/strong>Para consultas acercarse a Sede Centro (Pellegrini 390).<\/p>\n\n\n\n<p>Trelew (Ch), 17 de marzo de 2026.<\/p>\n\n\n\n<p class=\"has-text-align-center\"><\/p>\n\n\n\n<p>El Equipo Directivo del ISFD N\u00b0 808 realiza el Primer (1) Llamado docente para las siguientes Unidades Curriculares, seg\u00fan el siguiente detalle:<\/p>\n\n\n\n<p><br>\u25cf Lectura y Escritura Acad\u00e9mica<br>Asignatura Anual del Primer A\u00f1o del Profesorado de Educaci\u00f3n Secundaria en Matem\u00e1tica<br>Situaci\u00f3n de Revista: Interina<br>Carga horaria: 3 hs + 1 hs de Proyecto de Gesti\u00f3n<br>D\u00edas y horarios: Mi\u00e9rcoles de 20:40 a 22:40 hs.<br>Perfil Docente: Profesor\/a o Licenciado\/a en Lengua y Literatura; Letras; Castellano o Literatura y Lat\u00edn.<\/p>\n\n\n\n<p><br>\u25cf Electromagnetismo<br>Asignatura Anual del Tercer A\u00f1o del Profesorado de Educaci\u00f3n Secundaria en F\u00edsica<br>Situaci\u00f3n de Revista: Suplente<br>Carga horaria: 6 hs + 1 hs de Proyecto de Gesti\u00f3n<br>D\u00edas y horarios: Mi\u00e9rcoles de 20:40 a 22:40 hs y Jueves de 18:30 a 20:30 hs.<br>Perfil Docente: Profesor\/a de F\u00edsica, Profesional en Ciencias F\u00edsicas o afines con experiencia en la ense\u00f1anza de Campos y Ondas Electromagn\u00e9ticas, preferentemente en el Nivel Superior.<\/p>\n\n\n\n<p><br>\u25cf Contextos socio hist\u00f3ricos de la F\u00edsica y la Qu\u00edmica<br>Seminario Anual del Cuarto A\u00f1o del Profesorado de Educaci\u00f3n Secundaria en F\u00edsica y del Profesorado de Educaci\u00f3n Secundaria en Qu\u00edmica<br>Situaci\u00f3n de Revista: Suplente<br>Carga horaria: 3 hs.<br>D\u00edas y horarios: Martes de 20:40 a 22:40 hs<br>Perfil Docente: Profesor\/a de Qu\u00edmica, con orientaci\u00f3n o postitulaci\u00f3n en el campo de la Ense\u00f1anza de las Ciencias Naturales o Epistemolog\u00eda en Ciencias Naturales, y\/o experiencia en la formaci\u00f3n docente de Nivel Superior.<br><\/p>\n\n\n\n<p>Requisitos (excluyentes) para todos los llamados publicados, es necesario presentar:<br>\u25cf Curriculum Vitae actualizado, indicando claramente la Unidad<br>Curricular a la cual se postula, de acuerdo con la plantilla que se<br>encuentra en:<br><a href=\"https:\/\/isfd808-chu.infd.edu.ar\/sitio\/llamado-docente-para-espaciocurricular\/\">https:\/\/isfd808-chu.infd.edu.ar\/sitio\/llamado-docente-para-espaciocurricular\/<\/a>.<br>Para aquellas UC que figura con situaciones de revista interino, adem\u00e1s se debe<br>entregar Proyecto y Programa de Unidad Curricular acorde a los formatos<br>institucionales y el Dise\u00f1o Curricular vigente, disponibles en:<br><a href=\"https:\/\/isfd808-chu.infd.edu.ar\/sitio\/llamado-docente-para-espacio-curricular\/\">https:\/\/isfd808-chu.infd.edu.ar\/sitio\/llamado-docente-para-espacio-curricular\/<\/a>.<br>Toda la documentaci\u00f3n se debe enviar al siguiente correo: <a href=\"mailto:proyectosisfd808@gmail.com\">proyectosisfd808@gmail.com<\/a><br>Las y los docentes que no cuenten con documentaci\u00f3n respaldatoria en el legajo,<br>deber\u00e1n adjuntarla en el correo.<br>Una vez informados los resultados de orden de m\u00e9rito, y al momento del alta,<br>se deber\u00e1 entregar la siguiente documentaci\u00f3n:<br>\u25cf Declaraci\u00f3n Jurada de cargos y horas c\u00e1tedras en formato digital.<br>Presentar impresas del sistema. Tramitado en:<br><a href=\"https:\/\/soft.chubut.edu.ar\/soft\/ddjj\/admin\/login\">https:\/\/soft.chubut.edu.ar\/soft\/ddjj\/admin\/login<\/a><br>\u25cf Documentaci\u00f3n Personal y Familiar (DNI de cada integrante,<br>certificados de nacimiento, acta de matrimonio, de concubinato, etc.) si<br>es que correspondiera.<\/p>\n\n\n\n<p><br>Vigencia del llamado: hasta Lunes 02\/03, 20hs. Por consultas acercarse a Sede<br>Centro (Pellegrini 390).<br>Trelew, 25 de febrero, 2026<\/p>\n\n\n\n<hr class=\"wp-block-separator has-alpha-channel-opacity\"\/>\n\n\n\n<p class=\"has-text-align-center\"><\/p>\n\n\n\n<p>El Equipo Directivo del ISFD N\u00b0 808 realiza el Primer (1) Llamado docente para las siguientes Unidades Curriculares, seg\u00fan el siguiente detalle:<\/p>\n\n\n\n<ul>\n<li><strong>Introducci\u00f3n al An\u00e1lisis de Funciones<\/strong><\/li>\n<\/ul>\n\n\n\n<p>Asignatura Anual de Primer A\u00f1o del Profesorado de Educaci\u00f3n Secundaria en Matem\u00e1tica<\/p>\n\n\n\n<p>Situaci\u00f3n de Revista: Suplente<\/p>\n\n\n\n<p>Carga horaria: 5 hs + 1 hs de Proyecto de Gesti\u00f3n<\/p>\n\n\n\n<p>D\u00edas y horarios: Martes de 18:30 hs a 21:20 hs<\/p>\n\n\n\n<p>Perfil Docente: Profesor\/a de Matem\u00e1tica.<\/p>\n\n\n\n<ul>\n<li><strong>An\u00e1lisis Matem\u00e1tico<\/strong><\/li>\n<\/ul>\n\n\n\n<p>Asignatura Anual de Segundo A\u00f1o del Profesorado de Educaci\u00f3n Secundaria en Matem\u00e1tica<\/p>\n\n\n\n<p>Situaci\u00f3n de Revista: Suplente<\/p>\n\n\n\n<p>Carga horaria: 5 hs + 1 hs de Proyecto de Gesti\u00f3n<\/p>\n\n\n\n<p>D\u00edas y horarios: Mi\u00e9rcoles de 22:00 hs a 22:40 hs y Viernes de 20:40 a 22:40 hs<\/p>\n\n\n\n<p>Perfil Docente: Profesor\/a de Matem\u00e1tica.<\/p>\n\n\n\n<ul>\n<li><strong>Pedagog\u00eda<\/strong><\/li>\n<\/ul>\n\n\n\n<p>Asignatura Cuatrimestral de Primer A\u00f1o del Profesorado de Educaci\u00f3n Secundaria en Matem\u00e1tica<\/p>\n\n\n\n<p>Situaci\u00f3n de Revista: Suplente<\/p>\n\n\n\n<p>Carga horaria: 6 hs + 1 hs de Proyecto de Gesti\u00f3n<\/p>\n\n\n\n<p>D\u00edas y horarios: Martes de 21:20 hs a 22:10 hs y Jueves de 21:20 hs a 22:40 hs<\/p>\n\n\n\n<p>Perfil Docente: Formaci\u00f3n en Ciencias de la Educaci\u00f3n con orientaci\u00f3n y\/o experiencia en el \u00e1rea de la Pedagog\u00eda.<\/p>\n\n\n\n<ul>\n<li><strong>Did\u00e1ctica General<\/strong><\/li>\n<\/ul>\n\n\n\n<p>Asignatura Anual del Primer A\u00f1o del Profesorado de Educaci\u00f3n Primaria<\/p>\n\n\n\n<p>Situaci\u00f3n de Revista: Suplente<\/p>\n\n\n\n<p>Carga horaria: 3 hs<\/p>\n\n\n\n<p>D\u00edas y horarios: Viernes de 19:40 hs a 21:40 hs<\/p>\n\n\n\n<p>Perfil Docente: Formaci\u00f3n en Ciencias de la Educaci\u00f3n o equivalente, con orientaci\u00f3n y\/o experiencia en el \u00e1rea de la Did\u00e1ctica General.<\/p>\n\n\n\n<ul>\n<li><strong>Pedagog\u00eda<\/strong><\/li>\n<\/ul>\n\n\n\n<p>Asignatura Cuatrimestral del Primer A\u00f1o del Profesorado de Educaci\u00f3n Secundaria en F\u00edsica y en el Profesorado de Educaci\u00f3n Secundaria en Qu\u00edmica (c\u00e1tedra unificada)<\/p>\n\n\n\n<p>Situaci\u00f3n de Revista: Interina<\/p>\n\n\n\n<p>Carga horaria: 6 hs + 1 hs de Proyecto de Gesti\u00f3n<\/p>\n\n\n\n<p>D\u00edas y horarios: Mi\u00e9rcoles de 20:40 hs a 22:40 hs y Jueves de 19:50 hs a 20:30 hs<\/p>\n\n\n\n<p>Perfil Docente: Formaci\u00f3n en Ciencias de la Educaci\u00f3n con orientaci\u00f3n y\/o experiencia en el \u00e1rea de la Pedagog\u00eda.&nbsp;<\/p>\n\n\n\n<ul>\n<li><strong>Psicolog\u00eda Educacional<\/strong><\/li>\n<\/ul>\n\n\n\n<p>Asignatura Anual del Primer A\u00f1o del Profesorado de Educaci\u00f3n Secundaria en F\u00edsica y en el Profesorado de Educaci\u00f3n Secundaria en Qu\u00edmica (c\u00e1tedra unificada)<\/p>\n\n\n\n<p>Situaci\u00f3n de Revista: Interina<\/p>\n\n\n\n<p>Carga horaria: 3 hs + 1 hs de Proyecto de Gesti\u00f3n<\/p>\n\n\n\n<p>D\u00edas y horarios: Martes de 18:30 hs a 20:30 hs.<\/p>\n\n\n\n<p>Perfil Docente: Formaci\u00f3n espec\u00edfica en Psicolog\u00eda Educacional y\/o en Ciencias de la Educaci\u00f3n, con orientaci\u00f3n y experiencia en el \u00e1rea de la psicolog\u00eda.<\/p>\n\n\n\n<ul>\n<li><strong>Lectura y Escritura Acad\u00e9mica<\/strong><\/li>\n<\/ul>\n\n\n\n<p>Asignatura Anual del Primer A\u00f1o del Profesorado de Educaci\u00f3n Secundaria en F\u00edsica y en el Profesorado de Educaci\u00f3n Secundaria en Qu\u00edmica (c\u00e1tedra unificada)<\/p>\n\n\n\n<p>Situaci\u00f3n de Revista: Interina<\/p>\n\n\n\n<p>Carga horaria: 3 hs + 1 hs de Proyecto de Gesti\u00f3n<\/p>\n\n\n\n<p>D\u00edas y horarios: Lunes de 18:30 hs a 20:30 hs.<\/p>\n\n\n\n<p>Perfil Docente: Profesor\/a o Licenciado\/a en Lengua y Literatura; Letras; Castellano, o Literatura y Lat\u00edn.<\/p>\n\n\n\n<ul>\n<li><strong>Modelizaci\u00f3n Cient\u00edfica<\/strong><\/li>\n<\/ul>\n\n\n\n<p>Asignatura Cuatrimestral del Primer A\u00f1o del Profesorado de Educaci\u00f3n Secundaria en F\u00edsica.<\/p>\n\n\n\n<p>Situaci\u00f3n de Revista: Interina<\/p>\n\n\n\n<p>Carga horaria: 3 hs + 1 hs de Proyecto de Gesti\u00f3n<\/p>\n\n\n\n<p>D\u00edas y horarios: Mi\u00e9rcoles de 18:30 hs a 20:30 hs.<\/p>\n\n\n\n<p>Perfil Docente: Profesor\/a de F\u00edsica o Profesional de Ciencias F\u00edsicas o afines.<\/p>\n\n\n\n<ul>\n<li><strong>Mec\u00e1nica<\/strong><\/li>\n<\/ul>\n\n\n\n<p>Asignatura Anual del Primer A\u00f1o del Profesorado de Educaci\u00f3n Secundaria en F\u00edsica<\/p>\n\n\n\n<p>Situaci\u00f3n de Revista: Interina<\/p>\n\n\n\n<p>Carga horaria: 6 hs + 1 hs de Proyecto de Gesti\u00f3n<\/p>\n\n\n\n<p>D\u00edas y horarios: Lunes de 22:00 hs a 22:40 hs y Jueves de 20:40 hs a 22:40 hs.<\/p>\n\n\n\n<p>Perfil Docente: Profesor\/a de F\u00edsica, Profesional en Ciencias F\u00edsica o afines con experiencia en la ense\u00f1anza de la Mec\u00e1nica, preferentemente en el Nivel Superior.<\/p>\n\n\n\n<ul>\n<li><strong>Laboratorio de Mec\u00e1nica<\/strong><\/li>\n<\/ul>\n\n\n\n<p>Laboratorio Anual del Primer A\u00f1o del Profesorado de Educaci\u00f3n Secundaria en F\u00edsica<\/p>\n\n\n\n<p>Situaci\u00f3n de Revista: Interina<\/p>\n\n\n\n<p>Carga horaria: 4 hs + 1 hs de Proyecto de Gesti\u00f3n<\/p>\n\n\n\n<p>D\u00edas y horarios: Lunes de 20:40 hs a 22:hs y Jueves de 18:30 hs a 19:50 hs<\/p>\n\n\n\n<p>Perfil Docente: Profesor\/a de F\u00edsica o Profesional en Ciencias F\u00edsica o afines con experiencia en Laboratorios de F\u00edsica.<\/p>\n\n\n\n<ul>\n<li><strong>\u00c1lgebra y Geometr\u00eda<\/strong><\/li>\n<\/ul>\n\n\n\n<p>Asignatura Anual del Primer A\u00f1o del Profesorado de Educaci\u00f3n Secundaria en F\u00edsica<\/p>\n\n\n\n<p>Situaci\u00f3n de Revista: Interina<\/p>\n\n\n\n<p>Carga horaria: 3 hs + 1 hs de Proyecto de Gesti\u00f3n<\/p>\n\n\n\n<p>D\u00edas y horarios: Martes de 20:40 hs a 22:40 hs.<\/p>\n\n\n\n<p>Perfil Docente: Profesor\/a de Matem\u00e1tica, Licenciado\/a en Matem\u00e1tica o afines con experiencia en la ense\u00f1anza de \u00c1lgebra y Geometr\u00eda, preferentemente en el Nivel Superior.<\/p>\n\n\n\n<ul>\n<li><strong>An\u00e1lisis Matem\u00e1tico I<\/strong><\/li>\n<\/ul>\n\n\n\n<p>Asignatura Anual del Primer A\u00f1o del Profesorado de Educaci\u00f3n Secundaria en F\u00edsica<\/p>\n\n\n\n<p>Situaci\u00f3n de Revista: Interina<\/p>\n\n\n\n<p>Carga horaria: 3 hs + 1 hs de Proyecto de Gesti\u00f3n<\/p>\n\n\n\n<p>D\u00edas y horarios: Viernes de 20:40 hs a 22:40 hs<\/p>\n\n\n\n<p>Perfil Docente: Profesor\/a de Matem\u00e1tica, Licenciado\/a en Matem\u00e1tica o afines con experiencia en la ense\u00f1anza de An\u00e1lisis Matem\u00e1tico, preferentemente en el Nivel Secundario.<\/p>\n\n\n\n<ul>\n<li><strong>Pr\u00e1ctica Profesional Docente I<\/strong><\/li>\n<\/ul>\n\n\n\n<p>Pr\u00e1cticas Docentes, R\u00e9gimen de cursado Anual del Primer A\u00f1o del Profesorado de Educaci\u00f3n Secundaria en F\u00edsica y del Profesorado de Educaci\u00f3n Secundaria en Qu\u00edmica (c\u00e1tedra unificada).<\/p>\n\n\n\n<p>Situaci\u00f3n de Revista: Interina<\/p>\n\n\n\n<p>Carga horaria: 4 hs + 1 hs de Proyecto de Gesti\u00f3n<\/p>\n\n\n\n<p>D\u00edas y horarios: Viernes de 18:30 hs a 20:30 hs.<\/p>\n\n\n\n<p>Perfil Docente: Conformaci\u00f3n de pareja pedag\u00f3gica con un\/a profesor\/a de la disciplina, y un\/a profesor\/a o licenciado\/a en Ciencias de la Educaci\u00f3n. En ambos casos se prioriza la experiencia en el Nivel Secundario.<\/p>\n\n\n\n<ul>\n<li><strong>Qu\u00edmica General<\/strong><\/li>\n<\/ul>\n\n\n\n<p>Asignatura Anual del Primer A\u00f1o del Profesorado de Educaci\u00f3n Secundaria en Qu\u00edmica<\/p>\n\n\n\n<p>Situaci\u00f3n de Revista: Interina<\/p>\n\n\n\n<p>Carga horaria: 6 hs + 1 hs de Proyecto de Gesti\u00f3n<\/p>\n\n\n\n<p>D\u00edas y horarios: Mi\u00e9rcoles de 19:10 hs a 20:30 hs y Jueves de 20:40 hs a 22:40 hs.<\/p>\n\n\n\n<p>Perfil Docente: Profesor\/a de Qu\u00edmica o Profesional de Ciencias Qu\u00edmicas o afines con experiencia en la ense\u00f1anza de la Qu\u00edmica, preferentemente en el Nivel Superior.<\/p>\n\n\n\n<ul>\n<li><strong>Matem\u00e1tica<\/strong><\/li>\n<\/ul>\n\n\n\n<p>Asignatura Cuatrimestral del Primer A\u00f1o del Profesorado de Educaci\u00f3n Secundaria en Qu\u00edmica<\/p>\n\n\n\n<p>Situaci\u00f3n de Revista: Interina<\/p>\n\n\n\n<p>Carga horaria: 4 hs + 1 hs de Proyecto de Gesti\u00f3n<\/p>\n\n\n\n<p>D\u00edas y horarios: Lunes de 20:40 hs a 22:40 hs y Mi\u00e9rcoles de 18:30 hs a 19:10 hs<\/p>\n\n\n\n<p>Perfil Docente: Profesor\/a de Matem\u00e1tica con experiencia en la formaci\u00f3n docente de Nivel Superior.<\/p>\n\n\n\n<ul>\n<li><strong>Qu\u00edmica Experimental I<\/strong><\/li>\n<\/ul>\n\n\n\n<p>Laboratorio Anual del Primer A\u00f1o del Profesorado de Educaci\u00f3n Secundaria en Qu\u00edmica<\/p>\n\n\n\n<p>Situaci\u00f3n de Revista: Interina<\/p>\n\n\n\n<p>Carga horaria: 4 hs + 1 hs de Proyecto de Gesti\u00f3n<\/p>\n\n\n\n<p>D\u00edas y horarios: Martes de 20:40 hs a 22:00 hs y Jueves de 18:30 hs a 19:50 hs.<\/p>\n\n\n\n<p>Perfil Docente:&nbsp; Profesor\/a de Qu\u00edmica o Profesional de Ciencias Qu\u00edmicas o afines con experiencia en la ense\u00f1anza de laboratorios de Qu\u00edmica.<\/p>\n\n\n\n<ul>\n<li><strong>Lenguaje de la Qu\u00edmica<\/strong><\/li>\n<\/ul>\n\n\n\n<p>Asignatura Anual del Primer A\u00f1o del Profesorado de Educaci\u00f3n Secundaria en Qu\u00edmica<\/p>\n\n\n\n<p>Situaci\u00f3n de Revista: Interina<\/p>\n\n\n\n<p>Carga horaria: 3 hs + 1 hs de Proyecto de Gesti\u00f3n<\/p>\n\n\n\n<p>D\u00edas y horarios: Viernes de 20:40 hs a 22:40 hs.<\/p>\n\n\n\n<p>Perfil Docente:&nbsp; Profesor\/a de Qu\u00edmica o Profesional de Ciencias Qu\u00edmicas o afines con experiencia en la ense\u00f1anza de la Qu\u00edmica, preferentemente en el Nivel Superior.<\/p>\n\n\n\n<p><strong>Requisitos (excluyentes) para <u>todos<\/u> los llamados publicados, es necesario presentar<\/strong>:<\/p>\n\n\n\n<ul>\n<li>Curriculum Vitae actualizado, indicando claramente la Unidad Curricular a la cual se postula, de acuerdo con la plantilla que se encuentra en: <a href=\"https:\/\/isfd808-chu.infd.edu.ar\/sitio\/llamado-docente-para-espacio-curricular\/\"><strong>https:\/\/isfd808-chu.infd.edu.ar\/sitio\/llamado-docente-para-espacio-curricular\/<\/strong><\/a>.<\/li>\n<\/ul>\n\n\n\n<p>Para aquellas UC que figura con situaciones de revista <strong><u>interino<\/u>, adem\u00e1s se debe entregar Proyecto y Programa de Unidad Curricular <\/strong>acorde a los formatos institucionales y el Dise\u00f1o Curricular vigente, disponibles en: <a href=\"https:\/\/isfd808-chu.infd.edu.ar\/sitio\/llamado-docente-para-espacio-curricular\/\"><strong>https:\/\/isfd808-chu.infd.edu.ar\/sitio\/llamado-docente-para-espacio-curricular\/<\/strong><\/a><strong>.<\/strong><\/p>\n\n\n\n<p><strong>Toda la documentaci\u00f3n se debe enviar al siguiente correo: proyectosisfd808@gmail.com<\/strong><\/p>\n\n\n\n<p>Las y los docentes que no cuenten con documentaci\u00f3n respaldatoria en el legajo, deber\u00e1n adjuntarla en el correo.<\/p>\n\n\n\n<p><strong>Una vez informados los resultados de orden de m\u00e9rito, y al momento del alta, se deber\u00e1 entregar la siguiente documentaci\u00f3n:<\/strong><\/p>\n\n\n\n<ul>\n<li>Declaraci\u00f3n Jurada de cargos y horas c\u00e1tedras en formato digital. Presentar impresas del sistema. Tramitado en:<br><a href=\"https:\/\/soft.chubut.edu.ar\/soft\/ddjj\/admin\/login\"><strong>https:\/\/soft.chubut.edu.ar\/soft\/ddjj\/admin\/login<\/strong><\/a><\/li>\n\n\n\n<li>Documentaci\u00f3n Personal y Familiar (DNI de cada integrante, certificados de nacimiento, acta de matrimonio, de concubinato, etc.) si es que correspondiera.<\/li>\n<\/ul>\n\n\n\n<p><\/p>\n\n\n\n<p>Vigencia del llamado:&nbsp;hasta el martes 24 de FEBRERO&nbsp;de 2026, 20.00 horas.<\/p>\n\n\n\n<p>Trelew (Ch.), 19 Febrero&nbsp;de 2026.<\/p>\n\n\n\n<p><\/p>\n\n\n\n<p><strong>CARGO DE COORDINACI\u00d3N DE INVESTIGACI\u00d3N<\/strong><\/p>\n\n\n\n<p>El Equipo Directivo del ISFD N\u00b0 808 realiza el Primer (1) Llamado docente para el<br>cargo de COORDINACI\u00d3N DE L\u00cdNEA: COORDINACI\u00d3N DE INVESTIGACI\u00d3N, en<br>situaci\u00f3n de revista Suplente.<br>Carga horaria: 12 horas reloj (cumplimiento efectivo en Sede Centro y Anexo 730).<br>Funciones detalladas en el ROM, seg\u00fan art\u00edculos 51 y 52.<br>Requisitos (excluyentes):<\/p>\n\n\n\n<p>\u25cf Poseer t\u00edtulo de nivel superior.<br>\u25cf Poseer antecedentes profesionales acordes al cargo que se concursa.<br>\u25cf Registrar antig\u00fcedad en la docencia de nivel superior, no menor a 5<br>(cinco) a\u00f1os.<br>\u25cf Estar habilitado\/a para desempe\u00f1ar cargos p\u00fablicos.<\/p>\n\n\n\n<p>Los postulantes deber\u00e1n presentar, adjuntando al cuerpo del mensaje en el correo<br>indicado, la siguiente documentaci\u00f3n (no se acepta el env\u00edo de enlaces):<\/p>\n\n\n\n<p>\u25cf Curriculum Vitae Actualizado de acuerdo con las plantillas que se<br>encuentran en <a href=\"https:\/\/isfd808-chu.infd.edu.ar\/sitio\/llamado-docente-para-espacio-curricular\/\">https:\/\/isfd808-chu.infd.edu.ar\/sitio\/llamado-docente-<br>para-espacio-curricular\/<\/a> (EXCLUYENTE). Los docentes que no<br>cuenten con documentaci\u00f3n respaldatoria en el legajo, deber\u00e1n<br>actualizar el mismo.<br>\u25cf Adhesi\u00f3n al Proyecto de Gesti\u00f3n vigente, de acuerdo con las funciones<br>que estipula el ROM.<br>\u25cf Certificado de habilitaci\u00f3n para desempe\u00f1ar cargos p\u00fablicos<br>(excluyente) tramitado en<br><a href=\"https:\/\/www.argentina.gob.ar\/justicia\/reincidencia\/antecedentes penales\">https:\/\/www.argentina.gob.ar\/justicia\/reincidencia\/antecedentes<br>penales<\/a><\/p>\n\n\n\n<p>Enviar toda la documentaci\u00f3n solicitada, por mail a proyectosisfd808@gmail.com.<br>En el asunto del mail indicar cargo para el que se postula y en el cuerpo del mail<br>detallar horarios de cumplimiento considerando una jornada de trabajo en cada una<br>de las sedes: Sede Centro y Anexo 730.<\/p>\n\n\n\n<p>Una vez informados los resultados de orden de m\u00e9rito, y al momento del alta, se<br>deber\u00e1 entregar la siguiente documentaci\u00f3n:<\/p>\n\n\n\n<p>\u25cf Declaraci\u00f3n Jurada de cargos y horas con disponibilidad horaria para el<br>cumplimiento de la coordinaci\u00f3n, considerando una jornada de trabajo<br>en cada una de las sedes: Sede Centro, Anexo 730 y EA Gaiman.<br>\u25cf Documentaci\u00f3n Personal y Familiar (DNI de cada integrante,<br>certificados de nacimiento, acta de matrimonio, de concubinato, etc.).<\/p>\n\n\n\n<p>Vigencia del llamado: hasta el martes 24 de febrero de 2023, 20.00 h. Por consultas<br>acercarse a Sede Centro (Pellegrini 390).<\/p>\n\n\n\n<p>Trelew (Ch), 19 de febrero de 2023.<\/p>\n<\/div>\n<\/div>\n","protected":false},"excerpt":{"rendered":"<p>No hace falta compartir los archivos. Descargar las Plantillas, lo puede realizar desde&nbsp;Archivo \/ Descargar \/ Microsoft Word (.docx)&nbsp;o el Procesador de Texto que deseen. Consultas:&nbsp;proyectosisfd808@gmail.com LLAMADOS 2026 Cobertura: Coordinaci\u00f3n de CARRERA- PROFESORADO PARA LA EDUCACI\u00d3N SECUNDARIA EN F\u00cdSICA Y QU\u00cdMICA ANEXO 730 El Equipo Directivo del ISFD N\u00b0 808 realiza el Primer (1) Llamado &#8230; <a title=\"LLAMADOS DOCENTES 2026\" class=\"read-more\" href=\"https:\/\/isfd808-chu.infd.edu.ar\/sitio\/llamado-docente-para-espacio-curricular\/\" aria-label=\"More on LLAMADOS DOCENTES 2026\">[+]<\/a><\/p>\n","protected":false},"author":4891,"featured_media":0,"parent":0,"menu_order":0,"comment_status":"closed","ping_status":"closed","template":"","meta":[],"acf":[],"_links":{"self":[{"href":"https:\/\/isfd808-chu.infd.edu.ar\/sitio\/wp-json\/wp\/v2\/pages\/4923"}],"collection":[{"href":"https:\/\/isfd808-chu.infd.edu.ar\/sitio\/wp-json\/wp\/v2\/pages"}],"about":[{"href":"https:\/\/isfd808-chu.infd.edu.ar\/sitio\/wp-json\/wp\/v2\/types\/page"}],"author":[{"embeddable":true,"href":"https:\/\/isfd808-chu.infd.edu.ar\/sitio\/wp-json\/wp\/v2\/users\/4891"}],"replies":[{"embeddable":true,"href":"https:\/\/isfd808-chu.infd.edu.ar\/sitio\/wp-json\/wp\/v2\/comments?post=4923"}],"version-history":[{"count":472,"href":"https:\/\/isfd808-chu.infd.edu.ar\/sitio\/wp-json\/wp\/v2\/pages\/4923\/revisions"}],"predecessor-version":[{"id":7613,"href":"https:\/\/isfd808-chu.infd.edu.ar\/sitio\/wp-json\/wp\/v2\/pages\/4923\/revisions\/7613"}],"wp:attachment":[{"href":"https:\/\/isfd808-chu.infd.edu.ar\/sitio\/wp-json\/wp\/v2\/media?parent=4923"}],"curies":[{"name":"wp","href":"https:\/\/api.w.org\/{rel}","templated":true}]}}