{"id":5173,"date":"2023-06-28T18:48:20","date_gmt":"2023-06-28T21:48:20","guid":{"rendered":"https:\/\/isfd808-chu.infd.edu.ar\/sitio\/?page_id=5173"},"modified":"2025-02-19T21:13:06","modified_gmt":"2025-02-20T00:13:06","slug":"autoridades-2022","status":"publish","type":"page","link":"https:\/\/isfd808-chu.infd.edu.ar\/sitio\/autoridades-2022\/","title":{"rendered":"Autoridades anteriores"},"content":{"rendered":"<div style=\"border: 2px solid #595859; border-radius: 5px; padding: 30px; background-image: url('https:\/\/img.freepik.com\/fotos-premium\/explosion-polvo-naranja-abstracto-sobre-fondo-negro-salpicaduras-particulas-polvo-naranja_36326-1802.jpg?w=740'); background-size: cover; background-repeat: no-repeat; background-position: center center; color: #000000; font-family: Verdana, Arial, sans-serif; margin-left: auto; margin-right: auto;\">\n<div style=\"border: 2px solid #595859; border-radius: 5px; padding: 30px; background-image: url('https:\/\/img.freepik.com\/fotos-premium\/explosion-polvo-naranja-abstracto-sobre-fondo-negro-salpicaduras-particulas-polvo-naranja_36326-1802.jpg?w=740'); background-size: cover; background-repeat: no-repeat; background-position: center center; color: #000000; font-family: Verdana, Arial, sans-serif; margin-left: auto; margin-right: auto;\">\n<center><span style=\"font-size: 1.9em;  color: #fff;\"><strong>A\u00f1o 2024<\/strong><\/span><\/center><\/p>\n<div style=\"width: 75%; border-radius: 5px; padding: 40px; color: #000000; text-align: center; background: linear-gradient(60deg, #efa94a, #F4F288); font-family: Arial, Verdana, sans-serif; font-size: 1.1em; margin-left: auto; margin-right: auto; box-shadow: 10px 5px 5px #2F2E2F; border: 1px solid #A4A5A5;\">\n<center><span style=\"font-size: 1.5em; color: #000;\"><strong>Equipo Directivo 2024<\/strong><\/span><\/center><br \/>\n<em><span style=\"font-size: 1em;\">Director: <\/span><\/em><span style=\"font-size: 1.1em;\"> Prof.<strong> Juan Pablo SIMONETTI<\/strong><\/span><br \/>\n<em><span style=\"font-size: 1em;\">Vice directora: <\/span><\/em><span style=\"font-size: 1.1em;\"> Lic.<strong> Silvia ZAMARRE\u00d1O<\/strong><\/span><br \/>\n<em><span style=\"font-size: 1em;\">Secretaria acad\u00e9mica: <\/span><\/em><span style=\"font-size: 1.1em;\"> Prof.<strong> Daniela HUGHES<\/strong><\/span><br \/>\n<em><span style=\"font-size: 1em;\">Secretaria administrativa: <\/span><\/em><span style=\"font-size: 1.1em;\"> Prof. <strong>Gisela CLAVIO<\/strong><\/span><br \/>\n&nbsp;&nbsp;<br \/>\n<center><span style=\"font-size: 1.2em; color: #000; text-align: left;\"><strong>Coordinadores<\/strong><\/span><\/center><br \/>\n<em><span style=\"font-size: 0.9em; text-align: left;\">Extensi\u00f3n Aulica Gaiman: <\/span><\/em><span style=\"font-size: 1em;\"> Prof. <strong>Claudia BALL<\/strong><\/span><br \/>\n<em><span style=\"font-size: 0.9em;\">Sede Anexo 730: <\/span><\/em><span style=\"font-size: 1em;\"> Prof. <strong>Antonella MOLLO<\/strong><\/span><br \/>\n<em><span style=\"font-size: 0.9em;\">Profesorado de Educaci\u00f3n Primaria: <\/span><\/em><span style=\"font-size: 1em;\"> Prof. <strong>Gabriela JARAMILLO<\/strong><\/span><br \/>\n<em><span style=\"font-size: 0.9em;\">Profesorado de Educaci\u00f3n Secundaria en Matem\u00e1tica: <\/span><\/em><span style=\"font-size: 1em;\"> Prof. <strong>Vanesa VARGAS<\/strong><\/span><br \/>\n<em><span style=\"font-size: 0.9em;\">Profesorado de Educaci\u00f3n Secundaria en F\u00edsica y Qu\u00edmica: <\/span><\/em><span style=\"font-size: 1em;\"> Prof. <strong>Norma JONES<\/strong><\/span><br \/>\n<em><span style=\"font-size: 0.9em;\">Oficina de Estudiantes &#8211; CIPE: <\/span><\/em><span style=\"font-size: 1em;\">Prof<\/span><span style=\"font-size: 1em;\">. <strong>Ver\u00f3nica RAGGIO<\/strong><\/span><br \/>\n<em><span style=\"font-size: 0.9em;\">Desarrollo Profesional y Acompa\u00f1amiento Pedag\u00f3gico: <\/span><\/em><span style=\"font-size: 1em;\">Prof<\/span><span style=\"font-size: 1em;\">. <strong>Paula GAREIS<\/strong><\/span><br \/>\n<em><span style=\"font-size: 0.9em;\">Investigaci\u00f3n educativa: <\/span><\/em><span style=\"font-size: 1em;\">Prof<\/span><span style=\"font-size: 1em;\">. <strong>Anabel CALDERON<\/strong><\/span><br \/>\n<em><span style=\"font-size: 0.9em;\">Centro de Recursos Tecnol\u00f3gicos: <\/span><\/em><span style=\"font-size: 1em;\">Prof<\/span><span style=\"font-size: 1em;\">. <strong>Lautaro HUALPA<\/strong><\/span><\/p>\n<p><center><span style=\"font-size: 1.2em; color: #000;\"><strong>Bedeles<\/strong><\/span><\/center><br \/>\n<em><span style=\"font-size: 0.9em;\">Sede Centro: <\/span><\/em><span style=\"font-size: 1em;\"> <strong>Gladys PIRIS y Eluney EVANS<\/strong><\/span><span style=\"font-size: .9em;\"><\/span><br \/>\n<em><span style=\"font-size: 0.9em;\">E.A. Gaiman: <\/span><\/em><span style=\"font-size: 1em;\"> <strong>Ver\u00f3nica FAIMALI y Karina L\u00c1ZARO<\/strong><\/span><span style=\"font-size: .9em;\"><\/span><br \/>\n<em><span style=\"font-size: 0.9em;\">Anexo 730: <\/span><\/em><span style=\"font-size: 1em;\"><strong>Marisa VALLEJOS y Omar HUDSON<\/strong><\/span><span style=\"font-size: .9em;\"><\/span><\/p>\n<p><center><span style=\"font-size: 1.2em; color: #000;\"><strong>Biblioteca CHECHA COMES<\/strong><\/span><\/center><em><span style=\"font-size: 0.9em;\">Bibliotecaria: <\/span><\/em><span style=\"font-size: 1em;\"> <strong>Lic. Liliana MU\u00d1OZ y Liliana VELAZQUEZ<\/strong><\/span><\/p>\n<p><center><span style=\"font-size: 1.2em; color: #000;\"><strong>Administrador del Campus Virtual, web y RR.SS.<\/strong><\/span><br \/>\n<em><span style=\"font-size: 0.9em;\">Prof: <\/span><\/em><span style=\"font-size: 1em;\"> <strong>Francisco BRRAS CRUZ<\/strong><\/span><\/center><\/div>\n<p><b><br \/>\n<\/b><\/p>\n<\/div>\n<p>&nbsp;<\/p>\n<div style=\"border: 2px solid #595859; border-radius: 5px; padding: 30px; background-image: url('https:\/\/media.istockphoto.com\/id\/1254322642\/es\/foto\/textura-de-fondo-marr%C3%B3n-en-dise%C3%B1o-de-color-caf%C3%A9-oscuro-viejo-papel-marr%C3%B3n-vintage-o-bandera-de.jpg?s=612x612&amp;w=0&amp;k=20&amp;c=d14YBrSw-EoJtgC1dt9zFcJ7uUO16Re-F1oGKnbZd24='); background-size: cover; background-repeat: no-repeat; background-position: center center; color: #000000; font-family: Verdana, Arial, sans-serif; margin-left: auto; margin-right: auto;\">\n<center><span style=\"font-size: 1.9em;  color: #fff;\"><strong>A\u00f1o 2022<\/strong><\/span><\/center><\/p>\n<div style=\"width: 75%; border-radius: 5px; padding: 40px; color: #000000; text-align: center; background: linear-gradient(60deg, #F3F680, #F3F680); font-family: Arial, Verdana, sans-serif; font-size: 1.1em; margin-left: auto; margin-right: auto; box-shadow: 10px 5px 5px #2F2E2F; border: 1px solid #A4A5A5;\">\n<center><span style=\"font-size: 1.2em;  color: #000;\"><strong>Equipo Directivo 2022<\/strong><\/span><\/center><br \/>\n<em><span style=\"font-size: 1em;\">Directora: <\/span><\/em><span style=\"font-size: 1.1em;\"> Mag.<strong> Ver\u00f3nica CATEBIEL<\/strong><\/span><br \/>\n<em><span style=\"font-size: 1em;\">Vice director: <\/span><\/em><span style=\"font-size: 1.1em;\"> Prof.<strong> Juan Pablo SIMONETTI<\/strong><\/span><br \/>\n<em><span style=\"font-size: 1em;\">Secretaria acad\u00e9mica: <\/span><\/em><span style=\"font-size: 1.1em;\"> Lic.<strong> Silvia ZAMARRE\u00d1O<\/strong><\/span><br \/>\n<em><span style=\"font-size: 1em;\">Secretaria administrativa: <\/span><\/em><span style=\"font-size: 1.1em;\"> Prof. <strong>Gisela CLAVIO<\/strong><\/span><\/p>\n<div>&nbsp;<\/div>\n<p><center><span style=\"font-size: 1.2em;  color: #000;\"><strong>Coordinadores<\/strong><\/span><\/center><br \/>\n<em><span style=\"font-size: 1em;\">Sede Centro y Extensi\u00f3n Aulica Gaiman: <\/span><\/em><span style=\"font-size: 1em;\"> Prof. <strong>Mar\u00edn AGUILAR CORNIER<\/strong><\/span><br \/>\n<em><span style=\"font-size: 1em;\">Profesorado de Educaci\u00f3n Primaria: <\/span><\/em><span style=\"font-size: 1em;\"> Prof. <strong>Gabriela JARAMILLO<\/strong><\/span><br \/>\n<em><span style=\"font-size: 1em;\">Sede Anexo 730: <\/span><\/em><span style=\"font-size: 1em;\"> Prof. <strong>Bruno CHIACCHIO<\/strong><\/span><br \/>\n<em><span style=\"font-size: 1em;\">Oficina de Estudiantes &#8211; CIPE: <\/span><\/em><span style=\"font-size: 1em;\">Prof<\/span><span style=\"font-size: 1em;\">. <strong>Olga VICENTE y Flavia MATTANO<\/strong><\/span><\/p>\n<div>&nbsp;<\/div>\n<p><center><span style=\"font-size: 1.2em; color: #000;\"><strong>Bedeles<\/strong><\/span><\/center><br \/>\n<em><span style=\"font-size: 1em;\">Sede Centro: <\/span><\/em><span style=\"font-size: 1em;\"> <strong>Gladys PIRIS y Eluney EVANS<\/strong><\/span><br \/>\n<em><span style=\"font-size: 1em;\">E.A. Gaiman: <\/span><\/em><span style=\"font-size: 1em;\"> <strong>Viviana EVANS y Veronica FAIMALI<\/strong><\/span><br \/>\n<em><span style=\"font-size: 1em;\">Anexo 730: <\/span><\/em><span style=\"font-size: 1em;\"><strong>Marisa VALLEJOS y Omar HUDSON<\/strong><\/span><\/p>\n<div>&nbsp;<\/div>\n<p><center><span style=\"font-size: 1.2em; color: #000;\"><strong>Biblioteca CHECHA COMES<\/strong><\/span><br \/>\n<em><span style=\"font-size: 1em;\">Bibliotecaria: <\/span><\/em><span style=\"font-size: 1em;\"> <strong>Lic. Liliana MU\u00d1OZ<\/strong><\/span><\/center><br \/>\n<center><span style=\"font-size: 1.2em; color: #000;\"><strong>Administrador del Campus Virtual, web y RR.SS.<\/strong><\/span><br \/>\n<em><span style=\"font-size: 1em;\">Prof: <\/span><\/em><span style=\"font-size: 1em;\"> <strong>Francisco BRRAS CRUZ<\/strong><\/span><\/center><\/div>\n<\/div>\n<p>&nbsp;<\/p>\n<div style=\"border: 2px solid #595859; border-radius: 5px; padding: 30px; background-image: url('https:\/\/img.freepik.com\/fotos-premium\/explosion-polvo-naranja-abstracto-sobre-fondo-negro-salpicaduras-particulas-polvo-naranja_36326-1802.jpg?w=740'); background-size: cover; background-repeat: no-repeat; background-position: center center; color: #000000; font-family: Verdana, Arial, sans-serif; margin-left: auto; margin-right: auto;\">\n<center><span style=\"font-size: 1.9em;  color: #fff;\"><strong>A\u00f1o 2021<\/strong><\/span><\/center><\/p>\n<div style=\"width: 75%; border-radius: 5px; padding: 40px; color: #000000; text-align: center; background: linear-gradient(60deg, #efa94a, #F4F288); font-family: Arial, Verdana, sans-serif; font-size: 1.1em; margin-left: auto; margin-right: auto; box-shadow: 10px 5px 5px #2F2E2F; border: 1px solid #A4A5A5;\">\n<center><span style=\"font-size: 1.5em;  color: #000;\"><strong>Equipo Directivo 2021<\/strong><\/span><\/center><br \/>\n<em><span style=\"font-size: 1em;\">Directora: <\/span><\/em><span style=\"font-size: 1.1em;\"> Dra.<strong> Cora RAMPOLDI<\/strong><\/span><br \/>\n<em><span style=\"font-size: 1em;\">Vice directora: <\/span><\/em><span style=\"font-size: 1.1em;\"> Mag.<strong> Ver\u00f3nica CATEBIEL<\/strong><\/span><br \/>\n<em><span style=\"font-size: 1em;\">Secretaria acad\u00e9mica: <\/span><\/em><span style=\"font-size: 1.1em;\"> Lic.<strong> Silvia ZAMARRE\u00d1O<\/strong><\/span><br \/>\n<em><span style=\"font-size: 1em;\">Secretario administrativo: <\/span><\/em><span style=\"font-size: 1.1em;\"> Prof. <strong>Santiago AGUILA<\/strong><\/span><\/p>\n<p><center><span style=\"font-size: 1.2em;  color: #000;\"><strong>Coordinadores<\/strong><\/span><\/center><br \/>\n<em><span style=\"font-size: 1em;\">Sede Centro y Extensi\u00f3n Aulica Gaiman: <\/span><\/em><span style=\"font-size: 1em;\"> Prof. <strong>Mar\u00edn AGUILAR CORNIER<\/strong><\/span><br \/>\n<em><span style=\"font-size: 1em;\">Sede Anexo 730: <\/span><\/em><span style=\"font-size: 1em;\"> Prof. <strong>Bruno CHIACCHIO<\/strong><\/span><br \/>\n<em><span style=\"font-size: 1em;\">Oficina de Estudiantes &#8211; CIPE: <\/span><\/em><span style=\"font-size: 1em;\">Prof<\/span><span style=\"font-size: 1em;\">. <strong>Olga VICENTE y Flavia MATTANO<\/strong><\/span><\/p>\n<p><center><span style=\"font-size: 1.2em; color: #000;\"><strong>Bedeles<\/strong><\/span><\/center><br \/>\n<em><span style=\"font-size: 1em;\">Sede Centro: <\/span><\/em><span style=\"font-size: 1em;\"> <strong>Gladys PIRIS y Eluney EVANS<\/strong><\/span><span style=\"font-size: .9em;\"><\/span><br \/>\n<em><span style=\"font-size: 1em;\">E.A. Gaiman: <\/span><\/em><span style=\"font-size: 1em;\"> <strong>Viviana EVANS<\/strong><\/span><span style=\"font-size: .9em;\"><\/span><br \/>\n<em><span style=\"font-size: 1em;\">Anexo 730: <\/span><\/em><span style=\"font-size: 1em;\"><strong>Marisa VALLEJOS y Omar HUDSON<\/strong><\/span><span style=\"font-size: .9em;\"><\/span><\/p>\n<p><center><span style=\"font-size: 1.2em;  color: #000;\"><strong>Biblioteca CHECHA COMES<\/strong><\/span><\/center><em><span style=\"font-size: 1em;\">Bibliotecaria: <\/span><\/em><span style=\"font-size: 1em;\"> <strong>Lic. Liliana MU\u00d1OZ<\/strong><\/span><\/p>\n<p><center><span style=\"font-size: 1.2em; color: #000;\"><strong>Administrador del Campus Virtual, web y RR.SS.<\/strong><\/span><br \/>\n<em><span style=\"font-size: 1em;\">Prof: <\/span><\/em><span style=\"font-size: 1em;\"> <strong>Francisco BRRAS CRUZ<\/strong><\/span><\/center><\/div>\n<p><b><br \/>\n<\/b><\/p>\n<\/div>\n<p>&nbsp;<\/p>\n<div style=\"border: 2px solid #595859; border-radius: 5px; padding: 30px; background-image: url('https:\/\/png.pngtree.com\/thumb_back\/fw800\/background\/20191025\/pngtree-orange-smoke-in-dark-backkground-image_320071.jpg'); background-size: cover; background-repeat: no-repeat; background-position: center center; color: #000000; font-family: Verdana, Arial, sans-serif; margin-left: auto; margin-right: auto;\">\n<center><span style=\"font-size: 1.9em;  color: #fff;\"><strong>A\u00f1o 2020<\/strong><\/span><\/center><\/p>\n<div style=\"width: 75%; border-radius: 5px; padding: 40px; color: #000000; text-align: center; background: linear-gradient(60deg, #F6F26D, #F6F26D); font-family: Arial, Verdana, sans-serif; font-size: 1.1em; margin-left: auto; margin-right: auto; box-shadow: 10px 5px 5px #2F2E2F; border: 1px solid #A4A5A5;\">\n<center><span style=\"font-size: 1.5em;  color: #000;\"><strong>Equipo Directivo 2020<\/strong><\/span><\/center><br \/>\n<em><span style=\"font-size: 1em;\">Directora: <\/span><\/em><span style=\"font-size: 1.1em;\"> Dra.<strong> Cora RAMPOLDI<\/strong><\/span><br \/>\n<em><span style=\"font-size: 1em;\">Vice directora: <\/span><\/em><span style=\"font-size: 1.1em;\"> Mag.<strong> Ver\u00f3nica CATEBIEL<\/strong><\/span><br \/>\n<em><span style=\"font-size: 1em;\">Secretaria acad\u00e9mica: <\/span><\/em><span style=\"font-size: 1.1em;\"> Lic.<strong> Silvia ZAMARRE\u00d1O<\/strong><\/span><br \/>\n<em><span style=\"font-size: 1em;\">Secretario administrativo: <\/span><\/em><span style=\"font-size: 1.1em;\"> Prof. <strong>Santiago AGUILA<\/strong><\/span><\/p>\n<p><center><span style=\"font-size: 1.2em;  color: #000;\"><strong>Coordinadores<\/strong><\/span><\/center><br \/>\n<em><span style=\"font-size: 1em;\">Sede Centro y Extensi\u00f3n Aulica Gaiman: <\/span><\/em><span style=\"font-size: 1em;\"> Prof. <strong>Mar\u00edn AGUILAR CORNIER<\/strong><\/span><br \/>\n<em><span style=\"font-size: 1em;\">Coordinadora de Desarrollo Profesional: <\/span><\/em><span style=\"font-size: 1em;\"> Prof. <strong>Gisela CLAVIO<\/strong><\/span><\/p>\n<p><center><span style=\"font-size: 1.2em; color: #000;\"><strong>Bedeles<\/strong><\/span><\/center><br \/>\n<em><span style=\"font-size: 1em;\">Sede Centro: <\/span><\/em><span style=\"font-size: 1em;\"> <strong>Flavia MATTANO y Liliana VELAZQUEZ<\/strong><\/span><span style=\"font-size: .9em;\"><\/span><br \/>\n<em><span style=\"font-size: 1em;\">E.A. Gaiman: <\/span><\/em><span style=\"font-size: 1em;\"> <strong>Viviana EVANS<\/strong><\/span><span style=\"font-size: .9em;\"><\/span><br \/>\n<em><span style=\"font-size: 1em;\">Anexo 730: <\/span><\/em><span style=\"font-size: 1em;\"><strong>Marisa VALLEJOS y Omar HUDSON<\/strong><\/span><span style=\"font-size: .9em;\"><\/span><\/p>\n<p><center><span style=\"font-size: 1.2em;  color: #000;\"><strong>Biblioteca CHECHA COMES<\/strong><\/span><\/center><em><span style=\"font-size: 1em;\">Bibliotecaria: <\/span><\/em><span style=\"font-size: 1em;\"> <strong>Lic. Liliana MU\u00d1OZ<\/strong><\/span><\/p>\n<p><center><span style=\"font-size: 1.2em; color: #000;\"><strong>Administrador del Campus Virtual, web y RR.SS.<\/strong><\/span><br \/>\n<span style=\"font-size: 1em;\"> <strong>Francisco BRRAS CRUZ<\/strong><\/span><\/center><\/div>\n<\/div>\n<p>&nbsp;<\/p>\n<div style=\"border: 2px solid #595859; border-radius: 5px; padding: 30px; background-image: url('https:\/\/fondosmil.com\/fondo\/32127.jpg'); background-size: cover; background-repeat: no-repeat; background-position: center center; color: #000000; font-family: Verdana, Arial, sans-serif; margin-left: auto; margin-right: auto;\">\n<center><span style=\"font-size: 1.9em;  color: #fff;\"><strong>A\u00f1o 2016<\/strong><\/span><\/center><\/p>\n<div style=\"width: 75%; border-radius: 5px; padding: 40px; color: #000000; text-align: center; background: linear-gradient(90deg, #EDEF6A, #EFB56A); font-family: Arial, Verdana, sans-serif; font-size: 1.1em; margin-left: auto; margin-right: auto; box-shadow: 10px 5px 5px #2F2E2F; border: 1px solid #A4A5A5;\">\n<center><span style=\"font-size: 1.5em;  color: #000;\"><strong>Equipo Directivo 2016<\/strong><\/span><\/center><br \/>\n<em><span style=\"font-size: 1em;\">Director: <\/span><\/em><span style=\"font-size: 1.1em;\"> Prof.<strong> Jos\u00e9 Mar\u00eda CRACCO<\/strong><\/span><br \/>\n<em><span style=\"font-size: 1em;\">Secretario administrativo: <\/span><\/em><span style=\"font-size: 1.1em;\"> Prof. <strong>Santiago AGUILA<\/strong><\/span><\/p>\n<p><center><span style=\"font-size: 1.2em;  color: #000;\"><strong>Coordinadores<\/strong><\/span><\/center><br \/>\n<em><span style=\"font-size: 1em;\">Capacitaci\u00f3n y Extensi\u00f3n: <\/span><\/em><span style=\"font-size: 1em;\"> Prof. <strong>Mar\u00eda de los Angeles BOBBIO<\/strong><\/span><br \/>\n<em><span style=\"font-size: 1em;\">Formaci\u00f3n Inicial: <\/span><\/em><span style=\"font-size: 1em;\"> Lic. <strong>Silvia ZAMARRE\u00d1O<\/strong><\/span><br \/>\n<em><span style=\"font-size: 1em;\">Sede Anexo 730: <\/span><\/em><span style=\"font-size: 1em;\"> Prof.<strong> Marcelo VISOTTO<\/strong><\/span><\/p>\n<p><center><span style=\"font-size: 1.2em; color: #000;\"><strong>Bedeles<\/strong><\/span><\/center><br \/>\n<em><span style=\"font-size: 1em;\">Sede Centro: <\/span><\/em><span style=\"font-size: 1em;\"> <strong>Flavia MATTANO y Liliana VELAZQUEZ<\/strong><\/span><span style=\"font-size: .9em;\"><\/span><br \/>\n<em><span style=\"font-size: 1em;\">E.A. Gaiman: <\/span><\/em><span style=\"font-size: 1em;\"> <strong>Viviana EVANS<\/strong><\/span><span style=\"font-size: .9em;\"><\/span><br \/>\n<em><span style=\"font-size: 1em;\">Anexo 730: <\/span><\/em><span style=\"font-size: 1em;\"><strong>Marisa VALLEJOS y Omar HUDSON<\/strong><\/span><span style=\"font-size: .9em;\"><\/span><\/p>\n<p><center><span style=\"font-size: 1.2em;  color: #000;\"><strong>Biblioteca CHECHA COMES<\/strong><\/span><\/center><em><span style=\"font-size: 1em;\">Bibliotecaria: <\/span><\/em><span style=\"font-size: 1em;\"> <strong>Miriam GARAYALDE<\/strong><\/span><\/p>\n<p><center><span style=\"font-size: 1.2em; color: #000;\"><strong>Administrador del Campus Virtual, web y RR.SS.<\/strong><\/span><br \/>\n<span style=\"font-size: 1em;\"> <strong>Francisco BRRAS CRUZ<\/strong><\/span><\/center><\/div>\n<p><b><br \/>\n<\/b><\/p>\n<\/div>\n<\/div>\n","protected":false},"excerpt":{"rendered":"<p>A\u00f1o 2024 Equipo Directivo 2024 Director: Prof. Juan Pablo SIMONETTI Vice directora: Lic. Silvia ZAMARRE\u00d1O Secretaria acad\u00e9mica: Prof. Daniela HUGHES Secretaria administrativa: Prof. Gisela CLAVIO &nbsp;&nbsp; Coordinadores Extensi\u00f3n Aulica Gaiman: Prof. Claudia BALL Sede Anexo 730: Prof. Antonella MOLLO Profesorado de Educaci\u00f3n Primaria: Prof. Gabriela JARAMILLO Profesorado de Educaci\u00f3n Secundaria en Matem\u00e1tica: Prof. Vanesa VARGAS &#8230; <a title=\"Autoridades anteriores\" class=\"read-more\" href=\"https:\/\/isfd808-chu.infd.edu.ar\/sitio\/autoridades-2022\/\" aria-label=\"More on Autoridades anteriores\">[+]<\/a><\/p>\n","protected":false},"author":352,"featured_media":0,"parent":0,"menu_order":0,"comment_status":"closed","ping_status":"closed","template":"","meta":[],"acf":[],"_links":{"self":[{"href":"https:\/\/isfd808-chu.infd.edu.ar\/sitio\/wp-json\/wp\/v2\/pages\/5173"}],"collection":[{"href":"https:\/\/isfd808-chu.infd.edu.ar\/sitio\/wp-json\/wp\/v2\/pages"}],"about":[{"href":"https:\/\/isfd808-chu.infd.edu.ar\/sitio\/wp-json\/wp\/v2\/types\/page"}],"author":[{"embeddable":true,"href":"https:\/\/isfd808-chu.infd.edu.ar\/sitio\/wp-json\/wp\/v2\/users\/352"}],"replies":[{"embeddable":true,"href":"https:\/\/isfd808-chu.infd.edu.ar\/sitio\/wp-json\/wp\/v2\/comments?post=5173"}],"version-history":[{"count":34,"href":"https:\/\/isfd808-chu.infd.edu.ar\/sitio\/wp-json\/wp\/v2\/pages\/5173\/revisions"}],"predecessor-version":[{"id":7295,"href":"https:\/\/isfd808-chu.infd.edu.ar\/sitio\/wp-json\/wp\/v2\/pages\/5173\/revisions\/7295"}],"wp:attachment":[{"href":"https:\/\/isfd808-chu.infd.edu.ar\/sitio\/wp-json\/wp\/v2\/media?parent=5173"}],"curies":[{"name":"wp","href":"https:\/\/api.w.org\/{rel}","templated":true}]}}