{"id":5943,"date":"2024-02-25T16:52:18","date_gmt":"2024-02-25T19:52:18","guid":{"rendered":"https:\/\/isfd808-chu.infd.edu.ar\/sitio\/?page_id=5943"},"modified":"2024-02-25T16:54:12","modified_gmt":"2024-02-25T19:54:12","slug":"llamado-docente-ano-2023","status":"publish","type":"page","link":"https:\/\/isfd808-chu.infd.edu.ar\/sitio\/llamado-docente-para-espacio-curricular\/llamado-docente-ano-2023\/","title":{"rendered":"Llamado Docente a\u00f1o 2023"},"content":{"rendered":"<div style=\"border-radius: 5px; padding: 40px; color: #000000; text-align: center; background-image: url('https:\/\/us.123rf.com\/450wm\/narutotootee\/narutotootee1306\/narutotootee130600133\/20433785-fondo-oscuro-de-la-tecnolog%C3%ADa-de-color-naranja-.jpg'); background-size: cover; background-repeat: no-repeat; background-position: center center; font-family: Arial, Verdana, sans-serif; font-size: 1.2em; margin-left: auto; margin-right: auto;\">\n<div style=\"width: 75%; border-radius: 5px; padding: 40px; color: #000000; text-align: center; background: linear-gradient(60deg, #F3F680, #F3F680); font-family: Arial, Verdana, sans-serif; font-size: 1.1em; margin-left: auto; margin-right: auto; box-shadow: 10px 5px 5px #424343; border: 3px solid #ffffff;\">\n<ul>\n<li style=\"text-align: left;\">Plantilla para <a href=\"https:\/\/docs.google.com\/document\/d\/1KsJKx4KZ5pQmfXe26k3gjytt44gBw-z7\/edit?usp=sharing&amp;ouid=109800395473242682282&amp;rtpof=true&amp;sd=true\" target=\"_blank\" rel=\"noopener\"><strong>CURRICULUM VITAE<\/strong><\/a><\/li>\n<li style=\"text-align: left;\">Plantilla para <a href=\"https:\/\/docs.google.com\/document\/d\/1jj3oOL07MG9etxTeVGnu7HObTREPsUXQ\/edit?usp=sharing&amp;ouid=109800395473242682282&amp;rtpof=true&amp;sd=true\" target=\"_blank\" rel=\"noopener\"><strong>PROGRAMA PARA ESPACIO CURRICULAR<\/strong><\/a><\/li>\n<li style=\"text-align: left;\">Plantilla para <a href=\"https:\/\/docs.google.com\/document\/d\/1FiW3TH3tNTfhs0hwn3i6jeyQxR1FKRzu\/edit?usp=sharing&amp;ouid=109800395473242682282&amp;rtpof=true&amp;sd=true\" target=\"_blank\" rel=\"noopener\"><strong>PROYECTO PARA ESPACIO CURRICULAR<\/strong><\/a><\/li>\n<li style=\"text-align: left;\">Plantilla para <a href=\"https:\/\/docs.google.com\/document\/d\/1wAinblCrLfIVKpESZYl6Rk-fcfmmxqqC\/edit?usp=sharing&amp;ouid=109800395473242682282&amp;rtpof=true&amp;sd=true\" target=\"_blank\" rel=\"noopener\"><strong>PROYECTO DE GESTI\u00d3N<\/strong><\/a><\/li>\n<li style=\"text-align: left;\"><strong>ROM<\/strong><a href=\"https:\/\/drive.google.com\/file\/d\/1Hqlw29OSOeBIbsFEsgN4ZmUuN7f4zv_u\/view?usp=sharing\" target=\"_blank\" rel=\"noopener\"> Reglamento Org\u00e1nico Marco para la Educaci\u00f3n Superior<\/a><\/li>\n<\/ul>\n<p style=\"font-size: 0.8em;\">Para <strong>descargar las Plantillas<\/strong>, lo puede realizar desde <strong>Archivo \/ Descargar \/ Microsoft Word (.docx)<\/strong> o el Procesador de Texto que deseen.<\/p>\n<p><em>Consultas:<\/em> <a href=\"mailto:proyectosisfd808@gmail.com\"><strong>proyectosisfd808@gmail.com<\/strong><\/a><\/p>\n<\/div>\n<\/div>\n<div style=\"border-radius: 5px; padding: 40px; color: #000000; text-align: center; background-image: url('https:\/\/us.123rf.com\/450wm\/narutotootee\/narutotootee1306\/narutotootee130600133\/20433785-fondo-oscuro-de-la-tecnolog%C3%ADa-de-color-naranja-.jpg'); background-size: cover; background-repeat: no-repeat; background-position: center center; font-family: Arial, Verdana, sans-serif; font-size: 1.2em; margin-left: auto; margin-right: auto;\">\n<div style=\"border-radius: 5px; padding: 40px; color: #000000; background: linear-gradient(50deg, #fff, #fff); font-family: Arial, Verdana, sans-serif; font-size: 1em; margin-left: auto; margin-right: auto; border: 5px solid #de0100; text-align: left;\">\n<p>El Equipo Directivo del ISFD 808 realiza el <strong>Primer Llamado<\/strong> para la actualizaci\u00f3n de proyectos vigentes de las siguientes unidades curriculares en car\u00e1cter de interino, de acuerdo con la renovaci\u00f3n de Dise\u00f1o Curricular y seg\u00fan detalle:<\/p>\n<p><strong>PROF. DE EDUCACI\u00d3N PRIMARIA \u2013 Res. 328\/20 <\/strong><\/p>\n<p><strong>Sede Centro \u2013 3\u00ba a\u00f1o<\/strong><\/p>\n<ul>\n<li><strong>Derechos Humanos y Ciudadan\u00eda &#8211; <\/strong>Asignatura &#8211; 1\u00b0 cuatrimestre<\/li>\n<\/ul>\n<p><strong>Carga horaria:<\/strong>&nbsp;3hs c\u00e1tedra.<\/p>\n<p><strong>Perfil docente<\/strong>: Profesor\/a o Licenciado\/a en Historia; Profesor\/a o Licenciado\/a en Ciencia Pol\u00edtica; Profesor\/a en Formaci\u00f3n \u00c9tica y Ciudadana; Profesor\/a o Licenciado\/ con formaci\u00f3n en Ciencias Sociales o Humanas con experiencia en Educaci\u00f3n. En todos los casos con especializaci\u00f3n y\/o formaci\u00f3n en Derechos Humanos<\/p>\n<p><\/p>\n<ul>\n<li><strong>Sociolog\u00eda de la Educaci\u00f3n<\/strong> \u2013 Asignatura &#8211; 2\u00b0 cuatrimestre<\/li>\n<\/ul>\n<p><strong>Carga horaria<\/strong>: 4hs. c\u00e1tedra<\/p>\n<p><strong>Perfil docente<\/strong>: Formaci\u00f3n espec\u00edfica en Sociolog\u00eda, con formaci\u00f3n continua y\/o experiencia en Educaci\u00f3n; o formaci\u00f3n en Ciencias de la Educaci\u00f3n, con formaci\u00f3n continua y\/o experiencia en Sociolog\u00eda. Se recomienda priorizar la experiencia docente en el sistema educativo.<\/p>\n<p><\/p>\n<ul>\n<li><strong>Educaci\u00f3n Digital-<\/strong> Taller &#8211; Anual<\/li>\n<\/ul>\n<p><strong>Carga horaria<\/strong><strong>:<\/strong> 3hs c\u00e1tedra.<\/p>\n<p><strong>Perfil docente:<\/strong> Profesor\/a, preferentemente de Educaci\u00f3n Primaria, con Especializaci\u00f3n en Educaci\u00f3n y TIC o similar; o profesional con formaci\u00f3n en Ciencias de la Educaci\u00f3n con orientaci\u00f3n y\/o experiencia en Educaci\u00f3n Digital. En ambos casos se debe priorizar la experiencia en el sistema educativo<\/p>\n<p><strong>&nbsp;<\/strong><\/p>\n<ul>\n<li><strong>Did\u00e1ctica de la Educaci\u00f3n Tecnol\u00f3gica &#8211; <\/strong>Asignatura &#8211; Anual<\/li>\n<\/ul>\n<p><strong>Carga horaria<\/strong><strong>:<\/strong> 4hs c\u00e1tedra<\/p>\n<p><strong>Perfil docente:<\/strong> Se debe conformar una pareja pedag\u00f3gica con un\/a Docente con formaci\u00f3n en Educaci\u00f3n Tecnol\u00f3gica o Tecnolog\u00eda con capacitaci\u00f3n y\/o experiencia en Educaci\u00f3n Primaria; y un\/a Profesor\/a de Nivel Primario.<\/p>\n<p><\/p>\n<ul>\n<li><strong>Did\u00e1ctica de la Matem\u00e1tica<\/strong> <strong>2\u00b0 Ciclo<\/strong> &#8211; Asignatura &#8211; Anual<\/li>\n<\/ul>\n<p><strong>Carga horaria<\/strong><strong>: <\/strong>3hs. c\u00e1tedra<\/p>\n<p><strong>Perfil docente: <\/strong>Se debe conformar una pareja pedag\u00f3gica con un\/a docente de Nivel Primario con especializaci\u00f3n en el \u00e1rea, y un\/a Profesor\/a de Matem\u00e1tica que preferentemente cuente con formaci\u00f3n y\/o experiencia en Educaci\u00f3n Primaria.<\/p>\n<p><strong>&nbsp;<\/strong><\/p>\n<ul>\n<li><strong>Did\u00e1ctica de la Lengua y la Literatura en el 2\u00b0 Ciclo<\/strong> &#8211; Asignatura &#8211; Anual<\/li>\n<\/ul>\n<p><strong>Carga horaria<\/strong>: 3hs. C\u00e1tedra<\/p>\n<p><strong>Perfil docente<\/strong>: Se debe conformar una pareja pedag\u00f3gica con un\/a docente de Nivel Primario con especializaci\u00f3n en el \u00e1rea, y un\/a Profesor\/a o Licenciado\/a en Lengua y Literatura; Letras; Castellano, o Literatura y Lat\u00edn con formaci\u00f3n y\/o experiencia en Educaci\u00f3n Primaria<\/p>\n<p><\/p>\n<ul>\n<li><strong>Did\u00e1ctica de las Ciencias Naturales en el 2\u00b0<\/strong> <strong>Ciclo<\/strong> &#8211; Asignatura &#8211; Anual<\/li>\n<\/ul>\n<p><strong>Carga horaria<\/strong>: 3hs. C\u00e1tedra<\/p>\n<p><strong>Perfil docente<\/strong>: Se debe conformar una pareja pedag\u00f3gica con un\/a docente de Nivel Primario con especializaci\u00f3n en el \u00e1rea, y un\/a Profesor\/a con formaci\u00f3n espec\u00edfica en Ciencias Naturales que cuente con especializaci\u00f3n y\/o experiencia en Educaci\u00f3n Primaria<\/p>\n<p><\/p>\n<ul>\n<li><strong>Did\u00e1ctica de las Ciencias Sociales en el 2\u00b0 Ciclo<\/strong> &#8211; Asignatura &#8211; Anual<\/li>\n<\/ul>\n<p><strong>Carga horaria<\/strong>: 3hs. C\u00e1tedra<\/p>\n<p><strong>Perfil docente:<\/strong> Se debe conformar una pareja pedag\u00f3gica con un\/a docente de Nivel Primario con especializaci\u00f3n en el \u00e1rea, y un\/a Profesor\/a con formaci\u00f3n espec\u00edfica en Ciencias Sociales que cuente con especializaci\u00f3n y\/o experiencia en Educaci\u00f3n Primaria<\/p>\n<p><strong>&nbsp;<\/strong><\/p>\n<ul>\n<li><strong>Pr\u00e1ctica Profesional Docente III y Residencia<\/strong> &#8211; Pr\u00e1ctica &#8211; Anual<\/li>\n<\/ul>\n<p><strong>Carga horaria<\/strong><strong>:<\/strong> 10hs. c\u00e1tedra<\/p>\n<p><strong>Perfil docente:<\/strong> Se debe conformar un equipo, con un\/a docente del Nivel Primario, un\/a profesional con formaci\u00f3n en Ciencias de la Educaci\u00f3n, Psicopedagog\u00eda o afines; y un\/a docente de Educaci\u00f3n Especial.<\/p>\n<p><strong>Docentes Tutores\/as:<\/strong> En el marco de lo dispuesto por la Res. MECH N\u00b0 330\/18; se debe completar el equipo con 4 (cuatro) profesores\/as especializados\/as en las \u00e1reas que son objeto de ense\u00f1anza en el Nivel Primario, conformando un \u00fanico proyecto pedag\u00f3gico \u2013 did\u00e1ctico. Los\/as docentes tutores\/as acompa\u00f1an el proceso de los\/as estudiantes en la planificaci\u00f3n, desarrollo y evaluaci\u00f3n de las propuestas de ense\u00f1anza; y la programaci\u00f3n de la unidad curricular deber\u00e1 especificar la organizaci\u00f3n del equipo y sus funciones de acuerdo al Reglamento Jurisdiccional de Pr\u00e1cticas y Residencias para la Formaci\u00f3n Docente Inicial.<\/p>\n<p>El perfil profesional de los\/as docentes tutores debe estar vinculado a las \u00e1reas curriculares definidas en el Dise\u00f1o Curricular de la Educaci\u00f3n Primaria (Res. MECH N\u00b0 547\/14): \u2013 Un\/a docente con formaci\u00f3n espec\u00edfica en Matem\u00e1tica y\/o postitulaci\u00f3n en Ense\u00f1anza de la Matem\u00e1tica; y experiencia en Educaci\u00f3n Primaria. (Designaci\u00f3n: 8hs c\u00e1tedra) \u2013 Un\/a docente con formaci\u00f3n espec\u00edfica en Lengua y Literatura y\/o postitulaci\u00f3n en Ense\u00f1anza de la Lengua y la Literatura; y experiencia en Educaci\u00f3n Primaria. (Designaci\u00f3n: 8hs c\u00e1tedra) \u2013 Un\/a docente con formaci\u00f3n espec\u00edfica en Ciencias Naturales y\/o postitulaci\u00f3n en Ense\u00f1anza de las Ciencias Naturales; y experiencia en Educaci\u00f3n Primaria. (Designaci\u00f3n: 8hs c\u00e1tedra) \u2013 Un\/a docente con formaci\u00f3n espec\u00edfica en Ciencias Sociales y\/o postitulaci\u00f3n en Ense\u00f1anza de las Ciencias Sociales; y experiencia en Educaci\u00f3n Primaria. (Designaci\u00f3n: 8hs c\u00e1tedra) A los fines de garantizar un trabajo tutorial y de acompa\u00f1amiento a los\/as estudiantes, se incorpora un docente de Nivel Primario al superar los\/as 10 (diez) estudiantes.<\/p>\n<p><\/p>\n<p>Requisitos (excluyentes):<\/p>\n<ul>\n<li><em>Curriculum Vitae<\/em> actualizado, Proyecto de Unidad Curricular y Programa de Contenidos de acuerdo con las plantillas que se encuentran en&nbsp;<a href=\"https:\/\/isfd808-chu.infd.edu.ar\/sitio\/llamado-docente-para-espacio-curricular\/\">https:\/\/isfd808-chu.infd.edu.ar\/sitio\/llamado-docente-para-espacio-curricular\/<\/a>. Los docentes que no cuenten con documentaci\u00f3n respaldatoria en el legajo, deber\u00e1n adjuntarla en el mail.<\/li>\n<li>Enviar CV Actualizado, Proyecto de Unidad Curricular y Programa de Contenidos, indicando claramente unidad curricular y curso para el que se postula, por mail a&nbsp;<a href=\"mailto:proyectosisfd808@gmail.com\">proyectosisfd808@gmail.com<\/a><\/li>\n<\/ul>\n<p>Una vez informados los resultados de orden de m\u00e9rito, y al momento del alta, se deber\u00e1 entregar la siguiente documentaci\u00f3n:<\/p>\n<ul>\n<li>Declaraci\u00f3n Jurada de cargos y horas con disponibilidad horaria para el cumplimiento de los horarios publicados en el campus\/BAR.<\/li>\n<li>Certificado de habilitaci\u00f3n para desempe\u00f1ar cargos p\u00fablicos (Art. 76 del ROM \u2013 por \u00fanica vez) tramitado en:<\/li>\n<\/ul>\n<p>&nbsp;<a href=\"https:\/\/www.argentina.gob.ar\/justicia\/reincidencia\/antecedentespenales\">https:\/\/www.argentina.gob.ar\/justicia\/reincidencia\/antecedentespenales<\/a><\/p>\n<ul>\n<li>Copia impresa del Proyecto y Programa de la Unidad Curricular a las que se les otorga alta, para adjuntar en el legajo.<\/li>\n<li>Documentaci\u00f3n Personal y Familiar (DNI de cada integrante, certificados de nacimiento, acta de matrimonio, de concubinato, etc.).<\/li>\n<\/ul>\n<p><strong>Vigencia del llamado:<\/strong> hasta el&nbsp;mi\u00e9rcoles&nbsp;6 de diciembre de 2023 a las 22.00 hs.<\/p>\n<p>Trelew, 4 de diciembre de 2023.<\/p>\n<p><\/p>\n<\/div>\n<\/div>\n<div style=\"border-radius: 5px; padding: 40px; color: #000000; text-align: center; background-image: url('https:\/\/us.123rf.com\/450wm\/narutotootee\/narutotootee1306\/narutotootee130600133\/20433785-fondo-oscuro-de-la-tecnolog%C3%ADa-de-color-naranja-.jpg'); background-size: cover; background-repeat: no-repeat; background-position: center center; font-family: Arial, Verdana, sans-serif; font-size: 1.2em; margin-left: auto; margin-right: auto;\">\n<div style=\"border-radius: 5px; padding: 40px; color: #000000; background: linear-gradient(50deg, #fff, #fff); font-family: Arial, Verdana, sans-serif; font-size: 1em; margin-left: auto; margin-right: auto; border: 5px solid #de0100; text-align: left;\">\n<p>El Equipo Directivo del ISFD 808 realiza el <strong>Primer Llamado<\/strong> para la actualizaci\u00f3n de proyectos vigentes de las siguientes unidades curriculares en car\u00e1cter de interino, de acuerdo con la renovaci\u00f3n de Dise\u00f1o Curricular y seg\u00fan detalle:<\/p>\n<p><strong>PROF. DE EDUCACI\u00d3N PRIMARIA \u2013 Res. 328\/20 <\/strong><\/p>\n<p><strong>EA Gaiman \u2013 3\u00ba a\u00f1o<\/strong><\/p>\n<ul>\n<li><strong>Derechos Humanos y Ciudadan\u00eda &#8211; <\/strong>Asignatura &#8211; 1\u00b0 cuatrimestre<\/li>\n<\/ul>\n<p><strong>Carga horaria:<\/strong>&nbsp;3hs c\u00e1tedra.<\/p>\n<p><strong>Perfil docente<\/strong>: Profesor\/a o Licenciado\/a en Historia; Profesor\/a o Licenciado\/a en Ciencia Pol\u00edtica; Profesor\/a en Formaci\u00f3n \u00c9tica y Ciudadana; Profesor\/a o Licenciado\/ con formaci\u00f3n en Ciencias Sociales o Humanas con experiencia en Educaci\u00f3n. En todos los casos con especializaci\u00f3n y\/o formaci\u00f3n en Derechos Humanos<\/p>\n<p><\/p>\n<ul>\n<li><strong>Sociolog\u00eda de la Educaci\u00f3n<\/strong> \u2013 Asignatura &#8211; 2\u00b0 cuatrimestre<\/li>\n<\/ul>\n<p><strong>Carga horaria<\/strong>: 4hs. c\u00e1tedra<\/p>\n<p><strong>Perfil docente<\/strong>: Formaci\u00f3n espec\u00edfica en Sociolog\u00eda, con formaci\u00f3n continua y\/o experiencia en Educaci\u00f3n; o formaci\u00f3n en Ciencias de la Educaci\u00f3n, con formaci\u00f3n continua y\/o experiencia en Sociolog\u00eda. Se recomienda priorizar la experiencia docente en el sistema educativo.<\/p>\n<p><\/p>\n<ul>\n<li><strong>Educaci\u00f3n Digital-<\/strong> Taller &#8211; Anual<\/li>\n<\/ul>\n<p><strong>Carga horaria<\/strong><strong>:<\/strong> 3hs c\u00e1tedra.<\/p>\n<p><strong>Perfil docente:<\/strong> Profesor\/a, preferentemente de Educaci\u00f3n Primaria, con Especializaci\u00f3n en Educaci\u00f3n y TIC o similar; o profesional con formaci\u00f3n en Ciencias de la Educaci\u00f3n con orientaci\u00f3n y\/o experiencia en Educaci\u00f3n Digital. En ambos casos se debe priorizar la experiencia en el sistema educativo<\/p>\n<p><strong>&nbsp;<\/strong><\/p>\n<ul>\n<li><strong>Did\u00e1ctica de la Educaci\u00f3n Tecnol\u00f3gica &#8211; <\/strong>Asignatura &#8211; Anual<\/li>\n<\/ul>\n<p><strong>Carga horaria<\/strong><strong>:<\/strong> 4hs c\u00e1tedra<\/p>\n<p><strong>Perfil docente:<\/strong> Se debe conformar una pareja pedag\u00f3gica con un\/a Docente con formaci\u00f3n en Educaci\u00f3n Tecnol\u00f3gica o Tecnolog\u00eda con capacitaci\u00f3n y\/o experiencia en Educaci\u00f3n Primaria; y un\/a Profesor\/a de Nivel Primario.<\/p>\n<ul>\n<li><strong>Did\u00e1ctica de la Matem\u00e1tica<\/strong> <strong>2\u00b0 Ciclo<\/strong> &#8211; Asignatura &#8211; Anual<\/li>\n<\/ul>\n<p><strong>Carga horaria<\/strong><strong>: <\/strong>3hs. c\u00e1tedra<\/p>\n<p><strong>Perfil docente: <\/strong>Se debe conformar una pareja pedag\u00f3gica con un\/a docente de Nivel Primario con especializaci\u00f3n en el \u00e1rea, y un\/a Profesor\/a de Matem\u00e1tica que preferentemente cuente con formaci\u00f3n y\/o experiencia en Educaci\u00f3n Primaria.<\/p>\n<p><strong>&nbsp;<\/strong><\/p>\n<ul>\n<li><strong>Did\u00e1ctica de la Lengua y la Literatura en el 2\u00b0 Ciclo<\/strong> &#8211; Asignatura &#8211; Anual<\/li>\n<\/ul>\n<p><strong>Carga horaria<\/strong>: 3hs. C\u00e1tedra<\/p>\n<p><strong>Perfil docente<\/strong>: Se debe conformar una pareja pedag\u00f3gica con un\/a docente de Nivel Primario con especializaci\u00f3n en el \u00e1rea, y un\/a Profesor\/a o Licenciado\/a en Lengua y Literatura; Letras; Castellano, o Literatura y Lat\u00edn con formaci\u00f3n y\/o experiencia en Educaci\u00f3n Primaria<\/p>\n<p><\/p>\n<ul>\n<li><strong>Did\u00e1ctica de las Ciencias Naturales en el 2\u00b0<\/strong> <strong>Ciclo<\/strong> &#8211; Asignatura &#8211; Anual<\/li>\n<\/ul>\n<p><strong>Carga horaria<\/strong>: 3hs. C\u00e1tedra<\/p>\n<p><strong>Perfil docente<\/strong>: Se debe conformar una pareja pedag\u00f3gica con un\/a docente de Nivel Primario con especializaci\u00f3n en el \u00e1rea, y un\/a Profesor\/a con formaci\u00f3n espec\u00edfica en Ciencias Naturales que cuente con especializaci\u00f3n y\/o experiencia en Educaci\u00f3n Primaria<\/p>\n<p><\/p>\n<ul>\n<li><strong>Did\u00e1ctica de las Ciencias Sociales en el 2\u00b0 Ciclo<\/strong> &#8211; Asignatura &#8211; Anual<\/li>\n<\/ul>\n<p><strong>Carga horaria<\/strong>: 3hs. C\u00e1tedra<\/p>\n<p><strong>Perfil docente:<\/strong> Se debe conformar una pareja pedag\u00f3gica con un\/a docente de Nivel Primario con especializaci\u00f3n en el \u00e1rea, y un\/a Profesor\/a con formaci\u00f3n espec\u00edfica en Ciencias Sociales que cuente con especializaci\u00f3n y\/o experiencia en Educaci\u00f3n Primaria<\/p>\n<p><strong>&nbsp;<\/strong><\/p>\n<ul>\n<li><strong>Pr\u00e1ctica Profesional Docente III y Residencia<\/strong> &#8211; Pr\u00e1ctica &#8211; Anual<\/li>\n<\/ul>\n<p><strong>Carga horaria<\/strong><strong>:<\/strong> 10hs. c\u00e1tedra<\/p>\n<p><strong>Perfil docente:<\/strong> Se debe conformar un equipo, con un\/a docente del Nivel Primario, un\/a profesional con formaci\u00f3n en Ciencias de la Educaci\u00f3n, Psicopedagog\u00eda o afines; y un\/a docente de Educaci\u00f3n Especial.<\/p>\n<p><strong>Docentes Tutores\/as:<\/strong> En el marco de lo dispuesto por la Res. MECH N\u00b0 330\/18; se debe completar el equipo con 4 (cuatro) profesores\/as especializados\/as en las \u00e1reas que son objeto de ense\u00f1anza en el Nivel Primario, conformando un \u00fanico proyecto pedag\u00f3gico \u2013 did\u00e1ctico. Los\/as docentes tutores\/as acompa\u00f1an el proceso de los\/as estudiantes en la planificaci\u00f3n, desarrollo y evaluaci\u00f3n de las propuestas de ense\u00f1anza; y la programaci\u00f3n de la unidad curricular deber\u00e1 especificar la organizaci\u00f3n del equipo y sus funciones de acuerdo al Reglamento Jurisdiccional de Pr\u00e1cticas y Residencias para la Formaci\u00f3n Docente Inicial.<\/p>\n<p>El perfil profesional de los\/as docentes tutores debe estar vinculado a las \u00e1reas curriculares definidas en el Dise\u00f1o Curricular de la Educaci\u00f3n Primaria (Res. MECH N\u00b0 547\/14): \u2013 Un\/a docente con formaci\u00f3n espec\u00edfica en Matem\u00e1tica y\/o postitulaci\u00f3n en Ense\u00f1anza de la Matem\u00e1tica; y experiencia en Educaci\u00f3n Primaria. (Designaci\u00f3n: 8hs c\u00e1tedra) \u2013 Un\/a docente con formaci\u00f3n espec\u00edfica en Lengua y Literatura y\/o postitulaci\u00f3n en Ense\u00f1anza de la Lengua y la Literatura; y experiencia en Educaci\u00f3n Primaria. (Designaci\u00f3n: 8hs c\u00e1tedra) \u2013 Un\/a docente con formaci\u00f3n espec\u00edfica en Ciencias Naturales y\/o postitulaci\u00f3n en Ense\u00f1anza de las Ciencias Naturales; y experiencia en Educaci\u00f3n Primaria. (Designaci\u00f3n: 8hs c\u00e1tedra) \u2013 Un\/a docente con formaci\u00f3n espec\u00edfica en Ciencias Sociales y\/o postitulaci\u00f3n en Ense\u00f1anza de las Ciencias Sociales; y experiencia en Educaci\u00f3n Primaria. (Designaci\u00f3n: 8hs c\u00e1tedra) A los fines de garantizar un trabajo tutorial y de acompa\u00f1amiento a los\/as estudiantes, se incorpora un docente de Nivel Primario al superar los\/as 10 (diez) estudiantes.<\/p>\n<p><\/p>\n<p>Requisitos (excluyentes):<\/p>\n<ul>\n<li><em>Curriculum Vitae<\/em> actualizado, Proyecto de Unidad Curricular y Programa de Contenidos de acuerdo con las plantillas que se encuentran en&nbsp;<a href=\"https:\/\/isfd808-chu.infd.edu.ar\/sitio\/llamado-docente-para-espacio-curricular\/\">https:\/\/isfd808-chu.infd.edu.ar\/sitio\/llamado-docente-para-espacio-curricular\/<\/a>. Los docentes que no cuenten con documentaci\u00f3n respaldatoria en el legajo, deber\u00e1n adjuntarla en el mail.<\/li>\n<li>Enviar CV Actualizado, Proyecto de Unidad Curricular y Programa de Contenidos, indicando claramente unidad curricular y curso para el que se postula, por mail a&nbsp;<a href=\"mailto:proyectosisfd808@gmail.com\">proyectosisfd808@gmail.com<\/a><\/li>\n<\/ul>\n<p>Una vez informados los resultados de orden de m\u00e9rito, y al momento del alta, se deber\u00e1 entregar la siguiente documentaci\u00f3n:<\/p>\n<ul>\n<li>Declaraci\u00f3n Jurada de cargos y horas con disponibilidad horaria para el cumplimiento de los horarios publicados en el campus\/BAR.<\/li>\n<li>Certificado de habilitaci\u00f3n para desempe\u00f1ar cargos p\u00fablicos (Art. 76 del ROM \u2013 por \u00fanica vez) tramitado en:<\/li>\n<\/ul>\n<p>&nbsp;<a href=\"https:\/\/www.argentina.gob.ar\/justicia\/reincidencia\/antecedentespenales\">https:\/\/www.argentina.gob.ar\/justicia\/reincidencia\/antecedentespenales<\/a><\/p>\n<ul>\n<li>Copia impresa del Proyecto y Programa de la Unidad Curricular a las que se les otorga alta, para adjuntar en el legajo.<\/li>\n<li>Documentaci\u00f3n Personal y Familiar (DNI de cada integrante, certificados de nacimiento, acta de matrimonio, de concubinato, etc.).<\/li>\n<\/ul>\n<p><strong>Vigencia del llamado:<\/strong> hasta el&nbsp;mi\u00e9rcoles&nbsp;6 de diciembre de 2023 a las 22.00 hs.<\/p>\n<p>Trelew, 4 de diciembre de 2023.<\/p>\n<p><\/p>\n<\/div>\n<\/div>\n<div style=\"border-radius: 5px; padding: 40px; color: #000000; text-align: center; background-image: url('https:\/\/us.123rf.com\/450wm\/narutotootee\/narutotootee1306\/narutotootee130600133\/20433785-fondo-oscuro-de-la-tecnolog%C3%ADa-de-color-naranja-.jpg'); background-size: cover; background-repeat: no-repeat; background-position: center center; font-family: Arial, Verdana, sans-serif; font-size: 1.2em; margin-left: auto; margin-right: auto;\">\n<div style=\"border-radius: 5px; padding: 40px; color: #000000; background: linear-gradient(50deg, #fff, #fff); font-family: Arial, Verdana, sans-serif; font-size: 1em; margin-left: auto; margin-right: auto; border: 5px solid #de0100; text-align: left;\">\n<p>El Equipo Directivo del ISFD 808 realiza el <b>Tercer Llamado<\/b> para la cobertura de la siguiente unidad curricular seg\u00fan detalle:<\/p>\n<p><\/p>\n<p><\/p><center><b>PROF. DE EDUCACI\u00d3N SECUNDARIA EN MATEM\u00c1TICA<br>\u2013 Resoluci\u00f3n 543\/19 \u2013 ANEXO 730<\/b><\/center><p><\/p>\n<ul>\n<li><strong>GEOMETR\u00cdA DEL ESPACIO EUCL\u00cdDEO Y NO EUCL\u00cdDEO<\/strong> \u2013 Asignatura \u2013 2do A\u00f1o \u2013 Anual \u2013 suplente.<br>Distribuci\u00f3n de la carga horaria: 4 horas c\u00e1tedra frente a estudiantes, 5 h c\u00e1tedra totales designaci\u00f3n docente. Disponibilidad: lunes 17.50 a 18.30 h (Proyecto de Gesti\u00f3n Curricular) y viernes de 20:10 a 22:10 h. Perfil docente: Profesor\/a de Matem\u00e1tica o Licenciado\/a en Matem\u00e1tica con experiencia en ense\u00f1anza de la Matem\u00e1tica en la formaci\u00f3n docente de Nivel Superior.<\/li>\n<li><strong>AN\u00c1LISIS Y TRATAMIENTO DE LA INFORMACI\u00d3N<\/strong> \u2013 Asignatura \u2013 3er A\u00f1o \u2013 Anual \u2013 suplente.<br>Distribuci\u00f3n de la carga horaria: 4 horas c\u00e1tedra frente a estudiantes, 5 h c\u00e1tedra totales designaci\u00f3n docente. Disponibilidad: lunes 17.50 a 18.30 h (Proyecto de Gesti\u00f3n Curricular) y jueves de 20:40 a 22:10 h. Perfil docente: Profesor\/a de Matem\u00e1tica o Licenciado\/a en Matem\u00e1tica con experiencia en ense\u00f1anza de la Matem\u00e1tica en la formaci\u00f3n docente de Nivel Superior.<br>Requisitos (excluyentes):<\/li>\n<\/ul>\n<p><b>Requisitos (excluyentes):<\/b><\/p>\n<p>* Curriculum Vitae actualizado de acuerdo con las plantillas que se encuentran en <a href=\"https:\/\/isfd808-chu.infd.edu.ar\/sitio\/llamado-docente-para-espacio-curricular\/\" target=\"_blank\" rel=\"noopener\"><strong>https:\/\/isfd808-chu.infd.edu.ar\/sitio\/llamado-docente-para-espacio-curricular\/<\/strong><\/a><\/p>\n<p>Los docentes que no cuenten con documentaci\u00f3n respaldatoria en el legajo, deber\u00e1n adjuntarla en el mail.<br>Enviar CV actualizado, indicando claramente unidad curricular y curso para el que se postula, por mail a <a href=\"mailto:proyectosisfd808@gmail.com\" target=\"_blank\" rel=\"noopener\"><b>proyectosisfd808@gmail.com<\/b><\/a><\/p>\n<p>Una vez informados los resultados de orden de m\u00e9rito, y al momento del alta, se deber\u00e1 entregar la siguiente documentaci\u00f3n:<\/p>\n<ul>\n<li>Nota de adhesi\u00f3n al proyecto vigente<\/li>\n<li>Programa de unidad curricular vigente impreso en papel y firmado<\/li>\n<li>Declaraci\u00f3n Jurada de cargos y horas con disponibilidad horaria para el cumplimiento de los horarios publicados en el campus\/BAR.<\/li>\n<li>Certificado de habilitaci\u00f3n para desempe\u00f1ar cargos p\u00fablicos (Art. 76 del ROM \u2013 por \u00fanica vez) tramitado en: <a href=\"https:\/\/www.argentina.gob.ar\/justicia\/reincidencia\/antecedentes\"><b>https:\/\/www.argentina.gob.ar\/justicia\/reincidencia\/antecedentes penales<\/b><\/a><\/li>\n<li>Documentaci\u00f3n Personal y Familiar (DNI de cada integrante, certificados de nacimiento, acta de matrimonio, de concubinato, etc.).<\/li>\n<\/ul>\n<p><strong>Vigencia del llamado: hasta el 6 de noviembre de 2023 a las 22 hs.<\/strong><\/p>\n<p>Trelew (Ch.), 2 de noviembre de 2023.<\/p>\n<\/div>\n<div style=\"border-radius: 5px; padding: 40px; color: #000000; text-align: center; background-image: url('https:\/\/us.123rf.com\/450wm\/narutotootee\/narutotootee1306\/narutotootee130600133\/20433785-fondo-oscuro-de-la-tecnolog%C3%ADa-de-color-naranja-.jpg'); background-size: cover; background-repeat: no-repeat; background-position: center center; font-family: Arial, Verdana, sans-serif; font-size: 1.2em; margin-left: auto; margin-right: auto;\">\n<div style=\"border-radius: 5px; padding: 40px; color: #000000; background: linear-gradient(50deg, #fff, #fff); font-family: Arial, Verdana, sans-serif; font-size: 1em; margin-left: auto; margin-right: auto; border: 5px solid #de0100; text-align: left;\">\n<p>El Equipo Directivo del ISFD 808 realiza el <b>Tercer Llamado<\/b> para la cobertura de la siguiente unidad curricular seg\u00fan detalle:<\/p>\n<p><\/p>\n<p><\/p><center><b>PROF. DE EDUCACI\u00d3N SECUNDARIA EN MATEM\u00c1TICA<br>\u2013 Resoluci\u00f3n 543\/19 \u2013 ANEXO 730<\/b><\/center><p><\/p>\n<ul>\n<li><b>UDI: INTRODUCCI\u00d3N A LA TOPOLOG\u00cdA<\/b> \u2013 Asignatura \u2013 4to A\u00f1o \u2013 Anual \u2013 suplente<br>Distribuci\u00f3n de la carga horaria: 3 horas c\u00e1tedra frente a estudiantes, 4 h c\u00e1tedra totales designaci\u00f3n docente. Disponibilidad: lunes 17.50 a 18.30 h (Proyecto de Gesti\u00f3n Curricular) y lunes de 18:30 a 20:00 hs. Perfil docente: Profesor\/a de Matem\u00e1tica o Licenciado\/a en Matem\u00e1tica con experiencia en ense\u00f1anza de la Matem\u00e1tica en la formaci\u00f3n docente de Nivel Superior.<\/li>\n<\/ul>\n<p><b>Requisitos (excluyentes):<\/b><\/p>\n<p>* Curriculum Vitae actualizado de acuerdo con las plantillas que se encuentran en <a href=\"https:\/\/isfd808-chu.infd.edu.ar\/sitio\/llamado-docente-para-espacio-curricular\/\" target=\"_blank\" rel=\"noopener\"><strong>https:\/\/isfd808-chu.infd.edu.ar\/sitio\/llamado-docente-para-espacio-curricular\/<\/strong><\/a><\/p>\n<p>Los docentes que no cuenten con documentaci\u00f3n respaldatoria en el legajo, deber\u00e1n adjuntarla en el mail.<br>Enviar CV actualizado, indicando claramente unidad curricular y curso para el que se postula, por mail a <a href=\"mailto:proyectosisfd808@gmail.com\" target=\"_blank\" rel=\"noopener\"><b>proyectosisfd808@gmail.com<\/b><\/a><\/p>\n<p>Una vez informados los resultados de orden de m\u00e9rito, y al momento del alta, se deber\u00e1 entregar la siguiente documentaci\u00f3n:<\/p>\n<ul>\n<li>Nota de adhesi\u00f3n al proyecto vigente<\/li>\n<li>Programa de unidad curricular vigente impreso en papel y firmado<\/li>\n<li>Declaraci\u00f3n Jurada de cargos y horas con disponibilidad horaria para el cumplimiento de los horarios publicados en el campus\/BAR.<\/li>\n<li>Certificado de habilitaci\u00f3n para desempe\u00f1ar cargos p\u00fablicos (Art. 76 del ROM \u2013 por \u00fanica vez) tramitado en: <a href=\"https:\/\/www.argentina.gob.ar\/justicia\/reincidencia\/antecedentes\"><b>https:\/\/www.argentina.gob.ar\/justicia\/reincidencia\/antecedentes penales<\/b><\/a><\/li>\n<li>Documentaci\u00f3n Personal y Familiar (DNI de cada integrante, certificados de nacimiento, acta de matrimonio, de concubinato, etc.).<\/li>\n<\/ul>\n<p><b>Vigencia del llamado: hasta el martes 31 de octubre de 2023 a las 18.30 hs.<\/b><\/p>\n<p>Trelew (Ch.), 27 de octubre de 2023.<\/p>\n<\/div>\n<div style=\"border-radius: 5px; padding: 40px; color: #000000; background: linear-gradient(50deg, #fff, #fff); font-family: Arial, Verdana, sans-serif; font-size: 1em; margin-left: auto; margin-right: auto; border: 5px solid #de0100; text-align: left;\">\n<p>El <strong>Equipo Directivo del ISFD 808<\/strong> realiza el Segundo Llamado para la cobertura de unidad\/es curricular\/es seg\u00fan detalle:<\/p>\n<p><strong>PROF. DE EDUCACI\u00d3N SECUNDARIA EN MATEM\u00c1TICA<\/strong> \u2013 Resoluci\u00f3n 543\/19 \u2013 ANEXO 730<\/p>\n<p><strong>GEOMETR\u00cdA DEL ESPACIO EUCL\u00cdDEO Y NO EUCL\u00cdDEO<\/strong> \u2013 Asignatura \u2013 2do A\u00f1o \u2013 Anual \u2013 suplente<br>Distribuci\u00f3n de la carga horaria: 4 horas c\u00e1tedra frente a estudiantes, 5 h c\u00e1tedra totales designaci\u00f3n docente. Disponibilidad: lunes 17.50 a 18.30 h (Proyecto de Gesti\u00f3n Curricular) y viernes de 20:10 a 22:10 h. Perfil docente: Profesor\/a de Matem\u00e1tica o Licenciado\/a en Matem\u00e1tica con experiencia en ense\u00f1anza de la Matem\u00e1tica en la formaci\u00f3n docente de Nivel Superior.<br><strong>EL LENGUAJE ALGEBRAICO EN LA GEOMETR\u00cdA<\/strong> \u2013 Asignatura \u2013 3er A\u00f1o \u2013 Anual \u2013 suplente<br>Distribuci\u00f3n de la carga horaria: 4 horas c\u00e1tedra frente a estudiantes, 5 h c\u00e1tedra totales designaci\u00f3n docente. Disponibilidad: lunes 17.50 a 18.30 h (Proyecto de Gesti\u00f3n Curricular) y martes de 18:30 a 20:30 h. Perfil docente: Profesor\/a de Matem\u00e1tica o Licenciado\/a en Matem\u00e1tica con experiencia en ense\u00f1anza de la Matem\u00e1tica en la formaci\u00f3n docente de Nivel Superior.<br><strong>AN\u00c1LISIS Y TRATAMIENTO DE LA INFORMACI\u00d3N<\/strong> \u2013 Asignatura \u2013 3er A\u00f1o \u2013 Anual \u2013 suplente<br>Distribuci\u00f3n de la carga horaria: 4 horas c\u00e1tedra frente a estudiantes, 5 h c\u00e1tedra totales designaci\u00f3n docente. Disponibilidad: lunes 17.50 a 18.30 h (Proyecto de Gesti\u00f3n Curricular) y jueves de 20:40 a 22:10 h. Perfil docente: Profesor\/a de Matem\u00e1tica o Licenciado\/a en Matem\u00e1tica con experiencia en ense\u00f1anza de la Matem\u00e1tica en la formaci\u00f3n docente de Nivel Superior.<br><strong>UDI: INTRODUCCI\u00d3N A LA TOPOLOG\u00cdA<\/strong> \u2013 Asignatura \u2013 4to A\u00f1o \u2013 Anual \u2013 suplente<br>Distribuci\u00f3n de la carga horaria: 3 horas c\u00e1tedra frente a estudiantes, 4 h c\u00e1tedra totales designaci\u00f3n docente. Disponibilidad: lunes 17.50 a 18.30 h (Proyecto de Gesti\u00f3n Curricular) y lunes de 18:30 a 20:00 hs. Perfil docente: Profesor\/a de Matem\u00e1tica o Licenciado\/a en Matem\u00e1tica con experiencia en ense\u00f1anza de la Matem\u00e1tica en la formaci\u00f3n docente de Nivel Superior.<\/p>\n<p><strong>PROF. DE EDUCACI\u00d3N SECUNDARIA EN F\u00cdSICA<\/strong> \u2013 Resoluci\u00f3n 543\/19 \u2013 ANEXO 730<\/p>\n<p><strong>AN\u00c1LISIS MATEM\u00c1TICO I<\/strong> \u2013 Asignatura \u2013 1er A\u00f1o \u2013 Anual \u2013 suplente<br>Distribuci\u00f3n de la carga horaria: 4 horas c\u00e1tedra frente a estudiantes, 5 h c\u00e1tedra totales designaci\u00f3n docente. Disponibilidad: lunes 17.50 a 18.30 h (Proyecto de Gesti\u00f3n Curricular) y mi\u00e9rcoles de 20:40 a 22:10 h. Perfil docente: Profesor\/a de Matem\u00e1tica o Licenciado\/a en Matem\u00e1tica con experiencia en ense\u00f1anza de la Matem\u00e1tica en la formaci\u00f3n docente de Nivel Superior.<\/p>\n<p><strong>Requisitos (excluyentes):<\/strong><\/p>\n<p>* Curriculum Vitae actualizado de acuerdo con las plantillas que se encuentran en <a href=\"https:\/\/isfd808-chu.infd.edu.ar\/sitio\/llamado-docente-para-espacio-curricular\/\">https:\/\/isfd808-chu.infd.edu.ar\/sitio\/llamado-docente-para-espacio-curricular\/<\/a><\/p>\n<p>Los docentes que no cuenten con documentaci\u00f3n respaldatoria en el legajo, deber\u00e1n adjuntarla en el mail.<br>Enviar CV actualizado, indicando claramente unidad curricular y curso para el que se postula, por mail a proyectosisfd808@gmail.com<\/p>\n<p>Una vez informados los resultados de orden de m\u00e9rito, y al momento del alta, se deber\u00e1 entregar la siguiente documentaci\u00f3n:<\/p>\n<ul>\n<li>Nota de adhesi\u00f3n al proyecto vigente<\/li>\n<li>Programa de unidad curricular vigente impreso en papel y firmado<\/li>\n<li>Declaraci\u00f3n Jurada de cargos y horas con disponibilidad horaria para el cumplimiento de los horarios publicados en el campus\/BAR.<\/li>\n<li>Certificado de habilitaci\u00f3n para desempe\u00f1ar cargos p\u00fablicos (Art. 76 del ROM \u2013 por \u00fanica vez) tramitado en: <a href=\"https:\/\/www.argentina.gob.ar\/justicia\/reincidencia\/antecedentes\">https:\/\/www.argentina.gob.ar\/justicia\/reincidencia\/antecedentes penales<\/a><\/li>\n<li>Documentaci\u00f3n Personal y Familiar (DNI de cada integrante, certificados de nacimiento, acta de matrimonio, de concubinato, etc.).<\/li>\n<\/ul>\n<p><strong>Vigencia del llamado: hasta el jueves 26 de octubre de 2023 a las 22 hs.<\/strong><\/p>\n<p>Trelew (Ch.), 23 de octubre de 2023.<\/p>\n<\/div>\n<div style=\"border-radius: 5px; padding: 40px; color: #000000; background: linear-gradient(50deg, #fff, #fff); font-family: Arial, Verdana, sans-serif; font-size: 1em; margin-left: auto; margin-right: auto; border: 5px solid #de0100; text-align: left;\">El Equipo Directivo del ISFD 808, dando cumplimiento a la Nota M\u00faltiple 12\/23 DGES, realiza el Primer Llamado para la cobertura de la <b>COORDINACI\u00d3N DE L\u00cdNEA: COORDINACI\u00d3N DE INVESTIGACI\u00d3N<\/b>, en situaci\u00f3n de interino a t\u00e9rmino (4 a\u00f1os), 12 horas c\u00e1tedra (cumplimiento efectivo 12 horas reloj en Sede Centro, Anexo 730 y EA Gaiman) y funciones detalladas en el ROM, seg\u00fan detalle:<p><\/p>\n<p>Requisitos (excluyentes):<\/p>\n<ul>\n<li>Poseer t\u00edtulo de nivel superior.<\/li>\n<li>Poseer antecedentes profesionales acordes al cargo que se concursa.<\/li>\n<li>Registrar antig\u00fcedad en la docencia de nivel superior, no menor a 5 (cinco) a\u00f1os.<\/li>\n<li>Estar habilitado\/a para desempe\u00f1ar cargos p\u00fablicos.<\/li>\n<\/ul>\n<p>Los postulantes deber\u00e1n presentar:<\/p>\n<ul>\n<li>Curriculum Vitae Actualizado de acuerdo con las plantillas que se encuentran en <a href=\"https:\/\/isfd808-chu.infd.edu.ar\/sitio\/llamado-docente-para-espacio-curricular\/\" target=\"_blank\" rel=\"noopener\"><strong>https:\/\/isfd808-chu.infd.edu.ar\/sitio\/llamado-docente-para-espacio-curricular\/<\/strong><\/a> (EXCLUYENTE). Los docentes que no cuenten con documentaci\u00f3n respaldatoria en el legajo, deber\u00e1n actualizar el legajo.<\/li>\n<li>Proyecto de Gesti\u00f3n de acuerdo con las funciones que estipula el ROM. Tener en cuenta el formato que figura en la web <a href=\"https:\/\/isfd808-chu.infd.edu.ar\/sitio\/llamado-docente-para-espacio-curricular\/\" target=\"_blank\" rel=\"noopener\"><strong>https:\/\/isfd808-chu.infd.edu.ar\/sitio\/llamado-docente-para-espacio-curricular\/<\/strong><\/a>, con posterior socializaci\u00f3n de la propuesta (20 hs, 11 de octubre, Sede Centro).<\/li>\n<li>Certificado de habilitaci\u00f3n para desempe\u00f1ar cargos p\u00fablicos (excluyente) tramitado en <a href=\"https:\/\/www.argentina.gob.ar\/justicia\/reincidencia\/antecedentespenales\" target=\"_blank\" rel=\"noopener\"><b>https:\/\/www.argentina.gob.<wbr>ar\/justicia\/reincidencia\/<wbr>antecedentes penales<\/b><\/a><\/li>\n<li>Enviar toda la documentaci\u00f3n solicitada, por mail a <a href=\"mailto:proyectosisfd808@gmail.com\" target=\"_blank\" rel=\"noopener\"><b>proyectosisfd808@gmail.com<\/b><\/a>. En el asunto del mail indicar cargo para el que se postula y en el cuerpo del mail detallar horarios de cumplimiento considerando una jornada de trabajo en cada una de las sedes: Sede Centro, Anexo 730 y EA Gaiman.<\/li>\n<\/ul>\n<p>Los <b>RESULTADOS PARCIALES<\/b> y el <b>ORDEN DE M\u00c9RITO FINAL<\/b> se han de presentar el d\u00eda <b>lunes 09 de octubre de 2023<\/b>, la <b>FECHA DE SOCIALIZACI\u00d3N DE LA PROPUESTA DE GESTI\u00d3N<\/b> es el d\u00eda <b>mi\u00e9rcoles 11 de octubre de 2023<\/b> a las 20hs.<\/p>\n<p>Una vez informados los resultados de orden de m\u00e9rito, y al momento del alta, se deber\u00e1 entregar la siguiente documentaci\u00f3n:<\/p>\n<ul>\n<li>Declaraci\u00f3n Jurada de cargos y horas con disponibilidad horaria para el cumplimiento de la coordinaci\u00f3n, considerando una jornada de trabajo en cada una de las sedes: Sede Centro, Anexo 730 y EA Gaiman.<\/li>\n<li>Copia impresa del Proyecto de Gesti\u00f3n, para adjuntar en el legajo.<\/li>\n<li>Documentaci\u00f3n Personal y Familiar (DNI de cada integrante, certificados de nacimiento, acta de matrimonio, de concubinato, etc.).<\/li>\n<\/ul>\n<p>Vigencia del llamado: hasta el <b>07 de octubre de 2023, 20.00 h.<\/b><\/p>\n<p>Trelew (Ch), 4 de octubre de 2023<\/p>\n<\/div>\n<div style=\"border-radius: 5px; padding: 40px; color: #000000; background: linear-gradient(50deg, #fff, #fff); font-family: Arial, Verdana, sans-serif; font-size: 1em; margin-left: auto; margin-right: auto; border: 5px solid #de0100; text-align: left;\">\n<p>El Equipo Directivo del ISFD 808 realiza el <b>Primer Llamado<\/b> para la cobertura de unidad\/es curricular\/es seg\u00fan detalle:<\/p>\n<p><\/p>\n<p><b>PROF. DE EDUCACI\u00d3N SECUNDARIA EN MATEM\u00c1TICA &#8211; Resoluci\u00f3n 543\/19 &#8211; ANEXO 730<\/b><\/p>\n<ul>\n<li style=\"list-style-type: none;\">\n<ul>\n<li>\n<p><b>\u00c1LGEBRA DE LOS CONJUNTOS NUM\u00c9RICOS<\/b> \u2013 Asignatura \u2013 1er A\u00f1o \u2013 Anual \u2013 suplente<br>Distribuci\u00f3n de la carga horaria: 6 horas c\u00e1tedra frente a estudiantes, 7 h c\u00e1tedra totales designaci\u00f3n docente.<br>Disponibilidad: lunes 17.50 a 18.30 h (Proyecto de Gesti\u00f3n Curricular) y mi\u00e9rcoles de 18:30 a 20:30 h. Perfil docente: Profesor\/a de Matem\u00e1tica o Licenciado\/a en Matem\u00e1tica con experiencia en ense\u00f1anza de la Matem\u00e1tica en la formaci\u00f3n docente de Nivel Superior.<\/p>\n<\/li>\n<li><b>GEOMETR\u00cdA DEL PLANO<\/b> \u2013 Asignatura \u2013 1er A\u00f1o \u2013 Anual \u2013 suplente<br>Distribuci\u00f3n de la carga horaria: 5 horas c\u00e1tedra frente a estudiantes, 6 h c\u00e1tedra totales designaci\u00f3n docente.<br>Disponibilidad: lunes 17.50 a 18.30 h (Proyecto de Gesti\u00f3n Curricular) y jueves de 18:30 a 20:30 h. Perfil docente: Profesor\/a de Matem\u00e1tica o Licenciado\/a en Matem\u00e1tica con experiencia en ense\u00f1anza de la Matem\u00e1tica en la formaci\u00f3n docente de Nivel Superior.<\/li>\n<\/ul>\n<\/li>\n<\/ul>\n<ul>\n<li style=\"list-style-type: none;\">\n<ul>\n<li><b>\u00c1LGEBRA LINEAL<\/b> \u2013 Asignatura \u2013 2do A\u00f1o \u2013 Anual \u2013 suplente<br>Distribuci\u00f3n de la carga horaria: 4 horas c\u00e1tedra frente a estudiantes, 5 h c\u00e1tedra totales designaci\u00f3n docente. Disponibilidad: lunes 17.50 a 18.30 h (Proyecto de Gesti\u00f3n Curricular) y lunes de 20:10 a 22:10h. Perfil docente: Profesor\/a de Matem\u00e1tica o Licenciado\/a en Matem\u00e1tica con experiencia en ense\u00f1anza de la Matem\u00e1tica en la formaci\u00f3n docente de Nivel Superior.<\/li>\n<\/ul>\n<\/li>\n<\/ul>\n<ul>\n<li style=\"list-style-type: none;\">\n<ul>\n<li><b>GEOMETR\u00cdA DEL ESPACIO EUCL\u00cdDEO Y NO EUCL\u00cdDEO<\/b> \u2013 Asignatura \u2013 2do A\u00f1o \u2013 Anual \u2013 suplente<br>Distribuci\u00f3n de la carga horaria: 4 horas c\u00e1tedra frente a estudiantes, 5 h c\u00e1tedra totales designaci\u00f3n docente. Disponibilidad: lunes 17.50 a 18.30 h (Proyecto de Gesti\u00f3n Curricular) y viernes de 20:10 a 22:10 h. Perfil docente: Profesor\/a de Matem\u00e1tica o Licenciado\/a en Matem\u00e1tica con experiencia en ense\u00f1anza de la Matem\u00e1tica en la formaci\u00f3n docente de Nivel Superior.<\/li>\n<\/ul>\n<\/li>\n<\/ul>\n<ul>\n<li style=\"list-style-type: none;\">\n<ul>\n<li><b>EL LENGUAJE ALGEBRAICO EN LA GEOMETR\u00cdA<\/b> \u2013 Asignatura \u2013 3er A\u00f1o \u2013 Anual \u2013 suplente<br>Distribuci\u00f3n de la carga horaria: 4 horas c\u00e1tedra frente a estudiantes, 5 h c\u00e1tedra totales designaci\u00f3n docente. Disponibilidad: lunes 17.50 a 18.30 h (Proyecto de Gesti\u00f3n Curricular) y martes de 18:30 a 20:30 h. Perfil docente: Profesor\/a de Matem\u00e1tica o Licenciado\/a en Matem\u00e1tica con experiencia en ense\u00f1anza de la Matem\u00e1tica en la formaci\u00f3n docente de Nivel Superior.\n<p><\/p>\n<\/li>\n<li><b>AN\u00c1LISIS Y TRATAMIENTO DE LA INFORMACI\u00d3N<\/b> \u2013 Asignatura \u2013 3er A\u00f1o \u2013 Anual \u2013 suplente<br>Distribuci\u00f3n de la carga horaria: 4 horas c\u00e1tedra frente a estudiantes, 5 h c\u00e1tedra totales designaci\u00f3n docente. Disponibilidad: lunes 17.50 a 18.30 h (Proyecto de Gesti\u00f3n Curricular) y jueves de 20:40 a 22:10 h. Perfil docente: Profesor\/a de Matem\u00e1tica o Licenciado\/a en Matem\u00e1tica con experiencia en ense\u00f1anza de la Matem\u00e1tica en la formaci\u00f3n docente de Nivel Superior.<\/li>\n<\/ul>\n<\/li>\n<\/ul>\n<ul>\n<li><b>UDI: INTRODUCCI\u00d3N A LA TOPOLOG\u00cdA<\/b> \u2013 Asignatura \u2013 4to A\u00f1o \u2013 Anual \u2013 suplente<br>Distribuci\u00f3n de la carga horaria: 3 horas c\u00e1tedra frente a estudiantes, 4 h c\u00e1tedra totales designaci\u00f3n docente. Disponibilidad: lunes 17.50 a 18.30 h (Proyecto de Gesti\u00f3n Curricular) y lunes de 18:30 a 20:00 hs. Perfil docente: Profesor\/a de Matem\u00e1tica o Licenciado\/a en Matem\u00e1tica con experiencia en ense\u00f1anza de la Matem\u00e1tica en la formaci\u00f3n docente de Nivel Superior.\n<p><\/p>\n<\/li>\n<\/ul>\n<p><b>Requisitos (excluyentes):<\/b><\/p>\n<p>* Curriculum Vitae actualizado de acuerdo con las plantillas que se encuentran en <a href=\"https:\/\/isfd808-chu.infd.edu.ar\/sitio\/llamado-docente-para-espacio-curricular\/\" target=\"_blank\" rel=\"noopener\"><strong>https:\/\/isfd808-chu.infd.edu.ar\/sitio\/llamado-docente-para-espacio-curricular\/<\/strong><\/a><\/p>\n<p>Los docentes que no cuenten con documentaci\u00f3n respaldatoria en el legajo, deber\u00e1n adjuntarla en el mail.<br>Enviar CV actualizado, indicando claramente unidad curricular y curso para el que se postula, por mail a <a href=\"mailto:proyectosisfd808@gmail.com\" target=\"_blank\" rel=\"noopener\"><b>proyectosisfd808@gmail.com<\/b><\/a><\/p>\n<p>Una vez informados los resultados de orden de m\u00e9rito, y al momento del alta, se deber\u00e1 entregar la siguiente documentaci\u00f3n:<\/p>\n<ul>\n<li>Nota de adhesi\u00f3n al proyecto vigente<\/li>\n<li>Programa de unidad curricular vigente impreso en papel y firmado<\/li>\n<li>Declaraci\u00f3n Jurada de cargos y horas con disponibilidad horaria para el cumplimiento de los horarios publicados en el campus\/BAR.<\/li>\n<li>Certificado de habilitaci\u00f3n para desempe\u00f1ar cargos p\u00fablicos (Art. 76 del ROM \u2013 por \u00fanica vez) tramitado en: <a href=\"https:\/\/www.argentina.gob.ar\/justicia\/reincidencia\/antecedentespenales\" target=\"_blank\" rel=\"noopener\"><b>https:\/\/www.argentina.gob.<wbr>ar\/justicia\/reincidencia\/<wbr>antecedentes penales<\/b><\/a><\/li>\n<li>Documentaci\u00f3n Personal y Familiar (DNI de cada integrante, certificados de nacimiento, acta de matrimonio, de concubinato, etc.).<\/li>\n<\/ul>\n<p><b>Vigencia del llamado: hasta el 21 de octubre de 2023 a las 22 hs.<\/b><\/p>\n<p>Trelew (Ch.), 18 de octubre de 2023.<\/p>\n<\/div>\n<div style=\"border-radius: 5px; padding: 40px; color: #000000; background: linear-gradient(50deg, #fff, #fff); font-family: Arial, Verdana, sans-serif; font-size: 1em; margin-left: auto; margin-right: auto; border: 5px solid #de0100; text-align: left;\">El Equipo Directivo del ISFD 808, dando cumplimiento a la Nota M\u00faltiple 12\/23 DGES, realiza el Primer Llamado para la cobertura de la <b>COORDINACI\u00d3N DE L\u00cdNEA: COORDINACI\u00d3N DE INVESTIGACI\u00d3N<\/b>, en situaci\u00f3n de interino a t\u00e9rmino (4 a\u00f1os), 12 horas c\u00e1tedra (cumplimiento efectivo 12 horas reloj en Sede Centro, Anexo 730 y EA Gaiman) y funciones detalladas en el ROM, seg\u00fan detalle:<p><\/p>\n<p>Requisitos (excluyentes):<\/p>\n<ul>\n<li>Poseer t\u00edtulo de nivel superior.<\/li>\n<li>Poseer antecedentes profesionales acordes al cargo que se concursa.<\/li>\n<li>Registrar antig\u00fcedad en la docencia de nivel superior, no menor a 5 (cinco) a\u00f1os.<\/li>\n<li>Estar habilitado\/a para desempe\u00f1ar cargos p\u00fablicos.<\/li>\n<\/ul>\n<p>Los postulantes deber\u00e1n presentar:<\/p>\n<ul>\n<li>Curriculum Vitae Actualizado de acuerdo con las plantillas que se encuentran en <a href=\"https:\/\/isfd808-chu.infd.edu.ar\/sitio\/llamado-docente-para-espacio-curricular\/\" target=\"_blank\" rel=\"noopener\"><strong>https:\/\/isfd808-chu.infd.edu.ar\/sitio\/llamado-docente-para-espacio-curricular\/<\/strong><\/a> (EXCLUYENTE). Los docentes que no cuenten con documentaci\u00f3n respaldatoria en el legajo, deber\u00e1n actualizar el legajo.<\/li>\n<li>Proyecto de Gesti\u00f3n de acuerdo con las funciones que estipula el ROM. Tener en cuenta el formato que figura en la web <a href=\"https:\/\/isfd808-chu.infd.edu.ar\/sitio\/llamado-docente-para-espacio-curricular\/\" target=\"_blank\" rel=\"noopener\"><strong>https:\/\/isfd808-chu.infd.edu.ar\/sitio\/llamado-docente-para-espacio-curricular\/<\/strong><\/a>, con posterior socializaci\u00f3n de la propuesta (20 hs, 11 de octubre, Sede Centro).<\/li>\n<li>Certificado de habilitaci\u00f3n para desempe\u00f1ar cargos p\u00fablicos (excluyente) tramitado en <a href=\"https:\/\/www.argentina.gob.ar\/justicia\/reincidencia\/antecedentespenales\" target=\"_blank\" rel=\"noopener\"><b>https:\/\/www.argentina.gob.<wbr>ar\/justicia\/reincidencia\/<wbr>antecedentes penales<\/b><\/a><\/li>\n<li>Enviar toda la documentaci\u00f3n solicitada, por mail a <a href=\"mailto:proyectosisfd808@gmail.com\" target=\"_blank\" rel=\"noopener\"><b>proyectosisfd808@gmail.com<\/b><\/a>. En el asunto del mail indicar cargo para el que se postula y en el cuerpo del mail detallar horarios de cumplimiento considerando una jornada de trabajo en cada una de las sedes: Sede Centro, Anexo 730 y EA Gaiman.<\/li>\n<\/ul>\n<p>Los <b>RESULTADOS PARCIALES<\/b> y el <b>ORDEN DE M\u00c9RITO FINAL<\/b> se han de presentar el d\u00eda <b>lunes 09 de octubre de 2023<\/b>, la <b>FECHA DE SOCIALIZACI\u00d3N DE LA PROPUESTA DE GESTI\u00d3N<\/b> es el d\u00eda <b>mi\u00e9rcoles 11 de octubre de 2023<\/b> a las 20hs.<\/p>\n<p>Una vez informados los resultados de orden de m\u00e9rito, y al momento del alta, se deber\u00e1 entregar la siguiente documentaci\u00f3n:<\/p>\n<ul>\n<li>Declaraci\u00f3n Jurada de cargos y horas con disponibilidad horaria para el cumplimiento de la coordinaci\u00f3n, considerando una jornada de trabajo en cada una de las sedes: Sede Centro, Anexo 730 y EA Gaiman.<\/li>\n<li>Copia impresa del Proyecto de Gesti\u00f3n, para adjuntar en el legajo.<\/li>\n<li>Documentaci\u00f3n Personal y Familiar (DNI de cada integrante, certificados de nacimiento, acta de matrimonio, de concubinato, etc.).<\/li>\n<\/ul>\n<p>Vigencia del llamado: hasta el <b>07 de octubre de 2023, 20.00 h.<\/b><\/p>\n<p>Trelew (Ch), 4 de octubre de 2023<\/p>\n<\/div>\n<div style=\"border-radius: 5px; padding: 40px; color: #000000; background: linear-gradient(50deg, #fff, #fff); font-family: Arial, Verdana, sans-serif; font-size: 1em; margin-left: auto; margin-right: auto; border: 5px solid #de0100; text-align: left;\">El Equipo Directivo del ISFD 808 realiza el Primer Llamado para la cobertura de la siguiente unidad curricular:<p><\/p>\n<p><\/p>\n<p><\/p><center><b>PROF. DE EDUCACI\u00d3N PRIMARIA \u2013 Resoluci\u00f3n 310\/14 \u2013 E.A. GAIMAN <\/b><\/center><p><\/p>\n<p>\u2022 <b>PROBLEM\u00c1TICAS DE LA EDUCACI\u00d3N PRIMARIA<\/b> \u2013 Asignatura (cuatrimestral) \u2013 3er A\u00f1o \u2013 Suplente &#8211; 4 horas c\u00e1tedra.<\/p>\n<p>Horario: martes de 18.15 a 19.45 h.<\/p>\n<p>Perfil docente: Docente con formaci\u00f3n en pedagog\u00eda y\/o did\u00e1ctica y experiencia en el nivel.<\/p>\n<p>Requisitos (excluyentes):<\/p>\n<ul>\n<li>Curriculum Vitae actualizado de acuerdo con las plantillas que se encuentran en <a href=\"https:\/\/isfd808-chu.infd.edu.ar\/sitio\/llamado-docente-para-espacio-curricular\/\" target=\"_blank\" rel=\"noopener\"><strong>https:\/\/isfd808-chu.infd.edu.ar\/sitio\/llamado-docente-para-espacio-curricular\/<\/strong><\/a>. Los docentes que no cuenten con documentaci\u00f3n respaldatoria en el legajo, deber\u00e1n adjuntarla en el mail.<\/li>\n<li>Enviar CV Actualizado, indicando claramente unidad curricular y curso para el que se postula, por mail a <a href=\"mailto:proyectosisfd808@gmail.com\" target=\"_blank\" rel=\"noopener\"><b>proyectosisfd808@gmail.com<\/b><\/a><\/li>\n<\/ul>\n<p>Vigencia del llamado: hasta el <b>jueves 07\/09 a las 22 hs.<\/b><\/p>\n<p>Trelew (Ch.), 05 septiembre 2023.<\/p>\n<\/div>\n<div style=\"border-radius: 5px; padding: 40px; color: #000000; background: linear-gradient(50deg, #fff, #fff); font-family: Arial, Verdana, sans-serif; font-size: 1em; margin-left: auto; margin-right: auto; border: 5px solid #de0100; text-align: left;\">\n<p><span style=\"color: #000000;\">El Equipo Directivo del&nbsp;<b>ISFD N\u00b0 808,&nbsp;<\/b>en el marco de la <a href=\"https:\/\/drive.google.com\/file\/d\/1qCwUY6WqxtkBwysPXIlfw_-Flngj024i\/view?usp=sharing\">Res. 500\/23ME<\/a>,&nbsp;realiza el Primer Llamado interno para la cobertura de los siguientes talleres del&nbsp;<b>Programa de Fortalecimiento de las macro-habilidades para la comunicaci\u00f3n \u00abForMaCi\u00f3n\u00bb&nbsp;<\/b>dirigidos a fortalecer la alfabetizaci\u00f3n acad\u00e9mica de nuestros estudiantes:<\/span><\/p>\n<p><span style=\"color: #000000;\">1-&nbsp;&nbsp;<strong>Taller de pr\u00e1cticas de escritura argumentativa<\/strong>&nbsp;(s\u00e1bados de 8 a 10 hs en Sede Centro)<br><\/span><\/p>\n<p><span style=\"color: #000000;\">2 &#8211;&nbsp;<strong>Taller de interpretaci\u00f3n de textos en entornos acad\u00e9micos&nbsp;<\/strong>(Viernes de 16 a 18 hs en Sede Centro)<\/span><\/p>\n<p><b>Distribuci\u00f3n de la carga horaria:&nbsp;<\/b>3 horas c<span style=\"color: #000000;\">\u00e1tedra frente a estudiantes<\/span><\/p>\n<p><span style=\"color: #000000;\"><b>Duraci\u00f3n:&nbsp;<\/b>bimensual, nombramiento a t\u00e9rmino por 8 semanas (inician en la&nbsp;<\/span>semana del 18\/09\/23)<\/p>\n<p><span style=\"color: #000000;\"><b>Perfil profesional:&nbsp;<\/b>docente con formaci\u00f3n y\/o experiencia en la ense\u00f1anza de cada Taller en el que se presenta.<\/span><\/p>\n<p><strong><span style=\"color: #000000;\">Caracter\u00edsticas generales<\/span><\/strong><\/p>\n<p><span style=\"color: #000000;\">Seg\u00fan se detalla en el&nbsp;<a href=\"https:\/\/drive.google.com\/file\/d\/1J9snwuAunU1txNVSrWP5SpdUAvTHmAf4\/view?usp=drive_link\"><b>Documento ForMaCi\u00f3n<\/b><\/a>&nbsp;y en la&nbsp;<b><a href=\"https:\/\/drive.google.com\/file\/d\/1jqdqmB2TuIT1FrbNKyiTcOgrXxzre0u5\/view?usp=sharing\">Gu\u00eda para la Implementaci\u00f3n<\/a>,&nbsp;<\/b>son talleres tem\u00e1ticos de corta duraci\u00f3n, focalizados en objetos de aprendizaje espec\u00edficos, que funcionan como m\u00f3dulos independientes. Se espera una modalidad de trabajo que articule pensamiento y acci\u00f3n a partir del planteo de problemas de resoluci\u00f3n pr\u00e1ctica en torno a un proyecto concreto. Al constituir una instancia de articulaci\u00f3n con las unidades curriculares del plan de estudios, es fundamental pensar las pr\u00e1cticas de evaluaci\u00f3n a partir de una fuerte vinculaci\u00f3n con la construcci\u00f3n de los aprendizajes espec\u00edficos de las mismas. Se recomienda dise\u00f1ar criterios basados en la participaci\u00f3n, la producci\u00f3n, la reflexi\u00f3n, la b\u00fasqueda y organizaci\u00f3n de informaci\u00f3n, la interacci\u00f3n social, el manejo de recursos de comunicaci\u00f3n y expresi\u00f3n, etc.<\/span><\/p>\n<p><span style=\"color: #000000;\"><strong>Acreditaci\u00f3n:<\/strong>&nbsp;Los talleres se aprueban en funci\u00f3n de la calidad de los trabajos presentados y al finalizar la octava semana, no se aplica la instancia de mesas finales.&nbsp;<\/span><\/p>\n<p><span style=\"color: #000000;\"><strong>Acreditaci\u00f3n de Unidades Curriculares:<\/strong>&nbsp;Los Talleres ForMaCi\u00f3n se constituyen en espacios de complementaci\u00f3n curricular que pueden funcionar como instancias de aprendizaje para acceder a la acreditaci\u00f3n parcial de distintas unidades curriculares. Para ello, cada unidad curricular puede derivar hasta un 30% de sus condiciones de acreditaci\u00f3n a la aprobaci\u00f3n de alguno de los talleres.<br><\/span><\/p>\n<p><b>Requisitos (excluyentes):<\/b><\/p>\n<ul>\n<li>Proyecto de acuerdo con las plantillas que se encuentran en&nbsp;<a href=\"https:\/\/isfd808-chu.infd.edu.ar\/sitio\/llamado-docente-para-espacio-curricular\/\" target=\"_blank\" rel=\"noopener\" data-saferedirecturl=\"https:\/\/www.google.com\/url?q=https:\/\/isfd808-chu.infd.edu.ar\/sitio\/llamado-docente-para-espacio-curricular\/&amp;source=gmail&amp;ust=1693957679692000&amp;usg=AOvVaw3B37ejZHEyFL9Vk_rT2egV\">https:\/\/isfd808-chu.infd.<wbr>edu.ar\/sitio\/llamado-docente-<wbr>para-espacio-curricular\/<\/a>. Es importante tener en cuenta para el desarrollo del Taller la&nbsp;<strong><a title=\"location.cgi?esMicrositio=no&amp;amp;id_curso=35&amp;amp;nueva=si&amp;amp;wid_archivo=14384&amp;amp;wseccion=03\" href=\"https:\/\/drive.google.com\/file\/d\/1jqdqmB2TuIT1FrbNKyiTcOgrXxzre0u5\/view?usp=drive_link\" target=\"_blank\" rel=\"noopener\" data-saferedirecturl=\"https:\/\/www.google.com\/url?q=http:\/\/location.cgi?esMicrositio%3Dno%26id_curso%3D35%26nueva%3Dsi%26wid_archivo%3D14384%26wseccion%3D03&amp;source=gmail&amp;ust=1693957679692000&amp;usg=AOvVaw2cx1wzOF3q3t5wswj9Dw64\">Gu\u00eda para la Implementaci\u00f3n<\/a>, p\u00e1gina 2 y 3<\/strong>.&nbsp;<\/li>\n<li>Enviar CV actualizado indicando claramente el taller para el que se postula.<\/li>\n<li>Env\u00edo del Proyecto y CV por mail a&nbsp;<a href=\"mailto:proyectosisfd808@gmail.com\" target=\"_blank\" rel=\"noopener\">proyectosisfd808@gmail.com<\/a><\/li>\n<\/ul>\n<p><strong>Finalizaci\u00f3n del llamado: Jueves 7 de septiembre de 2023 a las 23.59 hs<\/strong>.<\/p>\n<p>Trelew, 4 de septiembre de 2023<\/p>\n<\/div>\n<div style=\"border-radius: 5px; padding: 40px; color: #000000; background: linear-gradient(50deg, #fff, #fff); font-family: Arial, Verdana, sans-serif; font-size: 1em; margin-left: auto; margin-right: auto; border: 5px solid #de0100; text-align: left;\">El Equipo Directivo del ISFD 808 realiza el Primer Llamado para la presentaci\u00f3n de proyectos de las siguientes unidades curriculares seg\u00fan detalle:<p><\/p>\n<p><b>PROF. DE EDUCACI\u00d3N SECUNDARIA EN QU\u00cdMICA \u2013 Resoluci\u00f3n 05\/20 -Anexo 730<\/b><\/p>\n<p><b>F\u00cdSICA B\u00c1SICA<\/b> \u2013 Asignatura \u2013 1er A\u00f1o \u2013 2do. Cuatrimestre &#8211; interina<br>Distribuci\u00f3n de la carga horaria: 4h c\u00e1tedra frente a estudiantes, 5h c\u00e1tedra totales designaci\u00f3n docente.<br>Disponibilidad: lunes 17.50 a 18.30 h (Proyecto de Gesti\u00f3n Curricular) y jueves de 18.30 a 20.00 h.<br>Perfil docente: Profesor\/a de Fisica o Profesional de Ciencias F\u00edsicas o afines con experiencia en ense\u00f1anza de la F\u00edsica en la formaci\u00f3n docente de Nivel Superior.<\/p>\n<p><b>PROF. DE EDUCACI\u00d3N SECUNDARIA EN F\u00cdSICA \u2013 Resoluci\u00f3n 545\/19 -Anexo 730<\/b><\/p>\n<p><b>ONDAS<\/b> \u2013 Asignatura \u2013 3er A\u00f1o \u2013 2do. Cuatrimestre &#8211; interina<br>Distribuci\u00f3n de la carga horaria: 3h c\u00e1tedra frente a estudiantes, 4h c\u00e1tedra totales designaci\u00f3n docente.<br>Disponibilidad: lunes 17.50 a 18.30 h (Proyecto de Gesti\u00f3n Curricular) y jueves de 20.10 a 21.40 h.<br>Perfil docente: Profesor\/a de Fisica o Profesional de Ciencias F\u00edsicas o afines con experiencia en ense\u00f1anza de la F\u00edsica en la formaci\u00f3n docente de Nivel Superior.<\/p>\n<p><b>Requisitos (excluyentes):<\/b><\/p>\n<p>* Proyecto y Programa de Unidad Curricular acorde a los lineamientos del Dise\u00f1o Curricular <a href=\"https:\/\/isfd808-chu.infd.edu.ar\/sitio\/llamado-docente-para-espacio-curricular\/\" target=\"_blank\" rel=\"noopener\"><strong>https:\/\/isfd808-chu.infd.edu.ar\/sitio\/llamado-docente-para-espacio-curricular\/<\/strong><\/a><br>* Curriculum Vitae actualizado de acuerdo con las plantillas que se encuentran en <a href=\"https:\/\/isfd808-chu.infd.edu.ar\/sitio\/llamado-docente-para-espacio-curricular\/\" target=\"_blank\" rel=\"noopener\"><strong>https:\/\/isfd808-chu.infd.edu.ar\/sitio\/llamado-docente-para-espacio-curricular\/<\/strong><\/a><\/p>\n<p>Los docentes que no cuenten con documentaci\u00f3n respaldatoria en el legajo, deber\u00e1n adjuntarla en el mail.<br>Enviar PROGRAMA, PROYECTO Y CV Actualizado, indicando claramente unidad curricular y curso para el que se postula, por mail a <a href=\"mailto:proyectosisfd808@gmail.com\" target=\"_blank\" rel=\"noopener noreferrer\"><b>proyectosisfd808@<wbr>gmail.com<\/b><\/a><\/p>\n<p>Una vez informados los resultados de orden de m\u00e9rito, y al momento del alta, se deber\u00e1 entregar la siguiente documentaci\u00f3n:<\/p>\n<ul>\n<li>Declaraci\u00f3n Jurada de cargos y horas con disponibilidad horaria para el cumplimiento de los horarios publicados en el campus\/BAR.<\/li>\n<li>Certificado de habilitaci\u00f3n para desempe\u00f1ar cargos p\u00fablicos (Art. 76 del ROM \u2013 por \u00fanica vez) tramitado en: <a href=\"https:\/\/www.argentina.gob.ar\/justicia\/reincidencia\/antecedentespenales\" target=\"_blank\" rel=\"noopener\" data-saferedirecturl=\"https:\/\/www.google.com\/url?q=https:\/\/www.argentina.gob.ar\/justicia\/reincidencia\/antecedentespenales&amp;source=gmail&amp;ust=1691198473555000&amp;usg=AOvVaw2ankiRwZ9UyE4Hl3RMFP3O\"><b>https:\/\/www.argentina.gob.<wbr>ar\/justicia\/reincidencia\/<wbr>antecedentes penales<\/b><\/a><\/li>\n<li>Copia impresa del Proyecto y Programa de la Unidad Curricular a las que se les otorga alta, para adjuntar en el legajo.<\/li>\n<li>Documentaci\u00f3n Personal y Familiar (DNI de cada integrante, certificados de nacimiento, acta de matrimonio, de concubinato, etc.).<\/li>\n<\/ul>\n<p>Vigencia del llamado: hasta el <b>mi\u00e9rcoles 30 de agosto de 2023, 20.30 hs.<\/b><\/p>\n<p>Trelew (Ch.), 25 de agosto de 2023.<\/p>\n<\/div>\n<div style=\"border-radius: 5px; padding: 40px; color: #000000; background: linear-gradient(50deg, #fff, #fff); font-family: Arial, Verdana, sans-serif; font-size: 1em; margin-left: auto; margin-right: auto; border: 5px solid #de0100; text-align: left;\">El Equipo Directivo del ISFD N\u00ba 808 dando cumplimiento a la Nota N\u00ba 1178\/23 DGES, realiza el <b>TERCER LLAMADO PARA LA COBERTURA DEL CARGO DE COORDINACI\u00d3N ANEXO 730<\/b>, interino a t\u00e9rmino, con una duraci\u00f3n de 4 (cuatro) a\u00f1os; y una carga horaria de 20 hs. reloj semanales, a desempe\u00f1arse en el turno vespertino de lunes a viernes y s\u00e1bados por la ma\u00f1ana, distribuidos entre Sede Centro y Anexo 730.<p><\/p>\n<p>Los requisitos que estipula el ROM son:<\/p>\n<ul>\n<li>Poseer t\u00edtulo de nivel superior.<\/li>\n<li>Poseer antecedentes profesionales acordes al cargo que se concursa.<\/li>\n<li>Registrar antig\u00fcedad en la docencia y\/o en el nivel superior, no menor a 5 (cinco) a\u00f1os.<\/li>\n<li>Estar habilitado\/a para desempe\u00f1ar cargos p\u00fablicos seg\u00fan certificado de habilitaci\u00f3n tramitado en <a href=\"https:\/\/www.argentina.gob.ar\/justicia\/reincidencia\/antecedentespenales\" target=\"_blank\" rel=\"noopener\" data-saferedirecturl=\"https:\/\/www.google.com\/url?q=https:\/\/www.argentina.gob.ar\/justicia\/reincidencia\/antecedentespenales&amp;source=gmail&amp;ust=1691198473555000&amp;usg=AOvVaw2ankiRwZ9UyE4Hl3RMFP3O\"><b>https:\/\/www.argentina.gob.<wbr>ar\/justicia\/reincidencia\/<wbr>antecedentes penales<\/b><\/a><\/li>\n<li>Presentaci\u00f3n online de la Propuesta de Trabajo y CV, seg\u00fan se indica a continuaci\u00f3n:<\/li>\n<\/ul>\n<p><b>FORMATO:<\/b> en ambos casos se encuentran los formatos disponibles en <a href=\"https:\/\/isfd808-chu.infd.edu.ar\/sitio\/llamado-docente-para-espacio-curricular\/\" target=\"_blank\" rel=\"noopener\"><strong>https:\/\/isfd808-chu.infd.edu.ar\/sitio\/llamado-docente-para-espacio-curricular\/<\/strong><\/a><br><b>ENV\u00cdO:<\/b> Se deber\u00e1 enviar desde una cuenta de correo electr\u00f3nico, abierta con un pseud\u00f3nimo y desde la cual no se haga referencia alguna a la identidad de quien se presenta. Se env\u00edan dos correos por separado, el proyecto se firma solamente con el mismo pseud\u00f3nimo, en archivo PDF. El CV en otro archivo PDF, con documentaci\u00f3n respaldatoria en el caso que no conste en legajo. Desde esta cuenta de correo electr\u00f3nico, mantendremos la comunicaci\u00f3n de resultados y pasos a seguir.<\/p>\n<p>Presentaci\u00f3n p\u00fablica de la propuesta: modalidad y fecha a definir<\/p>\n<p>Vencimiento del llamado: <b>20 hs del d\u00eda MI\u00c9RCOLES 30 de AGOSTO de 2023.<\/b><br>Correo electr\u00f3nico: <a href=\"mailto:proyectosisfd808@gmail.com\" target=\"_blank\" rel=\"noopener noreferrer\"><b>proyectosisfd808@<wbr>gmail.com<\/b><\/a> (para el env\u00edo digital y consultas)<\/p>\n<p><b>OBSERVACIONES:<\/b> El cumplimiento de los requisitos, los modos de presentaci\u00f3n y de env\u00edo son de car\u00e1cter excluyente, el no cumplimiento de alguno de ellos ocasionar\u00e1 la nulidad de la presentaci\u00f3n y la consecuente desestimaci\u00f3n del candidato.<\/p>\n<p>Trelew (Ch.), 25 de agosto de 2023<\/p>\n<\/div>\n<div style=\"border-radius: 5px; padding: 40px; color: #000000; background: linear-gradient(50deg, #fff, #fff); font-family: Arial, Verdana, sans-serif; font-size: 1em; margin-left: auto; margin-right: auto; border: 5px solid #de0100; text-align: left;\">\n<div dir=\"auto\">El Equipo Directivo del ISFD N\u00ba 808 dando cumplimiento a la Nota N\u00ba 1178\/23 DGES, realiza el <b>SEGUNDO LLAMADO PARA LA COBERTURA DEL CARGO DE COORDINACI\u00d3N ANEXO 730<\/b>, interino a t\u00e9rmino, con una duraci\u00f3n de 4 (cuatro) a\u00f1os; y una carga horaria de 20 hs. reloj semanales, a desempe\u00f1arse en el turno vespertino de lunes a viernes y s\u00e1bados por la ma\u00f1ana, distribuidos entre Sede Centro y Anexo 730.<p><\/p>\n<p>Los requisitos que estipula el ROM son:<\/p>\n<ul>\n<li>Poseer t\u00edtulo de nivel superior.<\/li>\n<li>Poseer antecedentes profesionales acordes al cargo que se concursa.<\/li>\n<li>Registrar antig\u00fcedad en la docencia y\/o en el nivel superior, no menor a 5 (cinco) a\u00f1os.<\/li>\n<li>Estar habilitado\/a para desempe\u00f1ar cargos p\u00fablicos seg\u00fan certificado de habilitaci\u00f3n tramitado en <a href=\"https:\/\/www.argentina.gob.ar\/justicia\/reincidencia\/antecedentespenales\" target=\"_blank\" rel=\"noopener\" data-saferedirecturl=\"https:\/\/www.google.com\/url?q=https:\/\/www.argentina.gob.ar\/justicia\/reincidencia\/antecedentespenales&amp;source=gmail&amp;ust=1691198473555000&amp;usg=AOvVaw2ankiRwZ9UyE4Hl3RMFP3O\">https:\/\/www.argentina.gob.<wbr>ar\/justicia\/reincidencia\/<wbr>antecedentes penales<\/a><\/li>\n<\/ul>\n<p>Presentaci\u00f3n online de la Propuesta de Trabajo y CV, seg\u00fan se indica a continuaci\u00f3n:<\/p>\n<ul>\n<li>FORMATO: en ambos casos se encuentran los formatos disponibles en <a href=\"https:\/\/isfd808-chu.infd.edu.ar\/sitio\/llamado-docente-para-espacio-curricular\/\" target=\"_blank\" rel=\"noopener\"><strong>https:\/\/isfd808-chu.infd.edu.ar\/sitio\/llamado-docente-para-espacio-curricular\/<\/strong><\/a><\/li>\n<li>ENV\u00cdO: Se deber\u00e1 enviar desde una cuenta de correo electr\u00f3nico, abierta con un pseud\u00f3nimo y desde la cual no se haga referencia alguna a la identidad de quien se presenta. Se env\u00edan dos correos por separado, el proyecto se firma solamente con el mismo pseud\u00f3nimo, en archivo PDF. El CV en otro archivo PDF, con documentaci\u00f3n respaldatoria en el caso que no conste en legajo. Desde esta cuenta de correo electr\u00f3nico, mantendremos la comunicaci\u00f3n de resultados y pasos a seguir.\n<p><\/p>\n<\/li>\n<\/ul>\n<p><b>Presentaci\u00f3n p\u00fablica de la propuesta:<\/b> modalidad y fecha a definir<br><b>Vencimiento del llamado: 20 hs del d\u00eda JUEVES 24 de AGOSTO de 2023.<\/b><br>Correo electr\u00f3nico: <a href=\"mailto:proyectosisfd808@gmail.com\" target=\"_blank\" rel=\"noopener noreferrer\"><b>proyectosisfd808@<wbr>gmail.com<\/b><\/a> (para el env\u00edo digital y consultas)<\/p>\n<p><b>OBSERVACIONES:<\/b> El cumplimiento de los requisitos, los modos de presentaci\u00f3n y de env\u00edo son de car\u00e1cter excluyente, el no cumplimiento de alguno de ellos ocasionar\u00e1 la nulidad de la presentaci\u00f3n y la consecuente desestimaci\u00f3n del candidato.<\/p>\n<p>Trelew (Ch.), 16 de agosto de 2023<\/p>\n<\/div>\n<\/div>\n<div style=\"border-radius: 5px; padding: 40px; color: #000000; background: linear-gradient(50deg, #fff, #fff); font-family: Arial, Verdana, sans-serif; font-size: 1em; margin-left: auto; margin-right: auto; border: 5px solid #de0100; text-align: left;\">\n<div dir=\"auto\">El Equipo Directivo del ISFD N\u00ba 808 dando cumplimiento a la Nota N\u00ba 1178\/23 DGCES, realiza el&nbsp;LLAMADO PARA LA COBERTURA DEL CARGO DE COORDINACI\u00d3N ANEXO 730, interino a t\u00e9rmino, con una duraci\u00f3n de 4 (cuatro) a\u00f1os; y una carga horaria de 20 hs. reloj semanales, a desempe\u00f1arse en el turno vespertino de lunes a viernes y s\u00e1bados por la ma\u00f1ana, distribuidos entre Sede Centro y Anexo 730.<p><\/p>\n<div dir=\"auto\">&nbsp;<\/div>\n<div dir=\"auto\">Los requisitos que estipula el ROM son:<\/div>\n<ul>\n<li dir=\"auto\">Poseer t\u00edtulo de nivel superior.<\/li>\n<li dir=\"auto\">Poseer antecedentes profesionales acordes al cargo que se concursa.<\/li>\n<li dir=\"auto\">Registrar antig\u00fcedad en la docencia y\/o en el nivel superior, no menor a 5 (cinco) a\u00f1os.<\/li>\n<li dir=\"auto\">Estar habilitado\/a para desempe\u00f1ar cargos p\u00fablicos seg\u00fan certificado de habilitaci\u00f3n tramitado en&nbsp;&nbsp;<a href=\"https:\/\/www.argentina.gob.ar\/justicia\/reincidencia\/antecedentespenales\" target=\"_blank\" rel=\"noopener\" data-saferedirecturl=\"https:\/\/www.google.com\/url?q=https:\/\/www.argentina.gob.ar\/justicia\/reincidencia\/antecedentespenales&amp;source=gmail&amp;ust=1691545891207000&amp;usg=AOvVaw12AhrVPI-DtoKde1t4K3a_\">https:\/\/www.argentina.gob.<wbr>ar\/justicia\/reincidencia\/<wbr>antecedentespenales<\/a><\/li>\n<\/ul>\n<div dir=\"auto\">Presentaci\u00f3n online de la Propuesta de Trabajo y CV, seg\u00fan se indica a continuaci\u00f3n:<\/div>\n<ul>\n<li dir=\"auto\">FORMATO: en ambos casos se encuentran los formatos disponibles en&nbsp;<a href=\"https:\/\/isfd808-chu.infd.edu.ar\/sitio\/llamado-docente-para-espacio-curricular\/\" target=\"_blank\" rel=\"noopener\" data-saferedirecturl=\"https:\/\/www.google.com\/url?q=https:\/\/isfd808-chu.infd.edu.ar\/sitio\/llamado-docente-para-espacio-curricular\/&amp;source=gmail&amp;ust=1691545891207000&amp;usg=AOvVaw0jzE9MKSWohNY9qAk4LnM7\">https:\/\/isfd808-chu.infd.<wbr>edu.ar\/sitio\/llamado-docente-<wbr>para-espacio-curricular\/<\/a><\/li>\n<li dir=\"auto\">ENV\u00cdO: Se deber\u00e1 enviar desde una cuenta de correo electr\u00f3nico, abierta con un pseud\u00f3nimo y desde la cual no se haga referencia alguna a la identidad de quien se presenta. Se env\u00edan dos correos por separado, el proyecto se firma solamente con el mismo pseud\u00f3nimo, en archivo PDF. El CV en otro archivo PDF, con documentaci\u00f3n respaldatoria en el caso que no conste en legajo. Desde esta cuenta de correo electr\u00f3nico, mantendremos la comunicaci\u00f3n de resultados y pasos a seguir.<\/li>\n<\/ul>\n<div dir=\"auto\">&nbsp;<\/div>\n<div dir=\"auto\"><b>Presentaci\u00f3n p\u00fablica de la propuesta:&nbsp;<\/b>modalidad y fecha a definir<\/div>\n<div dir=\"auto\">Vencimiento del llamado: 20 hs del d\u00eda 11 de julio de 2023.<\/div>\n<div dir=\"auto\">Correo electr\u00f3nico:&nbsp;<a href=\"mailto:proyectosisfd808@gmail.com\" target=\"_blank\" rel=\"noopener noreferrer\">proyectosisfd808@<wbr>gmail.com<\/a>&nbsp;(para el env\u00edo digital y consultas)<\/div>\n<div dir=\"auto\">&nbsp;<\/div>\n<div dir=\"auto\">OBSERVACIONES:&nbsp;El cumplimiento de los requisitos, los modos de presentaci\u00f3n y de env\u00edo son de car\u00e1cter excluyente, el no cumplimiento de alguno de ellos ocasionar\u00e1 la nulidad de la presentaci\u00f3n y la consecuente desestimaci\u00f3n del candidato.<\/div>\n<div dir=\"auto\">&nbsp;<\/div>\n<div dir=\"auto\">Trelew (Ch.), 7 de agosto de 2023<\/div>\n<\/div>\n<\/div>\n<div style=\"border-radius: 5px; padding: 40px; color: #000000; background: linear-gradient(50deg, #fff, #fff); font-family: Arial, Verdana, sans-serif; font-size: 1em; margin-left: auto; margin-right: auto; border: 5px solid #de0100; text-align: left;\"><center>PROF. DE EDUCACI\u00d3N SECUNDARIA EN MATEMATICA\u2013 Resoluci\u00f3n 543\/19 \u2013 Anexo 730<\/center><p><\/p>\n<ul>\n<li>UDI: Seminario de Comunicaci\u00f3n Cient\u00edfica en la Formaci\u00f3n Docente\u00bb&nbsp;\u2013 Seminario Cuatrimestral&nbsp;\u2013 4to A\u00f1o \u2013 interino&nbsp;<br>Distribuci\u00f3n de la carga horaria:&nbsp;3h c\u00e1tedra frente a estudiantes, 4h c\u00e1tedra de designaci\u00f3n docente<br>Disponibilidad:&nbsp;lunes 17.50 a 18.30 h (Proyecto de Gesti\u00f3n Curricular) y jueves de 18.30 a 20.00 h.<br>Perfil docente:&nbsp;Profesor\/a de Matem\u00e1tica que acredite formaci\u00f3n y\/o experiencia en la formaci\u00f3n docente matem\u00e1tica<\/li>\n<\/ul>\n<p>Requisitos (excluyentes):<\/p>\n<ul>\n<li>Curriculum Vitae actualizado, Proyecto de Unidad Curricular y Programa de Contenidos de acuerdo con las plantillas que se encuentran en&nbsp;<a href=\"https:\/\/isfd808-chu.infd.edu.ar\/sitio\/llamado-docente-para-espacio-curricular\/\" target=\"_blank\" rel=\"noopener\" data-saferedirecturl=\"https:\/\/www.google.com\/url?q=https:\/\/isfd808-chu.infd.edu.ar\/sitio\/llamado-docente-para-espacio-curricular\/&amp;source=gmail&amp;ust=1691198473611000&amp;usg=AOvVaw2TzSOReBkzcgGu9hxup62N\">https:\/\/isfd808-chu.infd.<wbr>edu.ar\/sitio\/llamado-docente-<wbr>para-espacio-curricular\/<\/a>. Los docentes que no cuenten con documentaci\u00f3n respaldatoria en el legajo, deber\u00e1n adjuntarla en el mail.<\/li>\n<li>Enviar CV Actualizado, Proyecto de Unidad Curricular y Programa de Contenidos, indicando claramente unidad curricular y curso para el que se postula, por mail a&nbsp;<a href=\"mailto:proyectosisfd808@gmail.com\" target=\"_blank\" rel=\"noopener\">proyectosisfd808@gmail.com<\/a><\/li>\n<\/ul>\n<p>Una vez informados los resultados de orden de m\u00e9rito, y al momento del alta, se deber\u00e1 entregar la siguiente documentaci\u00f3n:<\/p>\n<ul>\n<li>Declaraci\u00f3n Jurada de cargos y horas con disponibilidad horaria para el cumplimiento de los horarios publicados en el campus\/BAR.<\/li>\n<li>Certificado de habilitaci\u00f3n para desempe\u00f1ar cargos p\u00fablicos (Art. 76 del ROM \u2013 por \u00fanica vez) tramitado en:&nbsp;<a href=\"https:\/\/www.argentina.gob.ar\/justicia\/reincidencia\/antecedentespenales\" target=\"_blank\" rel=\"noopener\" data-saferedirecturl=\"https:\/\/www.google.com\/url?q=https:\/\/www.argentina.gob.ar\/justicia\/reincidencia\/antecedentespenales&amp;source=gmail&amp;ust=1691198473611000&amp;usg=AOvVaw0_o1LSe0W3hJvwTsDINk_m\">https:\/\/www.argentina.gob.<wbr>ar\/justicia\/reincidencia\/<wbr>antecedentespenales<\/a><\/li>\n<li>Copia impresa del Proyecto y Programa de la Unidad Curricular a las que se les otorga alta, para adjuntar en el legajo.<\/li>\n<li>Documentaci\u00f3n Personal y Familiar (DNI de cada integrante, certificados de nacimiento, acta de matrimonio, de concubinato, etc.).<\/li>\n<\/ul>\n<p>Vigencia del llamado: hasta el&nbsp;mi\u00e9rcoles&nbsp;9 de agosto de 2023 a las 18.30 hs.<\/p>\n<p>Trelew, 3 de agosto de 2023.<\/p>\n<\/div>\n<div style=\"border-radius: 5px; padding: 40px; color: #000000; background: linear-gradient(50deg, #fff, #fff); font-family: Arial, Verdana, sans-serif; font-size: 1em; margin-left: auto; margin-right: auto; border: 5px solid #de0100; text-align: left;\"><center>PROF. DE EDUCACI\u00d3N SECUNDARIA EN F\u00cdSICA (Res. 545\/19) Y EN QU\u00ccMICA (Res. 05\/20) CATEDRA FUSIONADA \u2013 Anexo 730<\/center><p><\/p>\n<ul>\n<li>Educaci\u00f3n y TIC&nbsp;\u2013 2\u00ba Cuatrimestre \u2013 2do A\u00f1o \u2013&nbsp;<u>suplente&nbsp;<\/u><br>Distribuci\u00f3n de la carga horaria:&nbsp;3h c\u00e1tedra frente a estudiantes, 4h c\u00e1tedra de designaci\u00f3n docente<br>Disponibilidad:&nbsp;lunes 17.50 a 18.30 h (Proyecto de Gesti\u00f3n Curricular) y jueves de 20.40 a 22.10 h.<br>Perfil docente:&nbsp;Docente con formaci\u00f3n espec\u00edfica, orientaci\u00f3n, especializaci\u00f3n y\/o experiencia en Educaci\u00f3n y TIC.<\/li>\n<\/ul>\n<div><center>PROF. DE EDUCACI\u00d3N PRIMARIA \u2013 Resoluci\u00f3n 310\/14 &#8211; Sede Centro&nbsp;<\/center><p><\/p>\n<ul>\n<li>Educaci\u00f3n y TIC&nbsp;\u2013 2\u00ba Cuatrimestre \u2013 3er A\u00f1o \u2013&nbsp;<u>suplente&nbsp;<\/u>&#8211; 3 horas c\u00e1tedra<br>Disponibilidad:&nbsp;jueves de 19.30 a 21.00 h.<br>Perfil docente:&nbsp;Docente con formaci\u00f3n espec\u00edfica, orientaci\u00f3n, especializaci\u00f3n y\/o experiencia en Educaci\u00f3n y TIC.<\/li>\n<\/ul>\n<\/div>\n<p><\/p><center>Requisitos (excluyentes):<\/center><p><\/p>\n<ul>\n<li>Curriculum Vitae actualizado de acuerdo con las plantillas que se encuentran en&nbsp;<a href=\"https:\/\/isfd808-chu.infd.edu.ar\/sitio\/llamado-docente-para-espacio-curricular\/\" target=\"_blank\" rel=\"noopener\" data-saferedirecturl=\"https:\/\/www.google.com\/url?q=https:\/\/isfd808-chu.infd.edu.ar\/sitio\/llamado-docente-para-espacio-curricular\/&amp;source=gmail&amp;ust=1691198473555000&amp;usg=AOvVaw2_TE7s35tf7FO8KDIJpOkI\">https:\/\/isfd808-chu.infd.<wbr>edu.ar\/sitio\/llamado-docente-<wbr>para-espacio-curricular\/<\/a>. Los docentes que no cuenten con documentaci\u00f3n respaldatoria en el legajo, deber\u00e1n adjuntarla en el mail.<\/li>\n<li>Enviar CV Actualizado indicando claramente unidad curricular y profesorado para el que se postula, por mail a&nbsp;<a href=\"mailto:proyectosisfd808@gmail.com\" target=\"_blank\" rel=\"noopener\">proyectosisfd808@gmail.com<\/a><\/li>\n<\/ul>\n<p>Una vez informados los resultados de orden de m\u00e9rito, y al momento del alta, se deber\u00e1 entregar la siguiente documentaci\u00f3n:<\/p>\n<ul>\n<li>Declaraci\u00f3n Jurada de cargos y horas con disponibilidad horaria para el cumplimiento de los horarios publicados en el campus\/BAR.<\/li>\n<li>Certificado de habilitaci\u00f3n para desempe\u00f1ar cargos p\u00fablicos (Art. 76 del ROM \u2013 por \u00fanica vez) tramitado en:&nbsp;<a href=\"https:\/\/www.argentina.gob.ar\/justicia\/reincidencia\/antecedentespenales\" target=\"_blank\" rel=\"noopener\" data-saferedirecturl=\"https:\/\/www.google.com\/url?q=https:\/\/www.argentina.gob.ar\/justicia\/reincidencia\/antecedentespenales&amp;source=gmail&amp;ust=1691198473555000&amp;usg=AOvVaw2ankiRwZ9UyE4Hl3RMFP3O\">https:\/\/www.argentina.gob.<wbr>ar\/justicia\/reincidencia\/<wbr>antecedentes penales<\/a><\/li>\n<li>Copia impresa del Proyecto y Programa de la Unidad Curricular a las que se les otorga alta, para adjuntar en el legajo.<\/li>\n<li>Documentaci\u00f3n Personal y Familiar (DNI de cada integrante, certificados de nacimiento, acta de matrimonio, de concubinato, etc.).<\/li>\n<\/ul>\n<p>Vigencia del llamado: hasta el&nbsp;mi\u00e9rcoles&nbsp;9 de agosto de 2023 a las 18.30 hs.<\/p>\n<p>Trelew, 3 de agosto&nbsp;de 2023.<\/p>\n<\/div>\n<div style=\"border-radius: 5px; padding: 40px; color: #000000; background: linear-gradient(50deg, #fff, #fff); font-family: Arial, Verdana, sans-serif; font-size: 1em; margin-left: auto; margin-right: auto; border: 5px solid #de0100; text-align: left;\">\n<div dir=\"auto\">El Equipo Directivo del ISFD N\u00ba 808 realiza el <strong>LLAMADO PARA LA COBERTURA DEL CARGO DE COORDINACI\u00d3N SEDE CENTRO &#8211; GAIMAN<\/strong>, interino a t\u00e9rmino, con una duraci\u00f3n de 4 (cuatro) a\u00f1os; y una carga horaria de 20 hs. reloj semanales, a desempe\u00f1arse en el turno vespertino de lunes a viernes y s\u00e1bados por la ma\u00f1ana, distribuidos entre Trelew y de Gaiman.<\/div>\n<div dir=\"auto\">&nbsp;<\/div>\n<div dir=\"auto\">Los requisitos que estipula el ROM son:<\/div>\n<ul>\n<li dir=\"auto\">Poseer t\u00edtulo de nivel superior.<\/li>\n<li dir=\"auto\">Poseer antecedentes profesionales acordes al cargo que se concursa.<\/li>\n<li dir=\"auto\">Registrar antig\u00fcedad en la docencia y\/o en el nivel superior, no menor a 5 (cinco) a\u00f1os.<\/li>\n<li dir=\"auto\">Estar habilitado\/a para desempe\u00f1ar cargos p\u00fablicos seg\u00fan certificado de habilitaci\u00f3n tramitado en&nbsp; <a href=\"https:\/\/www.argentina.gob.ar\/justicia\/reincidencia\/antecedentespenales\" target=\"_blank\" rel=\"noopener\" data-saferedirecturl=\"https:\/\/www.google.com\/url?q=https:\/\/www.argentina.gob.ar\/justicia\/reincidencia\/antecedentespenales&amp;source=gmail&amp;ust=1689212543331000&amp;usg=AOvVaw0uciSFnW41UjcSMSiRWPCc\">https:\/\/www.argentina.gob.ar\/<wbr>justicia\/reincidencia\/<wbr>antecedentespenales<\/a><\/li>\n<\/ul>\n<div dir=\"auto\">Presentaci\u00f3n online de la Propuesta de Trabajo y CV, seg\u00fan se indica a continuaci\u00f3n:<\/div>\n<ul>\n<li dir=\"auto\">FORMATO: en ambos casos se encuentran los formatos disponibles en <a href=\"https:\/\/isfd808-chu.infd.edu.ar\/sitio\/llamado-docente-para-espacio-curricular\/\" target=\"_blank\" rel=\"noopener\" data-saferedirecturl=\"https:\/\/www.google.com\/url?q=https:\/\/isfd808-chu.infd.edu.ar\/sitio\/llamado-docente-para-espacio-curricular\/&amp;source=gmail&amp;ust=1689212543331000&amp;usg=AOvVaw1n8ZtduPualzej_SrRMXV8\">https:\/\/<wbr>isfd808-chu.infd.edu.ar\/sitio\/<wbr>llamado-docente-para-espacio-<wbr>curricular\/<\/a><\/li>\n<li dir=\"auto\">ENV\u00cdO: Se deber\u00e1 enviar desde una cuenta de correo electr\u00f3nico, abierta con un pseud\u00f3nimo y desde la cual no se haga referencia alguna a la identidad de quien se presenta. Se env\u00edan dos correos por separado, el proyecto se firma solamente con el mismo pseud\u00f3nimo, en archivo PDF. El CV en otro archivo PDF, con documentaci\u00f3n respaldatoria en el caso que no conste en legajo. Desde esta cuenta de correo electr\u00f3nico, mantendremos la comunicaci\u00f3n de resultados y pasos a seguir.<\/li>\n<\/ul>\n<div dir=\"auto\">&nbsp;<\/div>\n<div dir=\"auto\">Presentaci\u00f3n p\u00fablica de la propuesta: modalidad y fecha a definir<\/div>\n<div dir=\"auto\"><strong>Vencimiento del llamado: 20 hs del d\u00eda 15 de julio de 2023.<\/strong><\/div>\n<div dir=\"auto\">Correo electr\u00f3nico:&nbsp;<a href=\"mailto:proyectosisfd808@gmail.com\" target=\"_blank\" rel=\"noopener noreferrer\">proyectosisfd808@gmail.com<\/a>&nbsp;(para el env\u00edo digital y consultas)<\/div>\n<div dir=\"auto\">&nbsp;<\/div>\n<div dir=\"auto\"><strong>OBSERVACIONES:<\/strong> El cumplimiento de los requisitos, los modos de presentaci\u00f3n y de env\u00edo son de car\u00e1cter excluyente, el no cumplimiento de alguno de ellos ocasionar\u00e1 la nulidad de la presentaci\u00f3n y la consecuente desestimaci\u00f3n del candidato.<\/div>\n<div dir=\"auto\">&nbsp;<\/div>\n<div dir=\"auto\">Trelew (Ch.), 12 de julio 2023.<\/div>\n<\/div>\n<div style=\"border-radius: 5px; padding: 40px; color: #000000; background: linear-gradient(50deg, #fff, #fff); font-family: Arial, Verdana, sans-serif; font-size: 1em; margin-left: auto; margin-right: auto; border: 5px solid #de0100; text-align: left;\">\n<p>El Equipo Directivo del ISFD 808, dando cumplimiento a la Nota M\u00faltiple N\u00ba <a href=\"https:\/\/drive.google.com\/file\/d\/1Sx8T69BaHBsZM6uyJV_j_Twjur3mPPi6\/view?usp=drive_link\">06\/23 DGES<\/a>, realiza el <strong>Primer Llamado<\/strong> para la cobertura del cargo \u201c<strong>REFERENTE INSTITUCIONAL DE INVESTIGACI\u00d3N\u201d, <\/strong>en situaci\u00f3n de interino a t\u00e9rmino (sin especificar), 6 horas c\u00e1tedra (cumplimiento efectivo 6 horas reloj) y funciones detalladas seg\u00fan detalle:<\/p>\n<p><strong>Perfil (excluyente):<\/strong><\/p>\n<ul>\n<li>Poseer t\u00edtulo de nivel superior.<\/li>\n<li>Poseer antecedentes profesionales , experiencia y\/o formaci\u00f3n acordes al cargo que se concursa.<\/li>\n<li>Ser docente de la Educaci\u00f3n Superior y del ISFD N\u00ba 808.<\/li>\n<li>Registrar antig\u00fcedad en la docencia de nivel superior, no menor a 5 (cinco) a\u00f1os.<\/li>\n<li>Estar habilitado\/a para desempe\u00f1ar cargos p\u00fablicos.<\/li>\n<\/ul>\n<p><strong>Se deber\u00e1 presentar:<\/strong><\/p>\n<ul>\n<li>Curriculum Vitae <strong>EN PAPEL Y DIGITAL<\/strong> y actualizado de acuerdo con las plantillas que se encuentran en&nbsp;<a href=\"https:\/\/isfd808-chu.infd.edu.ar\/sitio\/llamado-docente-para-espacio-curricular\/\"><strong>https:\/\/isfd808-chu.infd.edu.ar\/sitio\/llamado-docente-para-espacio-curricular\/<\/strong><\/a> (EXCLUYENTE). Los docentes que no cuenten con documentaci\u00f3n respaldatoria en el legajo, deber\u00e1n actualizar el legajo.<\/li>\n<li>Propuesta de Trabajo <strong>EN PAPEL Y DIGITAL<\/strong> con el siguiente formato: car\u00e1tula con los datos del\/la postulante, una peque\u00f1a s\u00edntesis te\u00f3rica donde se exprese el posicionamiento ante la tarea a realizar en cuanto a la investigaci\u00f3n educativa, prop\u00f3sitos y l\u00ednea de acci\u00f3n en el marco de los lineamientos nacionales, posibles actividades a realizar, agenda provisoria de acciones, evaluaci\u00f3n, bibliograf\u00eda, carga horaria y lugar de trabajo. Para los lineamientos y funciones considerar la Nota M\u00faltiple N\u00ba 06\/23 DGES.<\/li>\n<li>Certificado de habilitaci\u00f3n para desempe\u00f1ar cargos p\u00fablicos (excluyente) tramitado en&nbsp;<a href=\"https:\/\/www.argentina.gob.ar\/justicia\/reincidencia\/antecedentespenales\"><strong>https:\/\/www.argentina.gob.ar\/justicia\/reincidencia\/antecedentespenales<\/strong><\/a><\/li>\n<li>Presentar toda la documentaci\u00f3n solicitada EN PAPEL en Sede Centro y adem\u00e1s en formato DIGITAL por mail a&nbsp;<a href=\"mailto:proyectosisfd808@gmail.com\">proyectosisfd808@gmail.com<\/a>. En el asunto del mail indicar cargo para el que se postula y en el cuerpo del mail detallar horarios y lugar de cumplimiento (Sede Centro, Anexo 730 y EA Gaiman).<\/li>\n<\/ul>\n<p>Una vez informados los resultados de orden de m\u00e9rito, y al momento del alta, se deber\u00e1 entregar la siguiente documentaci\u00f3n:<\/p>\n<ul>\n<li>Declaraci\u00f3n Jurada de cargos y horas con disponibilidad horaria para el cumplimiento de las horas\/cargo en las que se postula.<\/li>\n<li>Copia impresa de la Propuesta de Trabajo, para adjuntar en el legajo.<\/li>\n<li>Documentaci\u00f3n Personal y Familiar (DNI de cada integrante, certificados de nacimiento, acta de matrimonio, de concubinato, etc.).<\/li>\n<\/ul>\n<p><strong>Vigencia del llamado: hasta el lunes 12 de junio de 2023, 20.00 h.<\/strong><\/p>\n<p>Trelew 7 de Junio del 2023<\/p>\n<\/div>\n<div style=\"border-radius: 5px; padding: 40px; color: #000000; background: linear-gradient(50deg, #fff, #fff); font-family: Arial, Verdana, sans-serif; font-size: 1em; margin-left: auto; margin-right: auto; border: 5px solid #de0100; text-align: left;\">El Equipo Directivo del ISFD 808, dando cumplimiento a la Nota N\u00aa 849\/2023 DGES, realiza el <b>Primer Llamado<\/b><span style=\"font-weight: 400;\"> para la cobertura de la <\/span><b>COORDINACI\u00d3N DE <\/b><b>L\u00cdNEA<\/b><b>: DESARROLLO PROFESIONAL Y ACOMPA\u00d1AMIENTO PEDAG\u00d3GICO, <\/b><span style=\"font-weight: 400;\">en situaci\u00f3n de interino a t\u00e9rmino (4 a\u00f1os), 12 horas c\u00e1tedra (cumplimiento efectivo 12 horas reloj en Sede Centro, Anexo 730 y EA Gaiman) y funciones detalladas en los Art. 45, 49 y 50 del ROM, seg\u00fan detalle:<\/span><p><\/p>\n<p style=\"text-align: left;\"><b>Requisitos (excluyentes):<\/b><\/p>\n<ul style=\"text-align: left;\">\n<li style=\"font-weight: 400;\" aria-level=\"1\"><span style=\"font-weight: 400;\">Poseer t\u00edtulo de nivel superior.<\/span><\/li>\n<li style=\"font-weight: 400;\" aria-level=\"1\"><span style=\"font-weight: 400;\">Poseer antecedentes profesionales acordes al cargo que se concursa.&nbsp;<\/span><\/li>\n<li style=\"font-weight: 400;\" aria-level=\"1\"><span style=\"font-weight: 400;\">Registrar antig\u00fcedad en la docencia de nivel superior, no menor a 5 (cinco) a\u00f1os.&nbsp;<\/span><\/li>\n<\/ul>\n<ul style=\"text-align: left;\">\n<li style=\"font-weight: 400;\" aria-level=\"1\"><span style=\"font-weight: 400;\">Estar habilitado\/a para desempe\u00f1ar cargos p\u00fablicos.&nbsp;<\/span><\/li>\n<\/ul>\n<p style=\"text-align: left;\"><b>Los postulantes deber\u00e1n presentar:<\/b><\/p>\n<ul style=\"text-align: left;\">\n<li style=\"font-weight: 400;\" aria-level=\"1\"><span style=\"font-weight: 400;\">Curriculum Vitae Actualizado de acuerdo con las plantillas que se encuentran en&nbsp;<\/span><a href=\"https:\/\/isfd808-chu.infd.edu.ar\/sitio\/llamado-docente-para-espacio-curricular\/\"><b>https:\/\/isfd808-chu.infd.edu.ar\/sitio\/llamado-docente-para-espacio-curricular\/<\/b><\/a><span style=\"font-weight: 400;\">&nbsp;(EXCLUYENTE). Los docentes que no cuenten con documentaci\u00f3n respaldatoria en el legajo, deber\u00e1n actualizar el legajo.<\/span><\/li>\n<li style=\"font-weight: 400;\" aria-level=\"1\"><span style=\"font-weight: 400;\">Proyecto de Gesti\u00f3n de acuerdo con las funciones que estipula el ROM. Tener en cuenta el formato que figura en la web&nbsp;<\/span><a href=\"https:\/\/isfd808-chu.infd.edu.ar\/sitio\/llamado-docente-para-espacio-curricular\/\"><b>https:\/\/isfd808-chu.infd.edu.ar\/sitio\/llamado-docente-para-espacio-curricular\/<\/b><\/a><span style=\"font-weight: 400;\">&nbsp;, con posterior socialization de la propuesta (fecha a definir).<\/span><\/li>\n<li style=\"font-weight: 400;\" aria-level=\"1\"><span style=\"font-weight: 400;\">Certificado de habilitaci\u00f3n para desempe\u00f1ar cargos p\u00fablicos (excluyente) tramitado en&nbsp;<\/span><a href=\"https:\/\/www.argentina.gob.ar\/justicia\/reincidencia\/antecedentespenales\"><b>https:\/\/www.argentina.gob.ar\/justicia\/reincidencia\/antecedentespenales<\/b><\/a><\/li>\n<li style=\"font-weight: 400;\" aria-level=\"1\"><span style=\"font-weight: 400;\">Enviar toda la documentaci\u00f3n solicitada, por mail a&nbsp;<\/span><a href=\"mailto:proyectosisfd808@gmail.com\"><span style=\"font-weight: 400;\">proyectosisfd808@gmail.com<\/span><\/a><span style=\"font-weight: 400;\">. En el asunto del mail indicar cargo para el que se postula y en el cuerpo del mail detallar horarios de cumplimiento considerando una jornada de trabajo en cada una de las sedes: Sede Centro, Anexo 730 y EA Gaiman. Por este medio se informar\u00e1n los RESULTADOS PARCIALES, la FECHA DE SOCIALIZACI\u00d3N DE LA PROPUESTA DE <\/span><span style=\"font-weight: 400;\">GESTI\u00d3N<\/span><span style=\"font-weight: 400;\"> y el ORDEN DE MERITO FINAL.<\/span><\/li>\n<\/ul>\n<p style=\"text-align: left;\"><span style=\"font-weight: 400;\">Una vez informados los resultados de orden de m\u00e9rito, y al momento del alta, se deber\u00e1 entregar la siguiente documentaci\u00f3n:<\/span><\/p>\n<ul style=\"text-align: left;\">\n<li style=\"font-weight: 400;\" aria-level=\"1\"><span style=\"font-weight: 400;\">Declaraci\u00f3n Jurada de cargos y horas con disponibilidad horaria para el cumplimiento de la coordinaci\u00f3n, considerando una jornada de trabajo en cada una de las sedes: Sede Centro, Anexo 730 y EA Gaiman.<\/span><\/li>\n<li style=\"font-weight: 400;\" aria-level=\"1\"><span style=\"font-weight: 400;\">Copia impresa del Proyecto de Gesti\u00f3n, para adjuntar en el legajo.<\/span><\/li>\n<li style=\"font-weight: 400;\" aria-level=\"1\"><span style=\"font-weight: 400;\">Documentaci\u00f3n Personal y Familiar (DNI de cada integrante, certificados de nacimiento, acta de matrimonio, de concubinato, etc.).<\/span><\/li>\n<\/ul>\n<p style=\"text-align: left;\"><b>Vigencia del llamado: hasta el mi\u00e9rcoles 24 de mayo de 2023, 20.00 h.<\/b><\/p>\n<p>Trelew (Chubut), 19 de Mayo de 2023.<\/p>\n<\/div>\n<div style=\"border-radius: 5px; padding: 40px; color: #000000; background: linear-gradient(50deg, #fff, #fff); font-family: Arial, Verdana, sans-serif; font-size: 1em; margin-left: auto; margin-right: auto; border: 5px solid #de0100; text-align: left;\">El Equipo Directivo del ISFD 808 realiza el Segundo Llamado para la cobertura de las siguientes unidades curriculares, seg\u00fan detalle:<p><\/p>\n<p><\/p>\n<p><\/p><center><b>PROF. DE EDUCACI\u00d3N PRIMARIA \u2013 Resoluci\u00f3n 328\/22 \u2013 SEDE E.A. GAIMAN<\/b><\/center><p><\/p>\n<ul>\n<li><b>EDUCACI\u00d3N TECNOL\u00d3GICA<\/b> \u2013 Asignatura Anual \u2013 2do A\u00f1o \u2013 Suplente<\/li>\n<\/ul>\n<p><b>Distribuci\u00f3n de la carga horaria:<\/b> 3hs c\u00e1tedra de designaci\u00f3n docente.<br><b>Disponibilidad:<\/b> mi\u00e9rcoles de 18.15 a 19.45 hs.<br><b>Perfil docente:<\/b> Docente con formaci\u00f3n en Educaci\u00f3n Tecnol\u00f3gica o Tecnolog\u00eda con capacitaci\u00f3n y\/o experiencia en Educaci\u00f3n Primaria.<\/p>\n<p><b>Requisitos (excluyentes):<\/b><\/p>\n<ul>\n<li>Curriculum Vitae actualizado de acuerdo con las plantillas que se encuentran en <a href=\"https:\/\/isfd808-chu.infd.edu.ar\/sitio\/llamado-docente-para-espacio-curricular\/\"><strong>https:\/\/isfd808-chu.infd.edu.ar\/sitio\/llamado-docente-para-espacio-curricular\/<\/strong><\/a>. Los docentes que no cuenten con documentaci\u00f3n respaldatoria en el legajo, deber\u00e1n adjuntarla en el mail.<\/li>\n<li>Enviar CV Actualizado, indicando claramente unidad curricular y curso para el que se postula, por mail a <a href=\"mailto:proyectosisfd808@gmail.com\" target=\"_blank\" rel=\"noopener\"><strong>proyectosisfd808@gmail.com<\/strong><\/a><\/li>\n<\/ul>\n<p>Una vez informados los resultados de orden de m\u00e9rito, y al momento del alta, se deber\u00e1 entregar la siguiente documentaci\u00f3n:<\/p>\n<ul>\n<li>Declaraci\u00f3n Jurada de cargos y horas con disponibilidad horaria para el cumplimiento de los horarios publicados en el campus\/BAR.<\/li>\n<li>Certificado de habilitaci\u00f3n para desempe\u00f1ar cargos p\u00fablicos (Art. 76 del ROM \u2013 por \u00fanica vez) tramitado en: <strong><a href=\"https:\/\/www.argentina.gob.ar\/justicia\/reincidencia\/antecedentespenales\" target=\"_blank\" rel=\"noopener\">https:\/\/www.argentina.gob.ar\/justicia\/reincidencia\/antecedentespenales<\/a><\/strong><\/li>\n<li>Copia impresa del Proyecto y Programa de la Unidad Curricular a las que se les otorga alta, para adjuntar en el legajo.<\/li>\n<li>Documentaci\u00f3n Personal y Familiar (DNI de cada integrante, certificados de nacimiento, acta de matrimonio, de concubinato, etc.).<\/li>\n<\/ul>\n<p>Vigencia del llamado: hasta el <b>viernes 21 de abril de 2023, 18.30 hs.<\/b><\/p>\n<p>Trelew (Ch.), 18 de abril de 2023.<\/p>\n<\/div>\n<div>&nbsp;<\/div>\n<div style=\"border-radius: 5px; padding: 40px; color: #000000; background: linear-gradient(50deg, #fff, #fff); font-family: Arial, Verdana, sans-serif; font-size: 1em; margin-left: auto; margin-right: auto; border: 5px solid #de0100; text-align: left;\">El Equipo Directivo del ISFD 808 realiza el Primer Llamado para la cobertura de las siguientes unidades curriculares, seg\u00fan detalle:<p><\/p>\n<p><\/p>\n<p><\/p><center><b>PROF. DE EDUCACI\u00d3N PRIMARIA \u2013 Resoluci\u00f3n 310\/14 \u2013 SEDE E.A. GAIMAN<\/b><\/center><p><\/p>\n<ul>\n<li><b>EDUCACI\u00d3N Y TIC<\/b> \u2013 Taller Cuatrimestral \u2013 3er A\u00f1o \u2013 Suplente<\/li>\n<\/ul>\n<p><b>Distribuci\u00f3n de la carga horaria:<\/b> 3hs c\u00e1tedra de designaci\u00f3n docente.<br><b>Disponibilidad:<\/b> martes de 18.15 a 19.45 hs.<br><b>Perfil docente:<\/b> Formaci\u00f3n espec\u00edfica, orientaci\u00f3n y\/o especializaci\u00f3n en Educaci\u00f3n y TIC.<\/p>\n<p><b>Requisitos (excluyentes):<\/b><\/p>\n<ul>\n<li>Curriculum Vitae actualizado de acuerdo con las plantillas que se encuentran en <a href=\"https:\/\/isfd808-chu.infd.edu.ar\/sitio\/llamado-docente-para-espacio-curricular\/\"><strong>https:\/\/isfd808-chu.infd.edu.ar\/sitio\/llamado-docente-para-espacio-curricular\/<\/strong><\/a>. Los docentes que no cuenten con documentaci\u00f3n respaldatoria en el legajo, deber\u00e1n adjuntarla en el mail.<\/li>\n<li>Enviar CV Actualizado, indicando claramente unidad curricular y curso para el que se postula, por mail a <a href=\"mailto:proyectosisfd808@gmail.com\" target=\"_blank\" rel=\"noopener\"><strong>proyectosisfd808@gmail.com<\/strong><\/a><\/li>\n<\/ul>\n<p>Una vez informados los resultados de orden de m\u00e9rito, y al momento del alta, se deber\u00e1 entregar la siguiente documentaci\u00f3n:<\/p>\n<ul>\n<li>Declaraci\u00f3n Jurada de cargos y horas con disponibilidad horaria para el cumplimiento de los horarios publicados en el campus\/BAR.<\/li>\n<li>Certificado de habilitaci\u00f3n para desempe\u00f1ar cargos p\u00fablicos (Art. 76 del ROM \u2013 por \u00fanica vez) tramitado en: <strong><a href=\"https:\/\/www.argentina.gob.ar\/justicia\/reincidencia\/antecedentespenales\" target=\"_blank\" rel=\"noopener\">https:\/\/www.argentina.gob.ar\/justicia\/reincidencia\/antecedentespenales<\/a><\/strong><\/li>\n<li>Copia impresa del Proyecto y Programa de la Unidad Curricular a las que se les otorga alta, para adjuntar en el legajo.<\/li>\n<li>Documentaci\u00f3n Personal y Familiar (DNI de cada integrante, certificados de nacimiento, acta de matrimonio, de concubinato, etc.).<\/li>\n<\/ul>\n<p>Vigencia del llamado: hasta el <b>viernes 14 de abril de 2023, 18.30 hs.<\/b><\/p>\n<p>Trelew (Ch.), 11 de abril de 2023.<\/p>\n<\/div>\n<div>&nbsp;<\/div>\n<div style=\"border-radius: 5px; padding: 40px; color: #000000; background: linear-gradient(50deg, #fff, #fff); font-family: Arial, Verdana, sans-serif; font-size: 1em; margin-left: auto; margin-right: auto; border: 5px solid #de0100; text-align: left;\">El Equipo Directivo del ISFD 808 realiza el Primer Llamado para la cobertura de las siguientes unidades curriculares, seg\u00fan detalle:<p><\/p>\n<p><\/p>\n<p><\/p><center><b>PROF. DE EDUCACI\u00d3N PRIMARIA \u2013 Resoluci\u00f3n 328\/22 \u2013 SEDE CENTRO (TW)<\/b><\/center><p><\/p>\n<ul>\n<li><b>EDUCACI\u00d3N TECNOL\u00d3GICA<\/b> \u2013 Asignatura Anual \u2013 2do A\u00f1o \u2013 Suplente (Divisiones 2\u00b01\u00b0 y 2\u00b02\u00b0)<\/li>\n<\/ul>\n<p><b>Distribuci\u00f3n de la carga horaria:<\/b> 3hs c\u00e1tedra de designaci\u00f3n docente por cada divisi\u00f3n.<br><b>Disponibilidad:<\/b> lunes 20.00 a 21.30 hs (divisi\u00f3n 2\u00b01\u00b0) y viernes de 18.15 a 19.45 hs (divisi\u00f3n 2\u00b02\u00b0).<br><b>Perfil docente:<\/b> Docente con formaci\u00f3n en Educaci\u00f3n Tecnol\u00f3gica o Tecnolog\u00eda con capacitaci\u00f3n y\/o experiencia en Educaci\u00f3n Primaria.<\/p>\n<p><\/p>\n<p><\/p><center><b>PROF. DE EDUCACI\u00d3N PRIMARIA \u2013 Resoluci\u00f3n 328\/22 \u2013 SEDE E.A. GAIMAN<\/b><\/center><p><\/p>\n<ul>\n<li><b>EDUCACI\u00d3N TECNOL\u00d3GICA<\/b> \u2013 Asignatura Anual \u2013 2do A\u00f1o \u2013 Suplente<\/li>\n<\/ul>\n<p><b>Distribuci\u00f3n de la carga horaria:<\/b> 3hs c\u00e1tedra de designaci\u00f3n docente.<br><b>Disponibilidad:<\/b> mi\u00e9rcoles de 18.15 a 19.45 hs.<br><b>Perfil docente:<\/b> Docente con formaci\u00f3n en Educaci\u00f3n Tecnol\u00f3gica o Tecnolog\u00eda con capacitaci\u00f3n y\/o experiencia en Educaci\u00f3n Primaria.<\/p>\n<p><b>Requisitos (excluyentes):<\/b><\/p>\n<ul>\n<li>Curriculum Vitae actualizado de acuerdo con las plantillas que se encuentran en <a href=\"https:\/\/isfd808-chu.infd.edu.ar\/sitio\/llamado-docente-para-espacio-curricular\/\"><strong>https:\/\/isfd808-chu.infd.edu.ar\/sitio\/llamado-docente-para-espacio-curricular\/<\/strong><\/a>. Los docentes que no cuenten con documentaci\u00f3n respaldatoria en el legajo, deber\u00e1n adjuntarla en el mail.<\/li>\n<li>Enviar CV Actualizado, indicando claramente unidad curricular y curso para el que se postula, por mail a <a href=\"mailto:proyectosisfd808@gmail.com\" target=\"_blank\" rel=\"noopener\"><strong>proyectosisfd808@gmail.com<\/strong><\/a><\/li>\n<\/ul>\n<p>Una vez informados los resultados de orden de m\u00e9rito, y al momento del alta, se deber\u00e1 entregar la siguiente documentaci\u00f3n:<\/p>\n<ul>\n<li>Declaraci\u00f3n Jurada de cargos y horas con disponibilidad horaria para el cumplimiento de los horarios publicados en el campus\/BAR.<\/li>\n<li>Certificado de habilitaci\u00f3n para desempe\u00f1ar cargos p\u00fablicos (Art. 76 del ROM \u2013 por \u00fanica vez) tramitado en: <strong><a href=\"https:\/\/www.argentina.gob.ar\/justicia\/reincidencia\/antecedentespenales\" target=\"_blank\" rel=\"noopener\">https:\/\/www.argentina.gob.ar\/justicia\/reincidencia\/antecedentespenales<\/a><\/strong><\/li>\n<li>Copia impresa del Proyecto y Programa de la Unidad Curricular a las que se les otorga alta, para adjuntar en el legajo.<\/li>\n<li>Documentaci\u00f3n Personal y Familiar (DNI de cada integrante, certificados de nacimiento, acta de matrimonio, de concubinato, etc.).<\/li>\n<\/ul>\n<p>Vigencia del llamado: hasta el <b>viernes 14 de abril de 2023, 18.30 hs.<\/b><\/p>\n<p>Trelew (Ch.), 11 de abril de 2023.<\/p>\n<\/div>\n<div>&nbsp;<\/div>\n<div style=\"border-radius: 5px; padding: 40px; color: #000000; background: linear-gradient(50deg, #fff, #fff); font-family: Arial, Verdana, sans-serif; font-size: 1em; margin-left: auto; margin-right: auto; border: 5px solid #de0100; text-align: left;\">El Equipo Directivo del ISFD 808 realiza el Primer Llamado para la cobertura de la siguiente unidad curricular, seg\u00fan detalle:<p><\/p>\n<p><\/p>\n<p><\/p><center><b>PROF. DE EDUCACI\u00d3N SECUNDARIA EN MATEMATICA\u2013 Resoluci\u00f3n 543\/19 \u2013 Anexo 730<\/b><\/center><p><\/p>\n<ul>\n<li><b>INVESTIGACI\u00d3N EN EDUCACI\u00d3N MATEM\u00c1TICA<\/b> \u2013 Seminario Anual \u2013 4to A\u00f1o \u2013 suplente<br><b>Distribuci\u00f3n de la carga horaria:<\/b> 3h c\u00e1tedra frente a estudiantes, 4h c\u00e1tedra de designaci\u00f3n docente<br><b>Disponibilidad:<\/b> lunes 17.50 a 18.30 (Proyecto de Gesti\u00f3n Curricular) y martes de 18.30 a 20.30 hs.<br><b>Perfil docente:<\/b> Profesor\/a de Matem\u00e1tica que acredite formaci\u00f3n y\/o experiencia en investigaci\u00f3n en ense\u00f1anza de la matem\u00e1tica.<\/li>\n<\/ul>\n<p><b>Requisitos (excluyentes):<\/b><\/p>\n<ul>\n<li>Curriculum Vitae actualizado de acuerdo con las plantillas que se encuentran en <a href=\"https:\/\/isfd808-chu.infd.edu.ar\/sitio\/llamado-docente-para-espacio-curricular\/\"><strong>https:\/\/isfd808-chu.infd.edu.ar\/sitio\/llamado-docente-para-espacio-curricular\/<\/strong><\/a>. Los docentes que no cuenten con documentaci\u00f3n respaldatoria en el legajo, deber\u00e1n adjuntarla en el mail.<\/li>\n<li>Enviar CV Actualizado, indicando claramente unidad curricular y curso para el que se postula, por mail a <a href=\"mailto:proyectosisfd808@gmail.com\" target=\"_blank\" rel=\"noopener\"><strong>proyectosisfd808@gmail.com<\/strong><\/a><\/li>\n<\/ul>\n<p>Una vez informados los resultados de orden de m\u00e9rito, y al momento del alta, se deber\u00e1 entregar la siguiente documentaci\u00f3n:<\/p>\n<ul>\n<li>Declaraci\u00f3n Jurada de cargos y horas con disponibilidad horaria para el cumplimiento de los horarios publicados en el campus\/BAR.<\/li>\n<li>Certificado de habilitaci\u00f3n para desempe\u00f1ar cargos p\u00fablicos (Art. 76 del ROM \u2013 por \u00fanica vez) tramitado en: <strong><a href=\"https:\/\/www.argentina.gob.ar\/justicia\/reincidencia\/antecedentespenales\" target=\"_blank\" rel=\"noopener\">https:\/\/www.argentina.gob.ar\/justicia\/reincidencia\/antecedentespenales<\/a><\/strong><\/li>\n<li>Copia impresa del Proyecto y Programa de la Unidad Curricular a las que se les otorga alta, para adjuntar en el legajo.<\/li>\n<li>Documentaci\u00f3n Personal y Familiar (DNI de cada integrante, certificados de nacimiento, acta de matrimonio, de concubinato, etc.).<\/li>\n<\/ul>\n<p>Vigencia del llamado: hasta el <b>martes 4 de abril de 2023 a las 18.30 hs.<\/b><\/p>\n<p>Trelew, 31 de marzo 2023.<\/p>\n<\/div>\n<div>&nbsp;<\/div>\n<div style=\"border-radius: 5px; padding: 40px; color: #000000; background: linear-gradient(50deg, #fff, #fff); font-family: Arial, Verdana, sans-serif; font-size: 1em; margin-left: auto; margin-right: auto; border: 5px solid #de0100; text-align: left;\">El Equipo Directivo del ISFD 808 realiza el Primer Llamado para la cobertura de las siguientes unidades curriculares, seg\u00fan detalle:<p><\/p>\n<p><\/p>\n<p><\/p><center><b>PROF. DE EDUCACI\u00d3N SECUNDARIA EN MATEM\u00c1TICA \u2013 Resoluci\u00f3n 543\/19 &#8211; Anexo 730<\/b><\/center><p><\/p>\n<ul>\n<li style=\"list-style-type: none;\">\n<ul>\n<li><b>EL LENGUAJE ALGEBRAICO EN LA GEOMETR\u00cdA<\/b> \u2013 Asignatura Anual \u2013 3er A\u00f1o \u2013 suplente<\/li>\n<\/ul>\n<\/li>\n<\/ul>\n<p><b>Distribuci\u00f3n de la carga horaria:<\/b> 4h c\u00e1tedra frente a estudiantes, 5h c\u00e1tedra de designaci\u00f3n docente<br><b>Disponibilidad:<\/b> lunes 17.50 a 18.30 (Proyecto de Gesti\u00f3n Curricular) y martes de 18.30 a 20.30 hs.<br><b>Perfil docente:<\/b> Profesor\/a de Matem\u00e1tica.<\/p>\n<p><\/p>\n<p><\/p><center><b>PROF. DE EDUCACI\u00d3N SECUNDARIA EN F\u00cdSICA \u2013 Resoluci\u00f3n 545\/19 &#8211; Anexo 730<\/b><\/center><p><\/p>\n<ul>\n<li style=\"list-style-type: none;\">\n<ul>\n<li><b>LABORATORIO DE TERMODIN\u00c1MICA<\/b> \u2013 Laboratorio Anual \u2013 2do A\u00f1o \u2013 suplente<br><b>Distribuci\u00f3n de la carga horaria:<\/b> 4h c\u00e1tedra frente a estudiantes, 5h c\u00e1tedra de designaci\u00f3n docente<br><b>Disponibilidad:<\/b> lunes 17.50 a 18.30 (Proyecto de Gesti\u00f3n Curricular) y viernes de 18.30 a 20.30 hs.<br><b>Perfil docente:<\/b> Profesor\/a de F\u00edsica o Profesional de Ciencias F\u00edsicas o afines con experiencia en la ense\u00f1anza de Laboratorios de F\u00edsica.<\/li>\n<\/ul>\n<\/li>\n<\/ul>\n<ul>\n<li><b>AN\u00c1LISIS MATEM\u00c1TICO I<\/b> \u2013 Asignatura Anual \u2013 1er A\u00f1o \u2013 suplente<br><b>Distribuci\u00f3n de la carga horaria:<\/b> 3h c\u00e1tedra frente a estudiantes, 4h c\u00e1tedra de designaci\u00f3n docente<br><b>Disponibilidad:<\/b> lunes 17.50 a 18.30 (Proyecto de Gesti\u00f3n Curricular) y mi\u00e9rcoles de 20.10 a 21.40 hs.<br><b>Perfil docente:<\/b> Profesor\/a de Matem\u00e1tica, Licenciado\/a en Matem\u00e1tica o afines con experiencia en la ense\u00f1anza de An\u00e1lisis Matem\u00e1tico, preferentemente en el Nivel Superior.<\/li>\n<\/ul>\n<p><b>Requisitos (excluyentes):<\/b><\/p>\n<ul>\n<li>Curriculum Vitae actualizado de acuerdo con las plantillas que se encuentran en <a href=\"https:\/\/isfd808-chu.infd.edu.ar\/sitio\/llamado-docente-para-espacio-curricular\/\"><strong>https:\/\/isfd808-chu.infd.edu.ar\/sitio\/llamado-docente-para-espacio-curricular\/<\/strong><\/a>. Los docentes que no cuenten con documentaci\u00f3n respaldatoria en el legajo, deber\u00e1n adjuntarla en el mail.<\/li>\n<li>Enviar CV Actualizado, indicando claramente unidad curricular y curso para el que se postula, por mail a <a href=\"mailto:proyectosisfd808@gmail.com\" target=\"_blank\" rel=\"noopener\"><strong>proyectosisfd808@gmail.com<\/strong><\/a><\/li>\n<\/ul>\n<p>Una vez informados los resultados de orden de m\u00e9rito, y al momento del alta, se deber\u00e1 entregar la siguiente documentaci\u00f3n:<\/p>\n<ul>\n<li>Declaraci\u00f3n Jurada de cargos y horas con disponibilidad horaria para el cumplimiento de los horarios publicados en el campus\/BAR.<\/li>\n<li>Certificado de habilitaci\u00f3n para desempe\u00f1ar cargos p\u00fablicos (Art. 76 del ROM \u2013 por \u00fanica vez) tramitado en: <strong><a href=\"https:\/\/www.argentina.gob.ar\/justicia\/reincidencia\/antecedentespenales\" target=\"_blank\" rel=\"noopener\">https:\/\/www.argentina.gob.ar\/justicia\/reincidencia\/antecedentespenales<\/a><\/strong><\/li>\n<li>Copia impresa del Proyecto y Programa de la Unidad Curricular a las que se les otorga alta, para adjuntar en el legajo.<\/li>\n<li>Documentaci\u00f3n Personal y Familiar (DNI de cada integrante, certificados de nacimiento, acta de matrimonio, de concubinato, etc.).<\/li>\n<\/ul>\n<p>Vigencia del llamado: hasta el <b>viernes 31 de marzo de 2023, 20.00 hs.<\/b><\/p>\n<p>Trelew (Ch.), 28 de marzo de 2023.<\/p>\n<\/div>\n<div>&nbsp;<\/div>\n<div style=\"border-radius: 5px; padding: 40px; color: #000000; background: linear-gradient(50deg, #fff, #fff); font-family: Arial, Verdana, sans-serif; font-size: 1em; margin-left: auto; margin-right: auto; border: 5px solid #de0100; text-align: left;\">El Equipo Directivo del ISFD 808 realiza el <b>Segundo Llamado<\/b> para la cobertura de la siguiente unidad curricular en car\u00e1cter de interino, seg\u00fan detalle:<p><\/p>\n<p><\/p>\n<p><\/p><center><b>UNIDADES CURRICULARES UNIFICADAS \u2013 4to A\u00d1O \u2013 Anexo 730<br>PROF. DE EDUCACI\u00d3N SECUNDARIA<br>EN F\u00cdSICA \u2013 Resoluci\u00f3n 545\/19 y EN QU\u00cdMICA \u2013 Resoluci\u00f3n 05\/20<\/b><\/center><p><\/p>\n<ul>\n<li><b>UDI \u2013 CFG I \u2013 Seminario de Comunicaci\u00f3n Cient\u00edfica en la Formaci\u00f3n Docente<\/b> \u2013 1er Cuatrimestre \u2013<\/li>\n<\/ul>\n<p><b>Distribuci\u00f3n de la carga horaria:<\/b> 3h c\u00e1tedra frente a estudiantes, 4h c\u00e1tedra designaci\u00f3n docente \u2013 interina<br><b>Disponibilidad:<\/b> lunes 17.50 a 18.30 (Proyecto de Gesti\u00f3n Curricular) y mi\u00e9rcoles 20.10 a 22.10 hs.<br><b>Perfil docente:<\/b> Profesor\/a de F\u00edsica y\/o Qu\u00edmica, con orientaci\u00f3n preferiblemente con postitulaci\u00f3n en el campo de la Ense\u00f1anza de las Ciencias Naturales o Investigaci\u00f3n Educativa.<br><b>Lineamientos institucionales:<\/b> se requiere de la producci\u00f3n de recursos que faciliten la comunicaci\u00f3n y divulgaci\u00f3n cient\u00edfica desde procesos reflexivos basados en la pr\u00e1ctica docente, con el fin de participar en instancias institucionales, stands, muestras, congresos, coloquios, entre otras posibilidades<\/p>\n<p><b>Requisitos (excluyentes):<\/b><\/p>\n<ul>\n<li>Proyecto y Programa de Unidad Curricular acorde a los lineamientos del Dise\u00f1o Curricular <a href=\"https:\/\/isfd808-chu.infd.edu.ar\/sitio\/llamado-docente-para-espacio-curricular\/\"><strong>https:\/\/isfd808-chu.infd.edu.ar\/sitio\/llamado-docente-para-espacio-curricular\/<\/strong><\/a><\/li>\n<li>Curriculum Vitae Actualizado de acuerdo con las plantillas que se encuentran en <a href=\"https:\/\/isfd808-chu.infd.edu.ar\/sitio\/llamado-docente-para-espacio-curricular\/\"><strong>https:\/\/isfd808-chu.infd.edu.ar\/sitio\/llamado-docente-para-espacio-curricular\/<\/strong><\/a>. Los docentes que no cuenten con documentaci\u00f3n respaldatoria en el legajo, deber\u00e1n adjuntarla en el mail.<\/li>\n<li>Enviar PROGRAMA, PROYECTO Y CV Actualizado, indicando claramente unidad curricular y curso para el que se postula, por mail a <a href=\"mailto:proyectosisfd808@gmail.com\" target=\"_blank\" rel=\"noopener\"><strong>proyectosisfd808@gmail.com<\/strong><\/a><\/li>\n<li>Disponibilidad para el cumplimiento del horario publicado.<\/li>\n<\/ul>\n<p>Una vez informados los resultados de orden de m\u00e9rito, y al momento del alta, se deber\u00e1 entregar la siguiente documentaci\u00f3n:<\/p>\n<ul>\n<li>Declaraci\u00f3n Jurada de cargos y horas con disponibilidad horaria para el cumplimiento de los horarios publicados en el campus\/BAR.<\/li>\n<li>Certificado de habilitaci\u00f3n para desempe\u00f1ar cargos p\u00fablicos (Art. 76 del ROM \u2013 por \u00fanica vez) tramitado en: <strong><a href=\"https:\/\/www.argentina.gob.ar\/justicia\/reincidencia\/antecedentespenales\" target=\"_blank\" rel=\"noopener\">https:\/\/www.argentina.gob.ar\/justicia\/reincidencia\/antecedentespenales<\/a><\/strong><\/li>\n<li>Copia impresa del Proyecto y Programa de la Unidad Curricular a las que se les otorga alta, para adjuntar en el legajo.<\/li>\n<li>Documentaci\u00f3n Personal y Familiar (DNI de cada integrante, certificados de nacimiento, acta de matrimonio, de concubinato, etc.<\/li>\n<\/ul>\n<p>Vigencia del llamado: hasta el <b>jueves 30 de marzo de 2023, 18.00 hs.<\/b><\/p>\n<p>Trelew, 25 de marzo de 2023.<\/p>\n<\/div>\n<div>&nbsp;<\/div>\n<div style=\"border-radius: 5px; padding: 40px; color: #000000; background: linear-gradient(50deg, #fff, #fff); font-family: Arial, Verdana, sans-serif; font-size: 1em; margin-left: auto; margin-right: auto; border: 5px solid #de0100; text-align: left;\">El Equipo Directivo del ISFD 808 realiza el Segundo Llamado para la cobertura de las siguientes unidades curriculares, seg\u00fan detalle:<p><\/p>\n<p><b>PROF. DE EDUCACI\u00d3N SECUNDARIA EN QU\u00cdMICA \u2013 Resoluci\u00f3n 05\/20 Anexo 730<\/b><\/p>\n<ul>\n<li><b>QU\u00cdMICA EXPERIMENTAL I <\/b>\u2013 Laboratorio Anual \u2013 1er A\u00f1o \u2013 suplente<br><b>Distribuci\u00f3n de la carga horaria:<\/b> 4h c\u00e1tedra frente a estudiantes, 5h c\u00e1tedra designaci\u00f3n docente<br><b>Disponibilidad:<\/b> lunes 17.50 a 18.30 (Proyecto de Gesti\u00f3n Curricular) y mi\u00e9rcoles de 18.30 a 21.15 hs<br><b>Perfil docente:<\/b> Profesor\/a de Qu\u00edmica o Profesional de Ciencias Qu\u00edmicas o afines con experiencia en ense\u00f1anza de laboratorio de Qu\u00edmica, preferentemente en la formaci\u00f3n docente de Nivel Superior.<\/li>\n<\/ul>\n<p><b>Requisitos (excluyentes):<\/b><\/p>\n<ul>\n<li>Curriculum Vitae actualizado de acuerdo con las plantillas que se encuentran en <a href=\"https:\/\/isfd808-chu.infd.edu.ar\/sitio\/llamado-docente-para-espacio-curricular\/\"><strong>https:\/\/isfd808-chu.infd.edu.ar\/sitio\/llamado-docente-para-espacio-curricular\/<\/strong><\/a>. Los docentes que no cuenten con documentaci\u00f3n respaldatoria en el legajo, deber\u00e1n adjuntarla en el mail.<\/li>\n<li>Enviar CV Actualizado, indicando claramente unidad curricular y curso para el que se postula, por mail a <a href=\"mailto:proyectosisfd808@gmail.com\" target=\"_blank\" rel=\"noopener\"><strong>proyectosisfd808@gmail.com<\/strong><\/a><\/li>\n<\/ul>\n<p>Una vez informados los resultados de orden de m\u00e9rito, y al momento del alta, se deber\u00e1 entregar la siguiente documentaci\u00f3n:<\/p>\n<ul>\n<li>Declaraci\u00f3n Jurada de cargos y horas con disponibilidad horaria para el cumplimiento de los horarios publicados en el campus\/BAR.<\/li>\n<li>Certificado de habilitaci\u00f3n para desempe\u00f1ar cargos p\u00fablicos (Art. 76 del ROM \u2013 por \u00fanica vez) tramitado en: <strong><a href=\"https:\/\/www.argentina.gob.ar\/justicia\/reincidencia\/antecedentespenales\" target=\"_blank\" rel=\"noopener\">https:\/\/www.argentina.gob.ar\/justicia\/reincidencia\/antecedentespenales<\/a><\/strong><\/li>\n<li>Copia impresa del Proyecto y Programa de la Unidad Curricular a las que se les otorga alta, para adjuntar en el legajo.<\/li>\n<li>Documentaci\u00f3n Personal y Familiar (DNI de cada integrante, certificados de nacimiento, acta de matrimonio, de concubinato, etc.).<\/li>\n<\/ul>\n<p>Vigencia del llamado: hasta el <b>s\u00e1bado 25 de marzo de 2023, 20.00 hs.<\/b><\/p>\n<p>Trelew (Ch.), 22 de marzo de 2023.<\/p>\n<\/div>\n<div>&nbsp;<\/div>\n<div style=\"border-radius: 5px; padding: 40px; color: #000000; background: linear-gradient(50deg, #fff, #fff); font-family: Arial, Verdana, sans-serif; font-size: 1em; margin-left: auto; margin-right: auto; border: 5px solid #de0100; text-align: left;\">El Equipo Directivo del ISFD 808 realiza el Segundo Llamado para la actualizaci\u00f3n de proyectos vigentes de las siguientes unidades curriculares seg\u00fan detalle:<p><\/p>\n<p><b>PROF. DE EDUCACI\u00d3N SECUNDARIA EN QU\u00cdMICA \u2013 Resoluci\u00f3n 05\/20 -Anexo 730<\/b><\/p>\n<ul>\n<li><b>F\u00cdSICO-QU\u00cdMICA<\/b> \u2013 Asignatura Anual \u2013 3er A\u00f1o \u2013 interina<br><b>Distribuci\u00f3n de la carga horaria:<\/b> 4h c\u00e1tedra frente a estudiantes, 5h c\u00e1tedra designaci\u00f3n docente<br><b>Disponibilidad:<\/b> lunes 17.50 a 18.30 (Proyecto de Gesti\u00f3n Curricular) y jueves de 18.30 hs a 21.15 hs.<br><b>Perfil docente:<\/b> Profesor\/a de Qu\u00edmica o Profesional de Ciencias Qu\u00edmicas o afines con experiencia en ense\u00f1anza de la Qu\u00edmica, preferentemente en la formaci\u00f3n docente de Nivel Superior.<\/li>\n<\/ul>\n<p><b>Requisitos (excluyentes):<\/b><\/p>\n<ul>\n<li>Proyecto y Programa de Unidad Curricular acorde a los lineamientos del Dise\u00f1o Curricular <a href=\"https:\/\/isfd808-chu.infd.edu.ar\/sitio\/llamado-docente-para-espacio-curricular\/\"><strong>https:\/\/isfd808-chu.infd.edu.ar\/sitio\/llamado-docente-para-espacio-curricular\/<\/strong><\/a><\/li>\n<li>Curriculum Vitae actualizado de acuerdo con las plantillas que se encuentran en <a href=\"https:\/\/isfd808-chu.infd.edu.ar\/sitio\/llamado-docente-para-espacio-curricular\/\"><strong>https:\/\/isfd808-chu.infd.edu.ar\/sitio\/llamado-docente-para-espacio-curricular\/<\/strong><\/a>. Los docentes que no cuenten con documentaci\u00f3n respaldatoria en el legajo, deber\u00e1n adjuntarla en el mail.<\/li>\n<li>Enviar PROGRAMA, PROYECTO Y CV Actualizado, indicando claramente unidad curricular y curso para el que se postula, por mail a <a href=\"mailto:proyectosisfd808@gmail.com\" target=\"_blank\" rel=\"noopener\"><strong>proyectosisfd808@gmail.com<\/strong><\/a><\/li>\n<\/ul>\n<p>Una vez informados los resultados de orden de m\u00e9rito, y al momento del alta, se deber\u00e1 entregar la siguiente documentaci\u00f3n:<\/p>\n<ul>\n<li>Declaraci\u00f3n Jurada de cargos y horas con disponibilidad horaria para el cumplimiento de los horarios publicados en el campus\/BAR.<\/li>\n<li>Certificado de habilitaci\u00f3n para desempe\u00f1ar cargos p\u00fablicos (Art. 76 del ROM \u2013 por \u00fanica vez) tramitado en: <strong><a href=\"https:\/\/www.argentina.gob.ar\/justicia\/reincidencia\/antecedentespenales\" target=\"_blank\" rel=\"noopener\">https:\/\/www.argentina.gob.ar\/justicia\/reincidencia\/antecedentespenales<\/a><\/strong><\/li>\n<li>Copia impresa del Proyecto y Programa de la Unidad Curricular a las que se les otorga alta, para adjuntar en el legajo.<\/li>\n<li>Documentaci\u00f3n Personal y Familiar (DNI de cada integrante, certificados de nacimiento, acta de matrimonio, de concubinato, etc.).<\/li>\n<\/ul>\n<p>Vigencia del llamado: hasta el <b>s\u00e1bado 25 de marzo de 2023, 20.00 hs.<\/b><\/p>\n<p>Trelew (Ch.); 22 de marzo de 2023.<\/p>\n<\/div>\n<div>&nbsp;<\/div>\n<div style=\"border-radius: 5px; padding: 40px; color: #000000; background: linear-gradient(50deg, #fff, #fff); font-family: Arial, Verdana, sans-serif; font-size: 1em; margin-left: auto; margin-right: auto; border: 5px solid #de0100; text-align: left;\">El Equipo Directivo del ISFD 808 realiza el Primer Llamado para la cobertura de las siguientes unidades curriculares seg\u00fan detalle:<p><\/p>\n<p><\/p>\n<p><\/p><center><b>PROF. DE EDUCACI\u00d3N SECUNDARIA EN MATEM\u00c1TICA \u2013 Res. 543\/19 &#8211; Anexo 730 <\/b><\/center><p><\/p>\n<ul>\n<li><b>EL QUEHACER MATEM\u00c1TICO <\/b> \u2013 Taller Anual \u2013 1er A\u00f1o \u2013 suplente<br>Distribuci\u00f3n de la carga horaria: 3h c\u00e1tedra frente a estudiantes, 4h c\u00e1tedra designaci\u00f3n docente.<br>Disponibilidad: lunes 17.50 a 18.30 (Proyecto de Gesti\u00f3n Curricular) y jueves de 20.40 a 22.10.<br>Perfil docente: Profesor\/a de Matem\u00e1tica, preferentemente en la formaci\u00f3n docente de Nivel Superior.<\/li>\n<\/ul>\n<p><\/p><center><b>PROF. DE EDUCACI\u00d3N SECUNDARIA EN FISICA \u2013 Res. 545\/19 Anexo 730<\/b><\/center><p><\/p>\n<ul>\n<li><b>LABORATORIO DE ELECTROMAGNETISMO Y ONDAS<\/b> \u2013 Laboratorio Anual \u2013 3er A\u00f1o \u2013 suplente<br>Distribuci\u00f3n de la carga horaria: 4h c\u00e1tedra frente a estudiantes, 5h c\u00e1tedra designaci\u00f3n docente.<br>Disponibilidad: lunes 17.50 a 18.30 (Proyecto de Gesti\u00f3n Curricular) y lunes de 20.10 a 22.10.<br>Perfil docente: Profesor\/a de F\u00edsica o Profesional de Ciencias F\u00edsicas o afines con experiencia en ense\u00f1anza de laboratorio de F\u00edsica, preferentemente en la formaci\u00f3n docente de Nivel Superior.<\/li>\n<\/ul>\n<p><b>Requisitos (excluyentes):<\/b><\/p>\n<ul>\n<li>Curriculum Vitae actualizado de acuerdo con las plantillas que se encuentran en <a href=\"https:\/\/isfd808-chu.infd.edu.ar\/sitio\/llamado-docente-para-espacio-curricular\/\"><strong>https:\/\/isfd808-chu.infd.edu.ar\/sitio\/llamado-docente-para-espacio-curricular\/<\/strong><\/a>. Los docentes que no cuenten con documentaci\u00f3n respaldatoria en el legajo, deber\u00e1n adjuntarla en el mail.<\/li>\n<li>Enviar CV Actualizado, indicando claramente unidad curricular y curso para el que se postula, por mail a <a href=\"mailto:proyectosisfd808@gmail.com\" target=\"_blank\" rel=\"noopener\"><strong>proyectosisfd808@gmail.com<\/strong><\/a><\/li>\n<\/ul>\n<p>Una vez informados los resultados de orden de m\u00e9rito, se debe <b>dar respuesta dentro de las 24 horas de la comunicaci\u00f3n.<\/b> De no recibir respuesta, se da lugar al siguiente orden de merito.<br>Al momento del alta, se deber\u00e1 entregar la siguiente documentaci\u00f3n:<\/p>\n<ul>\n<li>Declaraci\u00f3n Jurada de cargos y horas con disponibilidad horaria para el cumplimiento de los horarios publicados en el campus\/BAR.<\/li>\n<li>Certificado de habilitaci\u00f3n para desempe\u00f1ar cargos p\u00fablicos (Art. 76 del ROM \u2013 por \u00fanica vez) tramitado en: <strong><a href=\"https:\/\/www.argentina.gob.ar\/justicia\/reincidencia\/antecedentespenales\" target=\"_blank\" rel=\"noopener\">https:\/\/www.argentina.gob.ar\/justicia\/reincidencia\/antecedentespenales<\/a><\/strong><\/li>\n<li>Nota de adhesi\u00f3n junto a la copia impresa del Proyecto y Programa de la Unidad Curricular a las que se les otorga alta, para adjuntar en el legajo.<\/li>\n<li>Documentaci\u00f3n Personal y Familiar (DNI de cada integrante, certificados de nacimiento, acta de matrimonio, de concubinato, etc.).<\/li>\n<\/ul>\n<p><b>Vigencia del llamado: hasta el <b>mi\u00e9rcoles 22 de marzo de 2022, 18.00 hs.<\/b><\/b><\/p>\n<p>Trelew (Ch.); 20 de marzo 2023.-<\/p>\n<\/div>\n<div>&nbsp;<\/div>\n<div style=\"border-radius: 5px; padding: 40px; color: #000000; background: linear-gradient(50deg, #fff, #fff); font-family: Arial, Verdana, sans-serif; font-size: 1em; margin-left: auto; margin-right: auto; border: 5px solid #de0100; text-align: left;\">El Equipo Directivo del ISFD 808 realiza el Primer Llamado para la actualizaci\u00f3n de proyectos vigentes de las siguientes unidades curriculares seg\u00fan detalle:<p><\/p>\n<p><\/p>\n<p><\/p><center><b>PROF. DE EDUCACI\u00d3N SECUNDARIA EN QU\u00cdMICA \u2013 Resoluci\u00f3n 05\/20 Anexo 730<\/b><\/center><p><\/p>\n<ul>\n<li><b>QU\u00cdMICA EXPERIMENTAL I<\/b> \u2013 Laboratorio Anual \u2013 1er A\u00f1o \u2013 suplente<br>Distribuci\u00f3n de la carga horaria: 4h c\u00e1tedra frente a estudiantes, 5h c\u00e1tedra designaci\u00f3n docente<br>Disponibilidad: lunes 17.50 a 18.30 (Proyecto de Gesti\u00f3n Curricular) y horario institucional seg\u00fan publicaci\u00f3n en el campus 2023.<br>Perfil docente: Profesor\/a de Qu\u00edmica o Profesional de Ciencias Qu\u00edmicas o afines con experiencia en ense\u00f1anza de laboratorio de Qu\u00edmica, preferentemente en la formaci\u00f3n docente de Nivel Superior.<\/li>\n<\/ul>\n<p><strong>Requisitos (excluyentes):<\/strong><\/p>\n<ul>\n<li>Curriculum Vitae actualizado de acuerdo con las plantillas que se encuentran en <a href=\"https:\/\/isfd808-chu.infd.edu.ar\/sitio\/llamado-docente-para-espacio-curricular\/\"><strong>https:\/\/isfd808-chu.infd.edu.ar\/sitio\/llamado-docente-para-espacio-curricular\/<\/strong><\/a>. Los docentes que no cuenten con documentaci\u00f3n respaldatoria en el legajo, deber\u00e1n adjuntarla en el mail.<\/li>\n<li>Enviar CV Actualizado, indicando claramente unidad curricular y curso para el que se postula, por mail a <a href=\"mailto:proyectosisfd808@gmail.com\" target=\"_blank\" rel=\"noopener\"><strong>proyectosisfd808@gmail.com<\/strong><\/a><\/li>\n<\/ul>\n<p>Una vez informados los resultados de orden de m\u00e9rito, y al momento del alta, se deber\u00e1 entregar la siguiente documentaci\u00f3n:<\/p>\n<ul>\n<li>Declaraci\u00f3n Jurada de cargos y horas con disponibilidad horaria para el cumplimiento de los horarios publicados en el campus\/BAR.<\/li>\n<li>Certificado de habilitaci\u00f3n para desempe\u00f1ar cargos p\u00fablicos (Art. 76 del ROM \u2013 por \u00fanica vez) tramitado en: <strong><a href=\"https:\/\/www.argentina.gob.ar\/justicia\/reincidencia\/antecedentespenales\" target=\"_blank\" rel=\"noopener\">https:\/\/www.argentina.gob.ar\/justicia\/reincidencia\/antecedentespenales<\/a><\/strong><\/li>\n<li>Copia impresa del Proyecto y Programa de la Unidad Curricular a las que se les otorga alta, para adjuntar en el legajo.<\/li>\n<li>Documentaci\u00f3n Personal y Familiar (DNI de cada integrante, certificados de nacimiento, acta de matrimonio, de concubinato, etc).<\/li>\n<\/ul>\n<p>Vigencia del llamado: hasta el <b>martes 21 de marzo de 2023, 18.00 hs.<\/b><\/p>\n<p>Trelew, 17 de marzo de 2023.<\/p>\n<\/div>\n<div>&nbsp;<\/div>\n<div style=\"border-radius: 5px; padding: 40px; color: #000000; background: linear-gradient(50deg, #fff, #fff); font-family: Arial, Verdana, sans-serif; font-size: 1em; margin-left: auto; margin-right: auto; border: 5px solid #de0100; text-align: left;\">El Equipo Directivo del ISFD 808 realiza el Primer Llamado para la actualizaci\u00f3n de proyectos vigentes de las siguientes unidades curriculares seg\u00fan detalle:<p><\/p>\n<p><\/p>\n<p><\/p><center><strong>PROF. DE EDUCACI\u00d3N SECUNDARIA EN QU\u00cdMICA \u2013 Resoluci\u00f3n 05\/20 -Anexo 730<\/strong><\/center><p><\/p>\n<ul>\n<li><strong>F\u00cdSICO-QU\u00cdMICA<\/strong> \u2013 Asignatura Anual \u2013 3er A\u00f1o \u2013 interina<br>Distribuci\u00f3n de la carga horaria: 4h c\u00e1tedra frente a estudiantes, 5h c\u00e1tedra designaci\u00f3n docente<br>Disponibilidad: lunes 17.50 a 18.30 (Proyecto de Gesti\u00f3n Curricular) y horario institucional seg\u00fan publicaci\u00f3n en el campus 2023.<br>Perfil docente: Profesor\/a de Qu\u00edmica o Profesional de Ciencias Qu\u00edmicas o afines con experiencia en ense\u00f1anza de la Qu\u00edmica, preferentemente en la formaci\u00f3n docente de Nivel Superior.<\/li>\n<\/ul>\n<p><strong>Requisitos (excluyentes):<\/strong><\/p>\n<ul>\n<li>Proyecto y Programa de Unidad Curricular acorde a los lineamientos del Dise\u00f1o Curricular <a href=\"https:\/\/isfd808-chu.infd.edu.ar\/sitio\/llamado-docente-para-espacio-curricular\/\"><strong>https:\/\/isfd808-chu.infd.edu.ar\/sitio\/llamado-docente-para-espacio-curricular\/<\/strong><\/a><\/li>\n<li>Curriculum Vitae actualizado de acuerdo con las plantillas que se encuentran en <a href=\"https:\/\/isfd808-chu.infd.edu.ar\/sitio\/llamado-docente-para-espacio-curricular\/\"><strong>https:\/\/isfd808-chu.infd.edu.ar\/sitio\/llamado-docente-para-espacio-curricular\/<\/strong><\/a>. Los docentes que no cuenten con documentaci\u00f3n respaldatoria en el legajo, deber\u00e1n adjuntarla en el mail.<\/li>\n<li>Enviar PROGRAMA, PROYECTO Y CV Actualizado, indicando claramente unidad curricular y curso para el que se postula, por mail a <a href=\"mailto:proyectosisfd808@gmail.com\" target=\"_blank\" rel=\"noopener\"><strong>proyectosisfd808@gmail.com<\/strong><\/a><\/li>\n<\/ul>\n<p>Una vez informados los resultados de orden de m\u00e9rito, y al momento del alta, se deber\u00e1 entregar la siguiente documentaci\u00f3n:<\/p>\n<ul>\n<li>Declaraci\u00f3n Jurada de cargos y horas con disponibilidad horaria para el cumplimiento de los horarios publicados en el campus\/BAR.<\/li>\n<li>Certificado de habilitaci\u00f3n para desempe\u00f1ar cargos p\u00fablicos (Art. 76 del ROM \u2013 por \u00fanica vez) tramitado en: <strong><a href=\"https:\/\/www.argentina.gob.ar\/justicia\/reincidencia\/antecedentespenales\" target=\"_blank\" rel=\"noopener\">https:\/\/www.argentina.gob.ar\/justicia\/reincidencia\/antecedentespenales<\/a><\/strong><\/li>\n<li>Copia impresa del Proyecto y Programa de la Unidad Curricular a las que se les otorga alta, para adjuntar en el legajo.<\/li>\n<li>Documentaci\u00f3n Personal y Familiar (DNI de cada integrante, certificados de nacimiento, acta de matrimonio, de concubinato, etc).<\/li>\n<\/ul>\n<p>Vigencia del llamado: hasta el <b>martes 21 de marzo de 2023, 18.00 hs.<\/b><\/p>\n<p>Trelew, 17 de marzo de 2023.<\/p>\n<\/div>\n<div>&nbsp;<\/div>\n<div style=\"border-radius: 5px; padding: 40px; color: #000000; background: linear-gradient(50deg, #EDDBB6, #EDDBB6); font-family: Arial, Verdana, sans-serif; font-size: 1em; margin-left: auto; margin-right: auto; border: 5px solid #de0100; text-align: left;\">El Equipo Directivo del ISFD 808 \u201cPedro y Mar\u00eda Curie\u201d realiza el Primer Llamado Abierto, para cubrir la siguiente unidad curricular en car\u00e1cter de SUPLENTE seg\u00fan detalle:<p><\/p>\n<p><b>Profesorado de Educaci\u00f3n Primaria (Plan Res. 310\/14)<br>Sede Centro \u2013 TRELEW<\/b><\/p>\n<ul>\n<li><b>Unidad de Definici\u00f3n Institucional \u201cSEMINARIO DE EDUCACI\u00d3N RURAL\u201d<\/b> \u2013 1\u00b0 cuatrimestre 4\u00ba a\u00f1o \u2013 3 hs horas c\u00e1tedra (suplente)<\/li>\n<\/ul>\n<p><b>Perfil docente<\/b>: se sugiere a cargo de un docente con formaci\u00f3n espec\u00edfica (se considerar\u00e1n perfiles con experiencia en el dictado de la propuesta del Seminario).<\/p>\n<p><b>Requisitos<\/b><\/p>\n<ul>\n<li>Curriculum Vitae Actualizado de acuerdo con las plantillas que se encuentran en <a href=\"https:\/\/isfd808-chu.infd.edu.ar\/sitio\/llamado-docente-para-espacio-curricular\/\"><strong>https:\/\/isfd808-chu.infd.edu.ar\/sitio\/llamado-docente-para-espacio-curricular\/<\/strong><\/a> (EXCLUYENTE). Los docentes que no cuenten con documentaci\u00f3n respaldatoria en el legajo, deber\u00e1n adjuntarla en el mail.<\/li>\n<li>Los postulantes deber\u00e1n presentar DDJJ, demostrando que est\u00e1n compatibles al momento del ALTA, de corresponder.<\/li>\n<li>Enviar toda la documentaci\u00f3n, indicando claramente unidad curricular y curso para el que se postula, por mail a <a href=\"mailto:proyectosisfd808@gmail.com\" target=\"_blank\" rel=\"noopener\"><strong>proyectosisfd808@gmail.com<\/strong><\/a><\/li>\n<\/ul>\n<p>Vigencia del llamado: hasta el <b>jueves 9 de marzo de 2023, 18.30 h.<\/b><\/p>\n<p>Trelew (Ch.), 6 de marzo de 2023.<\/p>\n<\/div>\n<div>&nbsp;<\/div>\n<div style=\"border-radius: 5px; padding: 40px; color: #000000; background: linear-gradient(50deg, #EDDBB6, #EDDBB6); font-family: Arial, Verdana, sans-serif; font-size: 1em; margin-left: auto; margin-right: auto; border: 5px solid #de0100; text-align: left;\">El Equipo Directivo del ISFD 808 realiza el Primer Llamado para la cobertura de la unidad curricular en car\u00e1cter suplente, seg\u00fan detalle:<p><\/p>\n<p><b>3er A\u00d1O \u2013 SEDE CENTRO \u2013 PROF. DE EDUCACI\u00d3N PRIMARIA \u2013 Resoluci\u00f3n 310\/14<\/b><\/p>\n<ul>\n<li>PROBLEM\u00c1TICAS DE LA EDUCACI\u00d3N PRIMARIA<\/li>\n<\/ul>\n<p>\u2013 Asignatura \u2013 Cuatrimestral \u2013 1er Cuatrimestre &#8211; Suplente<br><b>Distribuci\u00f3n de la carga horaria<\/b>: 4 hs. c\u00e1tedra seg\u00fan horario institucional a definir seg\u00fan publicaci\u00f3n en el campus 2023.<br><b>Perfil docente<\/b>: Docente con formaci\u00f3n en Pedagog\u00eda y\/o Did\u00e1ctica y experiencia en el nivel.<\/p>\n<p><b>Requisitos (excluyentes):<\/b><\/p>\n<ul>\n<li>Curriculum Vitae Actualizado de acuerdo con las plantillas que se encuentran en <a href=\"https:\/\/isfd808-chu.infd.edu.ar\/sitio\/llamado-docente-para-espacio-curricular\/\"><strong>https:\/\/isfd808-chu.infd.edu.ar\/sitio\/llamado-docente-para-espacio-curricular\/<\/strong><\/a>. Los docentes que no cuenten con documentaci\u00f3n respaldatoria en el legajo, deber\u00e1n adjuntarla en el mail.<\/li>\n<li>Una vez informados los resultados de orden de m\u00e9rito, y al momento del alta, se deber\u00e1 entregar la siguiente documentaci\u00f3n:\n<ul>\n<li>Disponibilidad para el cumplimiento del horario publicado.<\/li>\n<li>Declaraci\u00f3n Jurada de cargos y horas con disponibilidad horaria para el cumplimiento de los horarios publicados en el campus\/BAR.<\/li>\n<li>Certificado de habilitaci\u00f3n para desempe\u00f1ar cargos p\u00fablicos (Art. 76 del ROM \u2013 por \u00fanica vez) tramitado en: <strong><a href=\"https:\/\/www.argentina.gob.ar\/justicia\/reincidencia\/antecedentespenales\" target=\"_blank\" rel=\"noopener\">https:\/\/www.argentina.gob.ar\/justicia\/reincidencia\/antecedentespenales<\/a><\/strong><\/li>\n<li>Nota de adhesi\u00f3n adjuntando copia impresa del Proyecto y Programa de la Unidad Curricular a las que se les otorga alta, para adjuntar en el legajo.<\/li>\n<li>Documentaci\u00f3n Personal y Familiar (DNI de cada integrante, certificados de nacimiento, acta de matrimonio, de concubinato, etc.)<\/li>\n<li>Enviar toda la documentaci\u00f3n, indicando claramente unidad curricular y curso para el que se postula, por mail a <a href=\"mailto:proyectosisfd808@gmail.com\"><strong>proyectosisfd808@gmail.com<\/strong><\/a><\/li>\n<\/ul>\n<\/li>\n<\/ul>\n<p>Vigencia del llamado: hasta el <b>mi\u00e9rcoles 8 de marzo de 2023, 18.30 hs.<\/b><\/p>\n<p>Trelew (Ch.), 01 de marzo de 2023.<\/p>\n<\/div>\n<div>&nbsp;<\/div>\n<div style=\"border-radius: 5px; padding: 40px; color: #000000; background: linear-gradient(50deg, #EDDBB6, #EDDBB6); font-family: Arial, Verdana, sans-serif; font-size: 1em; margin-left: auto; margin-right: auto; border: 5px solid #de0100; text-align: left;\">El Equipo Directivo del ISFD 808 realiza el Primer Llamado para la cobertura de las unidades curriculares en car\u00e1cter suplente, seg\u00fan detalle:<p><\/p>\n<div>&nbsp;<\/div>\n<p><b>1er A\u00d1O &#8211; EA Gaiman &#8211; PROF. DE EDUCACI\u00d3N PRIMARIA &#8211; Resoluci\u00f3n 328\/22<\/b><\/p>\n<ul>\n<li><b>PSICOLOG\u00cdA EDUCACIONAL (248) <\/b>&#8211; Asignatura &#8211; suplente<\/li>\n<\/ul>\n<p><b>Distribuci\u00f3n de la carga horaria:<\/b> 3 hs. c\u00e1tedra seg\u00fan horario institucional a definir seg\u00fan publicaci\u00f3n en el campus 2023.<br><b>Perfil docente:<\/b> Formaci\u00f3n espec\u00edfica en Psicolog\u00eda Educacional, Psicopedagog\u00eda y\/o en Ciencias de la Educaci\u00f3n, con orientaci\u00f3n y experiencia en el \u00e1rea de la psicolog\u00eda<\/p>\n<div>&nbsp;<\/div>\n<p><b>3er A\u00d1O &#8211; Anexo 730 &#8211; PROF. DE EDUCACI\u00d3N SECUNDARIA EN F\u00cdSICA &#8211; Resoluci\u00f3n 545\/19<\/b><\/p>\n<ul>\n<li><b>LABORATORIO DE ELECTROMAGNETISMO Y ONDAS (7401)<\/b> &#8211; Laboratorio anual &#8211; suplente<\/li>\n<\/ul>\n<p><b>Distribuci\u00f3n de la carga horaria:<\/b> 4h c\u00e1tedra frente a estudiantes, 5h c\u00e1tedra designaci\u00f3n docente<br>Disponibilidad: lunes 17.50 a 18.30 (Proyecto de Gesti\u00f3n Curricular) y horario institucional a definir seg\u00fan publicaci\u00f3n en el campus 2023.<br><b>Perfil docente:<\/b> Profesor\/a de F\u00edsica o Profesional de Ciencias F\u00edsicas o afines con experiencia en la ense\u00f1anza de Laboratorios de F\u00edsica.<\/p>\n<div>&nbsp;<\/div>\n<p><b>4to A\u00d1O &#8211; EA Gaiman &#8211; PROF. DE EDUCACI\u00d3N PRIMARIA &#8211; Resoluci\u00f3n 310\/14<\/b><\/p>\n<ul>\n<li><b>LITERATURA (33)<\/b> &#8211; Asignatura &#8211; 1er Cuatrimestre &#8211; suplente<\/li>\n<\/ul>\n<p><b>Distribuci\u00f3n de la carga horaria:<\/b> 5 hs. c\u00e1tedra seg\u00fan horario institucional a definir seg\u00fan publicaci\u00f3n en el campus 2023.<br><b>Perfil docente:<\/b> Profesor\/a o Licenciado\/a en Lengua y Literatura; Letras; Castellano, o Literatura y Lat\u00edn con formaci\u00f3n y\/o experiencia en Educaci\u00f3n Primaria.<\/p>\n<div>&nbsp;<\/div>\n<p><b>Requisitos (excluyentes):<\/b><\/p>\n<ul>\n<li>Curriculum Vitae Actualizado de acuerdo con las plantillas que se encuentran en <a href=\"https:\/\/isfd808-chu.infd.edu.ar\/sitio\/llamado-docente-para-espacio-curricular\/\"><strong>https:\/\/isfd808-chu.infd.edu.ar\/sitio\/llamado-docente-para-espacio-curricular\/<\/strong><\/a>. Los docentes que no cuenten con documentaci\u00f3n respaldatoria en el legajo, deber\u00e1n adjuntarla en el mail.<\/li>\n<li>Una vez informados los resultados de orden de m\u00e9rito, y al momento del alta, se deber\u00e1 entregar la siguiente documentaci\u00f3n:\n<ul>\n<li>Disponibilidad para el cumplimiento del horario publicado.<\/li>\n<li>Declaraci\u00f3n Jurada de cargos y horas con disponibilidad horaria para el cumplimiento de los horarios publicados en el campus\/BAR.<\/li>\n<li>Certificado de habilitaci\u00f3n para desempe\u00f1ar cargos p\u00fablicos (Art. 76 del ROM \u2013 por \u00fanica vez) tramitado en: <strong><a href=\"https:\/\/www.argentina.gob.ar\/justicia\/reincidencia\/antecedentespenales\" target=\"_blank\" rel=\"noopener\">https:\/\/www.argentina.gob.ar\/justicia\/reincidencia\/antecedentespenales<\/a><\/strong><\/li>\n<li>Nota de adhesi\u00f3n adjuntando copia impresa del Proyecto y Programa de la Unidad Curricular a las que se les otorga alta, para adjuntar en el legajo.<\/li>\n<li>Documentaci\u00f3n Personal y Familiar (DNI de cada integrante, certificados de nacimiento, acta de matrimonio, de concubinato, etc.)<\/li>\n<\/ul>\n<\/li>\n<\/ul>\n<p>Vigencia del llamado: hasta el <b>viernes 3 de marzo de 2023, 18.30 hs.<\/b><\/p>\n<p>Trelew (Ch.), 27 de febrero de 2023.<\/p>\n<\/div>\n<\/div>\n<\/div>\n\n\n<pre class=\"wp-block-code\"><code><\/code><\/pre>\n\n\n\n<pre class=\"wp-block-code\"><code><\/code><\/pre>\n","protected":false},"excerpt":{"rendered":"<p>Plantilla para CURRICULUM VITAE Plantilla para PROGRAMA PARA ESPACIO CURRICULAR Plantilla para PROYECTO PARA ESPACIO CURRICULAR Plantilla para PROYECTO DE GESTI\u00d3N ROM Reglamento Org\u00e1nico Marco para la Educaci\u00f3n Superior Para descargar las Plantillas, lo puede realizar desde Archivo \/ Descargar \/ Microsoft Word (.docx) o el Procesador de Texto que deseen. Consultas: proyectosisfd808@gmail.com El Equipo &#8230; <a title=\"Llamado Docente a\u00f1o 2023\" class=\"read-more\" href=\"https:\/\/isfd808-chu.infd.edu.ar\/sitio\/llamado-docente-para-espacio-curricular\/llamado-docente-ano-2023\/\" aria-label=\"More on Llamado Docente a\u00f1o 2023\">[+]<\/a><\/p>\n","protected":false},"author":352,"featured_media":0,"parent":4923,"menu_order":1,"comment_status":"closed","ping_status":"closed","template":"","meta":[],"acf":[],"_links":{"self":[{"href":"https:\/\/isfd808-chu.infd.edu.ar\/sitio\/wp-json\/wp\/v2\/pages\/5943"}],"collection":[{"href":"https:\/\/isfd808-chu.infd.edu.ar\/sitio\/wp-json\/wp\/v2\/pages"}],"about":[{"href":"https:\/\/isfd808-chu.infd.edu.ar\/sitio\/wp-json\/wp\/v2\/types\/page"}],"author":[{"embeddable":true,"href":"https:\/\/isfd808-chu.infd.edu.ar\/sitio\/wp-json\/wp\/v2\/users\/352"}],"replies":[{"embeddable":true,"href":"https:\/\/isfd808-chu.infd.edu.ar\/sitio\/wp-json\/wp\/v2\/comments?post=5943"}],"version-history":[{"count":2,"href":"https:\/\/isfd808-chu.infd.edu.ar\/sitio\/wp-json\/wp\/v2\/pages\/5943\/revisions"}],"predecessor-version":[{"id":5946,"href":"https:\/\/isfd808-chu.infd.edu.ar\/sitio\/wp-json\/wp\/v2\/pages\/5943\/revisions\/5946"}],"up":[{"embeddable":true,"href":"https:\/\/isfd808-chu.infd.edu.ar\/sitio\/wp-json\/wp\/v2\/pages\/4923"}],"wp:attachment":[{"href":"https:\/\/isfd808-chu.infd.edu.ar\/sitio\/wp-json\/wp\/v2\/media?parent=5943"}],"curies":[{"name":"wp","href":"https:\/\/api.w.org\/{rel}","templated":true}]}}